{"id":25080,"date":"2026-02-03T12:02:22","date_gmt":"2026-02-03T11:02:22","guid":{"rendered":"https:\/\/capesterelascape.fr\/?post_type=touring_information&#038;p=25080"},"modified":"2026-02-03T12:02:23","modified_gmt":"2026-02-03T11:02:23","slug":"le-carnaval-de-nice-2026","status":"publish","type":"touring_information","link":"https:\/\/capesterelascape.fr\/de\/culture-et-loisirs\/le-carnaval-de-nice-2026\/","title":{"rendered":"Le Carnaval de Nice 2026"},"content":{"rendered":"\n<h2 class=\"wp-block-heading\">&#8211; <strong>Le th\u00e8me du Carnaval de Nice 2026\u00a0: Vive la Reine\u00a0!<\/strong><\/h2>\n\n\n\n<p>Pour se renouveler sans cesse, le Carnaval de Nice a choisi de mettre en avant un th\u00e8me sp\u00e9cifique \u00e0 chacune de ses \u00e9ditions. En 2025, les corsos et d\u00e9fil\u00e9s du Carnaval se mettaient \u00e0 l&#8217;heure aquatique avec la th\u00e9matique&nbsp;&#8222;Roi des Mers et des Oc\u00e9ans&#8220;.<\/p>\n\n\n\n<p>Pour 2026, le Carnaval de Nice annonce une r\u00e9volution historique&nbsp;! Christian Estrosi, Maire de Nice, Pr\u00e9sident de la M\u00e9tropole Nice C\u00f4te d&#8217;Azur, Pr\u00e9sident d\u00e9l\u00e9gu\u00e9 de la R\u00e9gion Provence-Alpes-C\u00f4te d&#8217;Azur, a d\u00e9voil\u00e9 cette orientation audacieuse&nbsp;:&nbsp;<em>&#8222;Apr\u00e8s des d\u00e9cennies de r\u00e8gne masculin, l&#8217;heure est venue de c\u00e9l\u00e9brer la f\u00e9minit\u00e9 avec un th\u00e8me ambitieux et symbolique. Du 11 f\u00e9vrier au 1\u1d49\u02b3 mars 2026, Nice vibrera au rythme d&#8217;une v\u00e9ritable m\u00e9tamorphose carnavalesque qui rendra hommage aux grandes h\u00e9ro\u00efnes de l&#8217;histoire et de la fiction, \u00e0 toutes ces figures f\u00e9minines qui ont fa\u00e7onn\u00e9 notre monde. Dans les rues de Nice, une seule proclamation r\u00e9sonnera&nbsp;: Le roi est mort. Vive la Reine&nbsp;!&#8220;<\/em><\/p>\n\n\n\n<figure class=\"wp-block-image size-large has-custom-border\"><img decoding=\"async\" width=\"1024\" height=\"407\" src=\"https:\/\/capesterelascape.fr\/wp-content\/uploads\/2026\/02\/nice-2-1024x407.png\" data-orig-src=\"https:\/\/capesterelascape.fr\/wp-content\/uploads\/2026\/02\/nice-2-1024x407.png\" alt=\"\" class=\"lazyload wp-image-25086\" style=\"border-width:3px\" srcset=\"data:image\/svg+xml,%3Csvg%20xmlns%3D%27http%3A%2F%2Fwww.w3.org%2F2000%2Fsvg%27%20width%3D%271024%27%20height%3D%27407%27%20viewBox%3D%270%200%201024%20407%27%3E%3Crect%20width%3D%271024%27%20height%3D%27407%27%20fill-opacity%3D%220%22%2F%3E%3C%2Fsvg%3E\" data-srcset=\"https:\/\/capesterelascape.fr\/wp-content\/uploads\/2026\/02\/nice-2-50x20.png 50w, https:\/\/capesterelascape.fr\/wp-content\/uploads\/2026\/02\/nice-2-200x79.png 200w, https:\/\/capesterelascape.fr\/wp-content\/uploads\/2026\/02\/nice-2-300x119.png 300w, https:\/\/capesterelascape.fr\/wp-content\/uploads\/2026\/02\/nice-2-400x159.png 400w, https:\/\/capesterelascape.fr\/wp-content\/uploads\/2026\/02\/nice-2-600x238.png 600w, https:\/\/capesterelascape.fr\/wp-content\/uploads\/2026\/02\/nice-2-768x305.png 768w, https:\/\/capesterelascape.fr\/wp-content\/uploads\/2026\/02\/nice-2-800x318.png 800w, https:\/\/capesterelascape.fr\/wp-content\/uploads\/2026\/02\/nice-2-1024x407.png 1024w, https:\/\/capesterelascape.fr\/wp-content\/uploads\/2026\/02\/nice-2-1200x477.png 1200w, https:\/\/capesterelascape.fr\/wp-content\/uploads\/2026\/02\/nice-2-1536x610.png 1536w, https:\/\/capesterelascape.fr\/wp-content\/uploads\/2026\/02\/nice-2-1600x635.png 1600w, https:\/\/capesterelascape.fr\/wp-content\/uploads\/2026\/02\/nice-2.png 1702w\" data-sizes=\"auto\" data-orig-sizes=\"(max-width: 1024px) 100vw, 1024px\" \/><\/figure>\n\n\n\n<h2 class=\"wp-block-heading\"><strong>Le PROGRAMME du 11 f\u00e9vrier au 1er mars 2026<\/strong><\/h2>\n\n\n\n<p>D\u00e9couvrez sans plus attendre le&nbsp;<strong>programme officiel 2026 du carnaval de Nice<\/strong>&nbsp;\u2013 sous r\u00e9serve de modifications. \ud83e\udd73<\/p>\n\n\n\n<p><strong>Ouverture du Carnaval de Nice&nbsp;<\/strong><\/p>\n\n\n\n<p>Une ouverture festive avec d\u00e9ambulations, concerts et premiers d\u00e9fil\u00e9s&nbsp;!<br>Le Carnaval de Nice 2026 d\u00e9butera en beaut\u00e9&nbsp;<strong>le mercredi 11 f\u00e9vrier<\/strong>&nbsp;avec Le Grand Charivari, une journ\u00e9e festive qui promet d\u2019enflammer la ville.&nbsp;<a href=\"https:\/\/www.jds.fr\/nice\/\">Les rues de Nice<\/a>&nbsp;seront anim\u00e9es par des d\u00e9fil\u00e9s, des animations et des happenings gratuits pour tous.<\/p>\n\n\n\n<ul class=\"wp-block-list\">\n<li><strong>Le grand Charivari<\/strong>&nbsp;\u2013&nbsp;<em>Gratuit<\/em><br>\ud83d\udcc5 Mercredi 11 f\u00e9vrier 2026 \u00e0 16h00<br>\ud83d\udccd Maison de Carnaval<\/li>\n\n\n\n<li><strong>Bal Veglione<\/strong><br>\ud83d\udcc5 Vendredi 13 f\u00e9vrier 2026 \u00e0 19h00<br>\ud83d\udccd Op\u00e9ra de Nice<\/li>\n\n\n\n<li><strong>La Carnavalina<\/strong>&nbsp;\u2013&nbsp;<em>Gratuit<\/em><br>\ud83d\udcc5 Samedi 14 f\u00e9vrier 2026 \u00e0 13h00<\/li>\n\n\n\n<li><strong>Corso illumin\u00e9 d\u2019ouverture<\/strong><br>\ud83d\udcc5 Samedi 14 f\u00e9vrier 2026 \u00e0 21h00<br>\ud83d\udccd Place Mass\u00e9na<\/li>\n<\/ul>\n\n\n\n<figure class=\"wp-block-image size-large\"><img decoding=\"async\" width=\"1024\" height=\"683\" src=\"https:\/\/capesterelascape.fr\/wp-content\/uploads\/2026\/02\/carnaval-de-nice-12-276519-1200-0-F-1024x683.jpg\" data-orig-src=\"https:\/\/capesterelascape.fr\/wp-content\/uploads\/2026\/02\/carnaval-de-nice-12-276519-1200-0-F-1024x683.jpg\" alt=\"\" class=\"lazyload wp-image-25090\" srcset=\"data:image\/svg+xml,%3Csvg%20xmlns%3D%27http%3A%2F%2Fwww.w3.org%2F2000%2Fsvg%27%20width%3D%271024%27%20height%3D%27683%27%20viewBox%3D%270%200%201024%20683%27%3E%3Crect%20width%3D%271024%27%20height%3D%27683%27%20fill-opacity%3D%220%22%2F%3E%3C%2Fsvg%3E\" data-srcset=\"https:\/\/capesterelascape.fr\/wp-content\/uploads\/2026\/02\/carnaval-de-nice-12-276519-1200-0-F-50x33.jpg 50w, https:\/\/capesterelascape.fr\/wp-content\/uploads\/2026\/02\/carnaval-de-nice-12-276519-1200-0-F-200x133.jpg 200w, https:\/\/capesterelascape.fr\/wp-content\/uploads\/2026\/02\/carnaval-de-nice-12-276519-1200-0-F-300x200.jpg 300w, https:\/\/capesterelascape.fr\/wp-content\/uploads\/2026\/02\/carnaval-de-nice-12-276519-1200-0-F-400x267.jpg 400w, https:\/\/capesterelascape.fr\/wp-content\/uploads\/2026\/02\/carnaval-de-nice-12-276519-1200-0-F-600x400.jpg 600w, https:\/\/capesterelascape.fr\/wp-content\/uploads\/2026\/02\/carnaval-de-nice-12-276519-1200-0-F-768x512.jpg 768w, https:\/\/capesterelascape.fr\/wp-content\/uploads\/2026\/02\/carnaval-de-nice-12-276519-1200-0-F-800x533.jpg 800w, https:\/\/capesterelascape.fr\/wp-content\/uploads\/2026\/02\/carnaval-de-nice-12-276519-1200-0-F-1024x683.jpg 1024w, https:\/\/capesterelascape.fr\/wp-content\/uploads\/2026\/02\/carnaval-de-nice-12-276519-1200-0-F.jpg 1200w\" data-sizes=\"auto\" data-orig-sizes=\"(max-width: 1024px) 100vw, 1024px\" \/><\/figure>\n\n\n\n<p><strong>Corso Carnavalesque illumin\u00e9<\/strong><\/p>\n\n\n\n<p>Les corsos carnavalesques, c&#8217;est la f\u00eate en grand&nbsp;! Imaginez des chars magnifiquement d\u00e9cor\u00e9s qui paradent joyeusement, accompagn\u00e9s par des artistes de rue et des musiciens venus de tous horizons, le tout dans une ambiance aussi color\u00e9e que festive. Et le soir, c&#8217;est encore mieux&nbsp;: les chars s&#8217;illuminent de mille feux, transformant le d\u00e9fil\u00e9 en un v\u00e9ritable show de sons et de lumi\u00e8res, parfait pour s&#8217;en mettre plein les yeux et s&#8217;amuser&nbsp;!<\/p>\n\n\n\n<ul class=\"wp-block-list\">\n<li><strong>\ud83e\udd73<\/strong><strong> Corso carnavalesque illumin\u00e9<\/strong>&nbsp;&#8211; Place Mass\u00e9na<br>Mardi 17 f\u00e9vrier 2026 \u00e0 20h30<br>Samedi 21 f\u00e9vrier 2026 \u00e0 20h30<br>Mardi 24 f\u00e9vrier 2026 \u00e0 20h30<\/li>\n\n\n\n<li><strong>\ud83c\udf89<\/strong><strong> Corso carnavalesque illumin\u00e9 de cl\u00f4ture<\/strong>&nbsp;&#8211; Place Mass\u00e9na<br>Samedi 28 f\u00e9vrier 2026 \u00e0 20h30<\/li>\n<\/ul>\n\n\n\n<p><strong>Corso Carnavalesque de jour<\/strong><\/p>\n\n\n\n<p>Pour un moment en famille, rien de tel que le Corso Carnavalesque de jour&nbsp;! C&#8217;est l&#8217;occasion parfaite pour les petits et les grands de profiter du d\u00e9fil\u00e9 des chars color\u00e9s et des grosses t\u00eates, le tout dans une ambiance f\u00e9erique.<\/p>\n\n\n\n<ul class=\"wp-block-list\">\n<li><strong>\ud83c\udf38<\/strong><strong> Corso Carnavalesque d\u2019Aqui<\/strong>&nbsp;&#8211; Place Mass\u00e9na<br>Dimanche 22 f\u00e9vrier 2026 \u00e0 14h30<\/li>\n<\/ul>\n\n\n\n<p><strong>Les batailles de fleurs du Carnaval de Nice&nbsp;<\/strong><\/p>\n\n\n\n<p>Les&nbsp;<strong>Batailles de Fleurs<\/strong>&nbsp;sont l&#8217;un des moments phares du Carnaval de Nice. Des chars magnifiquement fleuris avancent au milieu d&#8217;une ambiance joyeuse, tandis que des personnages costum\u00e9s ajoutent une touche de magie. Des com\u00e9diennes en tenues \u00e9l\u00e9gantes lancent des fleurs au public, pour une pluie de p\u00e9tales color\u00e9s et parfum\u00e9s. Un spectacle enchanteur qui \u00e9merveille tous les \u00e2ges, dans un tourbillon de couleurs et de senteurs&nbsp;!<\/p>\n\n\n\n<p>Rendez-vous sur la place Mass\u00e9na les&nbsp;:&nbsp;<\/p>\n\n\n\n<ul class=\"wp-block-list\">\n<li><strong>Mercredi 18 f\u00e9vrier 2026<\/strong>&nbsp;\u00e0 14h30<\/li>\n\n\n\n<li><strong>Samedi 21 f\u00e9vrier 2026<\/strong>&nbsp;\u00e0 14h30<\/li>\n\n\n\n<li><strong>Mercredi 25 f\u00e9vrier 2026<\/strong>&nbsp;\u00e0 14h30<\/li>\n\n\n\n<li><strong>Samedi 28 f\u00e9vrier 2026<\/strong>&nbsp;\u00e0 14h30<\/li>\n<\/ul>\n\n\n\n<figure class=\"wp-block-image size-large\"><img decoding=\"async\" width=\"1024\" height=\"683\" src=\"https:\/\/capesterelascape.fr\/wp-content\/uploads\/2026\/02\/carnaval-de-nice-5-465479-1200-0-F-1024x683.jpg\" data-orig-src=\"https:\/\/capesterelascape.fr\/wp-content\/uploads\/2026\/02\/carnaval-de-nice-5-465479-1200-0-F-1024x683.jpg\" alt=\"\" class=\"lazyload wp-image-25094\" srcset=\"data:image\/svg+xml,%3Csvg%20xmlns%3D%27http%3A%2F%2Fwww.w3.org%2F2000%2Fsvg%27%20width%3D%271024%27%20height%3D%27683%27%20viewBox%3D%270%200%201024%20683%27%3E%3Crect%20width%3D%271024%27%20height%3D%27683%27%20fill-opacity%3D%220%22%2F%3E%3C%2Fsvg%3E\" data-srcset=\"https:\/\/capesterelascape.fr\/wp-content\/uploads\/2026\/02\/carnaval-de-nice-5-465479-1200-0-F-50x33.jpg 50w, https:\/\/capesterelascape.fr\/wp-content\/uploads\/2026\/02\/carnaval-de-nice-5-465479-1200-0-F-200x133.jpg 200w, https:\/\/capesterelascape.fr\/wp-content\/uploads\/2026\/02\/carnaval-de-nice-5-465479-1200-0-F-300x200.jpg 300w, https:\/\/capesterelascape.fr\/wp-content\/uploads\/2026\/02\/carnaval-de-nice-5-465479-1200-0-F-400x267.jpg 400w, https:\/\/capesterelascape.fr\/wp-content\/uploads\/2026\/02\/carnaval-de-nice-5-465479-1200-0-F-600x400.jpg 600w, https:\/\/capesterelascape.fr\/wp-content\/uploads\/2026\/02\/carnaval-de-nice-5-465479-1200-0-F-768x512.jpg 768w, https:\/\/capesterelascape.fr\/wp-content\/uploads\/2026\/02\/carnaval-de-nice-5-465479-1200-0-F-800x533.jpg 800w, https:\/\/capesterelascape.fr\/wp-content\/uploads\/2026\/02\/carnaval-de-nice-5-465479-1200-0-F-1024x683.jpg 1024w, https:\/\/capesterelascape.fr\/wp-content\/uploads\/2026\/02\/carnaval-de-nice-5-465479-1200-0-F.jpg 1200w\" data-sizes=\"auto\" data-orig-sizes=\"(max-width: 1024px) 100vw, 1024px\" \/><\/figure>\n\n\n\n<p><strong>Lou Queernaval&nbsp;: le carnaval gay de Nice<\/strong><\/p>\n\n\n\n<p>Premier carnaval gay &#8211; LGBTQIA+&nbsp;de France, ancr\u00e9 dans la tradition ni\u00e7oise. Populaire ouvert \u00e0 tous.&nbsp;<\/p>\n\n\n\n<p><strong>Lou Queernaval<\/strong>&nbsp;\u2013&nbsp;<em>Gratuit, r\u00e9servation obligatoire<\/em><br>\ud83d\udcc5 Vendredi 27 f\u00e9vrier 2026 \u00e0 20h00<br>\ud83d\udccd Enceinte des festivit\u00e9s<\/p>\n\n\n\n<p><strong>Festivit\u00e9s de cl\u00f4ture du carnaval de Nice 2026<\/strong><\/p>\n\n\n\n<p>Pour clore en beaut\u00e9 les festivit\u00e9s, la grande parade finale illumine une derni\u00e8re fois la ville avec chars, costumes \u00e9blouissants et musiques entra\u00eenantes.<\/p>\n\n\n\n<p>\ud83d\udcc5 Samedi 28 f\u00e9vrier 2026 \u00e0 20h30<br>\ud83d\udccd Place Mass\u00e9na<br>\ud83c\udfab Gratuit pour certains \u00e9v\u00e9nements \/ r\u00e9servation conseill\u00e9e selon les animations<\/p>\n\n\n\n<figure class=\"wp-block-image size-large\"><img decoding=\"async\" width=\"1024\" height=\"684\" src=\"https:\/\/capesterelascape.fr\/wp-content\/uploads\/2026\/02\/carnaval-de-nice-1-465477-1200-0-F-1024x684.jpg\" data-orig-src=\"https:\/\/capesterelascape.fr\/wp-content\/uploads\/2026\/02\/carnaval-de-nice-1-465477-1200-0-F-1024x684.jpg\" alt=\"\" class=\"lazyload wp-image-25098\" srcset=\"data:image\/svg+xml,%3Csvg%20xmlns%3D%27http%3A%2F%2Fwww.w3.org%2F2000%2Fsvg%27%20width%3D%271024%27%20height%3D%27684%27%20viewBox%3D%270%200%201024%20684%27%3E%3Crect%20width%3D%271024%27%20height%3D%27684%27%20fill-opacity%3D%220%22%2F%3E%3C%2Fsvg%3E\" data-srcset=\"https:\/\/capesterelascape.fr\/wp-content\/uploads\/2026\/02\/carnaval-de-nice-1-465477-1200-0-F-50x33.jpg 50w, https:\/\/capesterelascape.fr\/wp-content\/uploads\/2026\/02\/carnaval-de-nice-1-465477-1200-0-F-200x134.jpg 200w, https:\/\/capesterelascape.fr\/wp-content\/uploads\/2026\/02\/carnaval-de-nice-1-465477-1200-0-F-300x200.jpg 300w, https:\/\/capesterelascape.fr\/wp-content\/uploads\/2026\/02\/carnaval-de-nice-1-465477-1200-0-F-400x267.jpg 400w, https:\/\/capesterelascape.fr\/wp-content\/uploads\/2026\/02\/carnaval-de-nice-1-465477-1200-0-F-600x401.jpg 600w, https:\/\/capesterelascape.fr\/wp-content\/uploads\/2026\/02\/carnaval-de-nice-1-465477-1200-0-F-768x513.jpg 768w, https:\/\/capesterelascape.fr\/wp-content\/uploads\/2026\/02\/carnaval-de-nice-1-465477-1200-0-F-800x534.jpg 800w, https:\/\/capesterelascape.fr\/wp-content\/uploads\/2026\/02\/carnaval-de-nice-1-465477-1200-0-F-1024x684.jpg 1024w, https:\/\/capesterelascape.fr\/wp-content\/uploads\/2026\/02\/carnaval-de-nice-1-465477-1200-0-F.jpg 1200w\" data-sizes=\"auto\" data-orig-sizes=\"(max-width: 1024px) 100vw, 1024px\" \/><\/figure>\n\n\n\n<figure class=\"wp-block-image size-full\"><img decoding=\"async\" width=\"989\" height=\"841\" src=\"https:\/\/capesterelascape.fr\/wp-content\/uploads\/2026\/02\/zones.png\" data-orig-src=\"https:\/\/capesterelascape.fr\/wp-content\/uploads\/2026\/02\/zones.png\" alt=\"\" class=\"lazyload wp-image-25102\" srcset=\"data:image\/svg+xml,%3Csvg%20xmlns%3D%27http%3A%2F%2Fwww.w3.org%2F2000%2Fsvg%27%20width%3D%27989%27%20height%3D%27841%27%20viewBox%3D%270%200%20989%20841%27%3E%3Crect%20width%3D%27989%27%20height%3D%27841%27%20fill-opacity%3D%220%22%2F%3E%3C%2Fsvg%3E\" data-srcset=\"https:\/\/capesterelascape.fr\/wp-content\/uploads\/2026\/02\/zones-50x43.png 50w, https:\/\/capesterelascape.fr\/wp-content\/uploads\/2026\/02\/zones-200x170.png 200w, https:\/\/capesterelascape.fr\/wp-content\/uploads\/2026\/02\/zones-300x255.png 300w, https:\/\/capesterelascape.fr\/wp-content\/uploads\/2026\/02\/zones-400x340.png 400w, https:\/\/capesterelascape.fr\/wp-content\/uploads\/2026\/02\/zones-600x510.png 600w, https:\/\/capesterelascape.fr\/wp-content\/uploads\/2026\/02\/zones-768x653.png 768w, https:\/\/capesterelascape.fr\/wp-content\/uploads\/2026\/02\/zones-800x680.png 800w, https:\/\/capesterelascape.fr\/wp-content\/uploads\/2026\/02\/zones.png 989w\" data-sizes=\"auto\" data-orig-sizes=\"(max-width: 989px) 100vw, 989px\" \/><\/figure>\n\n\n\n<h2 class=\"wp-block-heading\"><em>Attention, toute entr\u00e9e gratuite n\u00e9cessite quand m\u00eame un billet.<\/em><\/h2>\n\n\n\n<p><strong>Les enfants de tout \u00e2ge doivent imp\u00e9rativement \u00eatre munis d\u2019un billet, que ce soit en zone pi\u00e9tonne ou en tribune. Pensez \u00e0 les ajouter au panier lors de votre commande.<\/strong><\/p>\n","protected":false},"featured_media":25082,"comment_status":"closed","ping_status":"closed","template":"","touring_information_type":[35],"class_list":["post-25080","touring_information","type-touring_information","status-publish","has-post-thumbnail","hentry","touring_information_type-cap-esterel-et-ses-alentours"],"acf":[],"yoast_head":"<!-- This site is optimized with the Yoast SEO plugin v27.2 - https:\/\/yoast.com\/product\/yoast-seo-wordpress\/ -->\n<title>Le Carnaval de Nice 2026 - CAP ESTEREL ASCAPE<\/title>\n<meta name=\"robots\" content=\"index, follow, max-snippet:-1, max-image-preview:large, max-video-preview:-1\" \/>\n<link rel=\"canonical\" href=\"https:\/\/capesterelascape.fr\/de\/culture-et-loisirs\/le-carnaval-de-nice-2026\/\" \/>\n<meta property=\"og:locale\" content=\"de_DE\" \/>\n<meta property=\"og:type\" content=\"article\" \/>\n<meta property=\"og:title\" content=\"Le Carnaval de Nice 2026 - CAP ESTEREL ASCAPE\" \/>\n<meta property=\"og:description\" content=\"&#8211; Le th\u00e8me du Carnaval de Nice 2026\u00a0: Vive la [...]\" \/>\n<meta property=\"og:url\" content=\"https:\/\/capesterelascape.fr\/de\/culture-et-loisirs\/le-carnaval-de-nice-2026\/\" \/>\n<meta property=\"og:site_name\" content=\"CAP ESTEREL ASCAPE\" \/>\n<meta property=\"article:publisher\" content=\"https:\/\/www.facebook.com\/capesterel.ascape.7\" \/>\n<meta property=\"article:modified_time\" content=\"2026-02-03T11:02:23+00:00\" \/>\n<meta property=\"og:image\" content=\"https:\/\/capesterelascape.fr\/wp-content\/uploads\/2026\/02\/nice-cv3.png\" \/>\n\t<meta property=\"og:image:width\" content=\"550\" \/>\n\t<meta property=\"og:image:height\" content=\"330\" \/>\n\t<meta property=\"og:image:type\" content=\"image\/png\" \/>\n<meta name=\"twitter:card\" content=\"summary_large_image\" \/>\n<meta name=\"twitter:label1\" content=\"Gesch\u00e4tzte Lesezeit\" \/>\n\t<meta name=\"twitter:data1\" content=\"5\u00a0Minuten\" \/>\n<script type=\"application\/ld+json\" class=\"yoast-schema-graph\">{\"@context\":\"https:\/\/schema.org\",\"@graph\":[{\"@type\":\"WebPage\",\"@id\":\"https:\/\/capesterelascape.fr\/de\/culture-et-loisirs\/le-carnaval-de-nice-2026\/\",\"url\":\"https:\/\/capesterelascape.fr\/de\/culture-et-loisirs\/le-carnaval-de-nice-2026\/\",\"name\":\"Le Carnaval de Nice 2026 - CAP ESTEREL ASCAPE\",\"isPartOf\":{\"@id\":\"https:\/\/capesterelascape.fr\/de\/#website\"},\"primaryImageOfPage\":{\"@id\":\"https:\/\/capesterelascape.fr\/de\/culture-et-loisirs\/le-carnaval-de-nice-2026\/#primaryimage\"},\"image\":{\"@id\":\"https:\/\/capesterelascape.fr\/de\/culture-et-loisirs\/le-carnaval-de-nice-2026\/#primaryimage\"},\"thumbnailUrl\":\"https:\/\/capesterelascape.fr\/wp-content\/uploads\/2026\/02\/nice-cv3.png\",\"datePublished\":\"2026-02-03T11:02:22+00:00\",\"dateModified\":\"2026-02-03T11:02:23+00:00\",\"breadcrumb\":{\"@id\":\"https:\/\/capesterelascape.fr\/de\/culture-et-loisirs\/le-carnaval-de-nice-2026\/#breadcrumb\"},\"inLanguage\":\"de\",\"potentialAction\":[{\"@type\":\"ReadAction\",\"target\":[\"https:\/\/capesterelascape.fr\/de\/culture-et-loisirs\/le-carnaval-de-nice-2026\/\"]}]},{\"@type\":\"ImageObject\",\"inLanguage\":\"de\",\"@id\":\"https:\/\/capesterelascape.fr\/de\/culture-et-loisirs\/le-carnaval-de-nice-2026\/#primaryimage\",\"url\":\"https:\/\/capesterelascape.fr\/wp-content\/uploads\/2026\/02\/nice-cv3.png\",\"contentUrl\":\"https:\/\/capesterelascape.fr\/wp-content\/uploads\/2026\/02\/nice-cv3.png\",\"width\":550,\"height\":330},{\"@type\":\"BreadcrumbList\",\"@id\":\"https:\/\/capesterelascape.fr\/de\/culture-et-loisirs\/le-carnaval-de-nice-2026\/#breadcrumb\",\"itemListElement\":[{\"@type\":\"ListItem\",\"position\":1,\"name\":\"Accueil\",\"item\":\"https:\/\/capesterelascape.fr\/de\/\"},{\"@type\":\"ListItem\",\"position\":2,\"name\":\"Kultur & Freizeit\",\"item\":\"https:\/\/capesterelascape.fr\/de\/culture-et-loisirs\/\"},{\"@type\":\"ListItem\",\"position\":3,\"name\":\"Le Carnaval de Nice 2026\"}]},{\"@type\":\"WebSite\",\"@id\":\"https:\/\/capesterelascape.fr\/de\/#website\",\"url\":\"https:\/\/capesterelascape.fr\/de\/\",\"name\":\"CAP ESTEREL ASCAPE\",\"description\":\"\",\"potentialAction\":[{\"@type\":\"SearchAction\",\"target\":{\"@type\":\"EntryPoint\",\"urlTemplate\":\"https:\/\/capesterelascape.fr\/de\/?s={search_term_string}\"},\"query-input\":{\"@type\":\"PropertyValueSpecification\",\"valueRequired\":true,\"valueName\":\"search_term_string\"}}],\"inLanguage\":\"de\"}]}<\/script>\n<!-- \/ Yoast SEO plugin. -->","yoast_head_json":{"title":"Le Carnaval de Nice 2026 - CAP ESTEREL ASCAPE","robots":{"index":"index","follow":"follow","max-snippet":"max-snippet:-1","max-image-preview":"max-image-preview:large","max-video-preview":"max-video-preview:-1"},"canonical":"https:\/\/capesterelascape.fr\/de\/culture-et-loisirs\/le-carnaval-de-nice-2026\/","og_locale":"de_DE","og_type":"article","og_title":"Le Carnaval de Nice 2026 - CAP ESTEREL ASCAPE","og_description":"&#8211; Le th\u00e8me du Carnaval de Nice 2026\u00a0: Vive la [...]","og_url":"https:\/\/capesterelascape.fr\/de\/culture-et-loisirs\/le-carnaval-de-nice-2026\/","og_site_name":"CAP ESTEREL ASCAPE","article_publisher":"https:\/\/www.facebook.com\/capesterel.ascape.7","article_modified_time":"2026-02-03T11:02:23+00:00","og_image":[{"width":550,"height":330,"url":"https:\/\/capesterelascape.fr\/wp-content\/uploads\/2026\/02\/nice-cv3.png","type":"image\/png"}],"twitter_card":"summary_large_image","twitter_misc":{"Gesch\u00e4tzte Lesezeit":"5\u00a0Minuten"},"schema":{"@context":"https:\/\/schema.org","@graph":[{"@type":"WebPage","@id":"https:\/\/capesterelascape.fr\/de\/culture-et-loisirs\/le-carnaval-de-nice-2026\/","url":"https:\/\/capesterelascape.fr\/de\/culture-et-loisirs\/le-carnaval-de-nice-2026\/","name":"Le Carnaval de Nice 2026 - CAP ESTEREL ASCAPE","isPartOf":{"@id":"https:\/\/capesterelascape.fr\/de\/#website"},"primaryImageOfPage":{"@id":"https:\/\/capesterelascape.fr\/de\/culture-et-loisirs\/le-carnaval-de-nice-2026\/#primaryimage"},"image":{"@id":"https:\/\/capesterelascape.fr\/de\/culture-et-loisirs\/le-carnaval-de-nice-2026\/#primaryimage"},"thumbnailUrl":"https:\/\/capesterelascape.fr\/wp-content\/uploads\/2026\/02\/nice-cv3.png","datePublished":"2026-02-03T11:02:22+00:00","dateModified":"2026-02-03T11:02:23+00:00","breadcrumb":{"@id":"https:\/\/capesterelascape.fr\/de\/culture-et-loisirs\/le-carnaval-de-nice-2026\/#breadcrumb"},"inLanguage":"de","potentialAction":[{"@type":"ReadAction","target":["https:\/\/capesterelascape.fr\/de\/culture-et-loisirs\/le-carnaval-de-nice-2026\/"]}]},{"@type":"ImageObject","inLanguage":"de","@id":"https:\/\/capesterelascape.fr\/de\/culture-et-loisirs\/le-carnaval-de-nice-2026\/#primaryimage","url":"https:\/\/capesterelascape.fr\/wp-content\/uploads\/2026\/02\/nice-cv3.png","contentUrl":"https:\/\/capesterelascape.fr\/wp-content\/uploads\/2026\/02\/nice-cv3.png","width":550,"height":330},{"@type":"BreadcrumbList","@id":"https:\/\/capesterelascape.fr\/de\/culture-et-loisirs\/le-carnaval-de-nice-2026\/#breadcrumb","itemListElement":[{"@type":"ListItem","position":1,"name":"Accueil","item":"https:\/\/capesterelascape.fr\/de\/"},{"@type":"ListItem","position":2,"name":"Kultur & Freizeit","item":"https:\/\/capesterelascape.fr\/de\/culture-et-loisirs\/"},{"@type":"ListItem","position":3,"name":"Le Carnaval de Nice 2026"}]},{"@type":"WebSite","@id":"https:\/\/capesterelascape.fr\/de\/#website","url":"https:\/\/capesterelascape.fr\/de\/","name":"CAP ESTEREL ASCAPE","description":"","potentialAction":[{"@type":"SearchAction","target":{"@type":"EntryPoint","urlTemplate":"https:\/\/capesterelascape.fr\/de\/?s={search_term_string}"},"query-input":{"@type":"PropertyValueSpecification","valueRequired":true,"valueName":"search_term_string"}}],"inLanguage":"de"}]}},"_links":{"self":[{"href":"https:\/\/capesterelascape.fr\/de\/wp-json\/wp\/v2\/touring_information\/25080","targetHints":{"allow":["GET"]}}],"collection":[{"href":"https:\/\/capesterelascape.fr\/de\/wp-json\/wp\/v2\/touring_information"}],"about":[{"href":"https:\/\/capesterelascape.fr\/de\/wp-json\/wp\/v2\/types\/touring_information"}],"replies":[{"embeddable":true,"href":"https:\/\/capesterelascape.fr\/de\/wp-json\/wp\/v2\/comments?post=25080"}],"wp:featuredmedia":[{"embeddable":true,"href":"https:\/\/capesterelascape.fr\/de\/wp-json\/wp\/v2\/media\/25082"}],"wp:attachment":[{"href":"https:\/\/capesterelascape.fr\/de\/wp-json\/wp\/v2\/media?parent=25080"}],"wp:term":[{"taxonomy":"touring_information_type","embeddable":true,"href":"https:\/\/capesterelascape.fr\/de\/wp-json\/wp\/v2\/touring_information_type?post=25080"}],"curies":[{"name":"wp","href":"https:\/\/api.w.org\/{rel}","templated":true}]}}