{"id":22728,"date":"2025-08-21T14:37:22","date_gmt":"2025-08-21T12:37:22","guid":{"rendered":"https:\/\/capesterelascape.fr\/?post_type=touring_information&#038;p=22728"},"modified":"2025-08-21T14:37:26","modified_gmt":"2025-08-21T12:37:26","slug":"auguste-lutaud-1847-1925-premier-roi-de-lile-dor","status":"publish","type":"touring_information","link":"https:\/\/capesterelascape.fr\/en\/culture-et-loisirs\/auguste-lutaud-1847-1925-premier-roi-de-lile-dor\/","title":{"rendered":"Auguste LUTAUD, (1847-1925) &#8211; Premier Roi de l&#8217;ILE d&#8217;OR"},"content":{"rendered":"\n<div class=\"wp-block-group has-border-color has-global-padding is-layout-constrained wp-container-core-group-is-layout-a35945ca wp-block-group-is-layout-constrained\" style=\"border-color:#c55632;border-width:3px;border-bottom-right-radius:90px;padding-top:var(--wp--preset--spacing--30);padding-right:var(--wp--preset--spacing--30);padding-bottom:var(--wp--preset--spacing--30);padding-left:var(--wp--preset--spacing--30)\">\n<h2 class=\"wp-block-heading\"><strong>Le 25 ao\u00fbt 2025 \u00e0 11h30, un hommage \u00e0 Auguste LUTAUD sera organis\u00e9 par ses descendants au port du POUSSAI.<\/strong> <\/h2>\n\n\n\n<p><strong>RENDEZ VOUS au Port du POUSSAI <\/strong>: <strong>Vous \u00eates invit\u00e9s \u00e0 y participer, programme d\u00e9taill\u00e9 joint et avec une sardinade en cl\u00f4ture sur inscription.<\/strong><\/p>\n\n\n\n<figure class=\"wp-block-image size-large\"><img decoding=\"async\" width=\"722\" height=\"1024\" src=\"https:\/\/capesterelascape.fr\/wp-content\/uploads\/2025\/08\/01-L-722x1024.jpg\" data-orig-src=\"https:\/\/capesterelascape.fr\/wp-content\/uploads\/2025\/08\/01-L-722x1024.jpg\" alt=\"\" class=\"lazyload wp-image-22947\" srcset=\"data:image\/svg+xml,%3Csvg%20xmlns%3D%27http%3A%2F%2Fwww.w3.org%2F2000%2Fsvg%27%20width%3D%27722%27%20height%3D%271024%27%20viewBox%3D%270%200%20722%201024%27%3E%3Crect%20width%3D%27722%27%20height%3D%271024%27%20fill-opacity%3D%220%22%2F%3E%3C%2Fsvg%3E\" data-srcset=\"https:\/\/capesterelascape.fr\/wp-content\/uploads\/2025\/08\/01-L-50x71.jpg 50w, https:\/\/capesterelascape.fr\/wp-content\/uploads\/2025\/08\/01-L-200x284.jpg 200w, https:\/\/capesterelascape.fr\/wp-content\/uploads\/2025\/08\/01-L-211x300.jpg 211w, https:\/\/capesterelascape.fr\/wp-content\/uploads\/2025\/08\/01-L-400x567.jpg 400w, https:\/\/capesterelascape.fr\/wp-content\/uploads\/2025\/08\/01-L-600x851.jpg 600w, https:\/\/capesterelascape.fr\/wp-content\/uploads\/2025\/08\/01-L-722x1024.jpg 722w, https:\/\/capesterelascape.fr\/wp-content\/uploads\/2025\/08\/01-L-768x1089.jpg 768w, https:\/\/capesterelascape.fr\/wp-content\/uploads\/2025\/08\/01-L-800x1135.jpg 800w, https:\/\/capesterelascape.fr\/wp-content\/uploads\/2025\/08\/01-L.jpg 1073w\" data-sizes=\"auto\" data-orig-sizes=\"(max-width: 722px) 100vw, 722px\" \/><\/figure>\n\n\n\n<figure class=\"wp-block-image size-large\"><img decoding=\"async\" width=\"722\" height=\"1024\" src=\"https:\/\/capesterelascape.fr\/wp-content\/uploads\/2025\/08\/02-L-722x1024.jpg\" data-orig-src=\"https:\/\/capesterelascape.fr\/wp-content\/uploads\/2025\/08\/02-L-722x1024.jpg\" alt=\"\" class=\"lazyload wp-image-22951\" srcset=\"data:image\/svg+xml,%3Csvg%20xmlns%3D%27http%3A%2F%2Fwww.w3.org%2F2000%2Fsvg%27%20width%3D%27722%27%20height%3D%271024%27%20viewBox%3D%270%200%20722%201024%27%3E%3Crect%20width%3D%27722%27%20height%3D%271024%27%20fill-opacity%3D%220%22%2F%3E%3C%2Fsvg%3E\" data-srcset=\"https:\/\/capesterelascape.fr\/wp-content\/uploads\/2025\/08\/02-L-50x71.jpg 50w, https:\/\/capesterelascape.fr\/wp-content\/uploads\/2025\/08\/02-L-200x284.jpg 200w, https:\/\/capesterelascape.fr\/wp-content\/uploads\/2025\/08\/02-L-211x300.jpg 211w, https:\/\/capesterelascape.fr\/wp-content\/uploads\/2025\/08\/02-L-400x567.jpg 400w, https:\/\/capesterelascape.fr\/wp-content\/uploads\/2025\/08\/02-L-600x851.jpg 600w, https:\/\/capesterelascape.fr\/wp-content\/uploads\/2025\/08\/02-L-722x1024.jpg 722w, https:\/\/capesterelascape.fr\/wp-content\/uploads\/2025\/08\/02-L-768x1089.jpg 768w, https:\/\/capesterelascape.fr\/wp-content\/uploads\/2025\/08\/02-L-800x1135.jpg 800w, https:\/\/capesterelascape.fr\/wp-content\/uploads\/2025\/08\/02-L.jpg 1073w\" data-sizes=\"auto\" data-orig-sizes=\"(max-width: 722px) 100vw, 722px\" \/><\/figure>\n\n\n\n<figure class=\"wp-block-image size-large\"><img decoding=\"async\" width=\"722\" height=\"1024\" src=\"https:\/\/capesterelascape.fr\/wp-content\/uploads\/2025\/08\/03-L-722x1024.jpg\" data-orig-src=\"https:\/\/capesterelascape.fr\/wp-content\/uploads\/2025\/08\/03-L-722x1024.jpg\" alt=\"\" class=\"lazyload wp-image-22955\" srcset=\"data:image\/svg+xml,%3Csvg%20xmlns%3D%27http%3A%2F%2Fwww.w3.org%2F2000%2Fsvg%27%20width%3D%27722%27%20height%3D%271024%27%20viewBox%3D%270%200%20722%201024%27%3E%3Crect%20width%3D%27722%27%20height%3D%271024%27%20fill-opacity%3D%220%22%2F%3E%3C%2Fsvg%3E\" data-srcset=\"https:\/\/capesterelascape.fr\/wp-content\/uploads\/2025\/08\/03-L-50x71.jpg 50w, https:\/\/capesterelascape.fr\/wp-content\/uploads\/2025\/08\/03-L-200x284.jpg 200w, https:\/\/capesterelascape.fr\/wp-content\/uploads\/2025\/08\/03-L-211x300.jpg 211w, https:\/\/capesterelascape.fr\/wp-content\/uploads\/2025\/08\/03-L-400x567.jpg 400w, https:\/\/capesterelascape.fr\/wp-content\/uploads\/2025\/08\/03-L-600x851.jpg 600w, https:\/\/capesterelascape.fr\/wp-content\/uploads\/2025\/08\/03-L-722x1024.jpg 722w, https:\/\/capesterelascape.fr\/wp-content\/uploads\/2025\/08\/03-L-768x1089.jpg 768w, https:\/\/capesterelascape.fr\/wp-content\/uploads\/2025\/08\/03-L-800x1135.jpg 800w, https:\/\/capesterelascape.fr\/wp-content\/uploads\/2025\/08\/03-L.jpg 1073w\" data-sizes=\"auto\" data-orig-sizes=\"(max-width: 722px) 100vw, 722px\" \/><\/figure>\n\n\n\n<p><strong>Inscription obligatoire pour participer \u00e0 la sardinade qui cl\u00f4turera cet hommage \u00e0 Auguste LUTAUD.<\/strong><\/p>\n\n\n\n<figure class=\"wp-block-image size-large is-resized has-custom-border\"><img decoding=\"async\" width=\"855\" height=\"1024\" src=\"https:\/\/capesterelascape.fr\/wp-content\/uploads\/2025\/08\/sardinade-855x1024.jpg\" data-orig-src=\"https:\/\/capesterelascape.fr\/wp-content\/uploads\/2025\/08\/sardinade-855x1024.jpg\" alt=\"\" class=\"lazyload wp-image-23079\" style=\"border-bottom-right-radius:90px;width:700px\" srcset=\"data:image\/svg+xml,%3Csvg%20xmlns%3D%27http%3A%2F%2Fwww.w3.org%2F2000%2Fsvg%27%20width%3D%27855%27%20height%3D%271024%27%20viewBox%3D%270%200%20855%201024%27%3E%3Crect%20width%3D%27855%27%20height%3D%271024%27%20fill-opacity%3D%220%22%2F%3E%3C%2Fsvg%3E\" data-srcset=\"https:\/\/capesterelascape.fr\/wp-content\/uploads\/2025\/08\/sardinade-50x60.jpg 50w, https:\/\/capesterelascape.fr\/wp-content\/uploads\/2025\/08\/sardinade-200x240.jpg 200w, https:\/\/capesterelascape.fr\/wp-content\/uploads\/2025\/08\/sardinade-250x300.jpg 250w, https:\/\/capesterelascape.fr\/wp-content\/uploads\/2025\/08\/sardinade-400x479.jpg 400w, https:\/\/capesterelascape.fr\/wp-content\/uploads\/2025\/08\/sardinade-600x719.jpg 600w, https:\/\/capesterelascape.fr\/wp-content\/uploads\/2025\/08\/sardinade-768x920.jpg 768w, https:\/\/capesterelascape.fr\/wp-content\/uploads\/2025\/08\/sardinade-800x958.jpg 800w, https:\/\/capesterelascape.fr\/wp-content\/uploads\/2025\/08\/sardinade-855x1024.jpg 855w, https:\/\/capesterelascape.fr\/wp-content\/uploads\/2025\/08\/sardinade.jpg 1027w\" data-sizes=\"auto\" data-orig-sizes=\"(max-width: 855px) 100vw, 855px\" \/><\/figure>\n<\/div>\n\n\n\n<hr class=\"wp-block-separator has-alpha-channel-opacity is-style-dots\"\/>\n\n\n\n<div class=\"wp-block-group has-border-color has-global-padding is-layout-constrained wp-container-core-group-is-layout-80fb368b wp-block-group-is-layout-constrained\" style=\"border-color:#37A8DB;border-width:3px;border-top-right-radius:90px;border-bottom-right-radius:90px;padding-top:var(--wp--preset--spacing--30);padding-right:var(--wp--preset--spacing--30);padding-bottom:var(--wp--preset--spacing--30);padding-left:var(--wp--preset--spacing--30)\">\n<h2 class=\"wp-block-heading\"><strong>Copie de l&#8217;article de VAR MATIN du 20\/08 sign\u00e9 Nicolas PASCAL <\/strong><\/h2>\n\n\n\n<figure class=\"wp-block-image size-large is-resized\"><img decoding=\"async\" width=\"1024\" height=\"236\" src=\"https:\/\/capesterelascape.fr\/wp-content\/uploads\/2025\/08\/VM-lutaud-1-1024x236.png\" data-orig-src=\"https:\/\/capesterelascape.fr\/wp-content\/uploads\/2025\/08\/VM-lutaud-1-1024x236.png\" alt=\"\" class=\"lazyload wp-image-23154\" style=\"width:1000px\" srcset=\"data:image\/svg+xml,%3Csvg%20xmlns%3D%27http%3A%2F%2Fwww.w3.org%2F2000%2Fsvg%27%20width%3D%271024%27%20height%3D%27236%27%20viewBox%3D%270%200%201024%20236%27%3E%3Crect%20width%3D%271024%27%20height%3D%27236%27%20fill-opacity%3D%220%22%2F%3E%3C%2Fsvg%3E\" data-srcset=\"https:\/\/capesterelascape.fr\/wp-content\/uploads\/2025\/08\/VM-lutaud-1-50x12.png 50w, https:\/\/capesterelascape.fr\/wp-content\/uploads\/2025\/08\/VM-lutaud-1-200x46.png 200w, https:\/\/capesterelascape.fr\/wp-content\/uploads\/2025\/08\/VM-lutaud-1-300x69.png 300w, https:\/\/capesterelascape.fr\/wp-content\/uploads\/2025\/08\/VM-lutaud-1-400x92.png 400w, https:\/\/capesterelascape.fr\/wp-content\/uploads\/2025\/08\/VM-lutaud-1-600x138.png 600w, https:\/\/capesterelascape.fr\/wp-content\/uploads\/2025\/08\/VM-lutaud-1-768x177.png 768w, https:\/\/capesterelascape.fr\/wp-content\/uploads\/2025\/08\/VM-lutaud-1-800x185.png 800w, https:\/\/capesterelascape.fr\/wp-content\/uploads\/2025\/08\/VM-lutaud-1-1024x236.png 1024w, https:\/\/capesterelascape.fr\/wp-content\/uploads\/2025\/08\/VM-lutaud-1-1200x277.png 1200w, https:\/\/capesterelascape.fr\/wp-content\/uploads\/2025\/08\/VM-lutaud-1.png 1240w\" data-sizes=\"auto\" data-orig-sizes=\"(max-width: 1024px) 100vw, 1024px\" \/><\/figure>\n\n\n\n<figure class=\"wp-block-image size-large\"><img decoding=\"async\" width=\"1024\" height=\"604\" src=\"https:\/\/capesterelascape.fr\/wp-content\/uploads\/2025\/08\/VM-Ludaud2-1024x604.png\" data-orig-src=\"https:\/\/capesterelascape.fr\/wp-content\/uploads\/2025\/08\/VM-Ludaud2-1024x604.png\" alt=\"\" class=\"lazyload wp-image-23158\" srcset=\"data:image\/svg+xml,%3Csvg%20xmlns%3D%27http%3A%2F%2Fwww.w3.org%2F2000%2Fsvg%27%20width%3D%271024%27%20height%3D%27604%27%20viewBox%3D%270%200%201024%20604%27%3E%3Crect%20width%3D%271024%27%20height%3D%27604%27%20fill-opacity%3D%220%22%2F%3E%3C%2Fsvg%3E\" data-srcset=\"https:\/\/capesterelascape.fr\/wp-content\/uploads\/2025\/08\/VM-Ludaud2-50x29.png 50w, https:\/\/capesterelascape.fr\/wp-content\/uploads\/2025\/08\/VM-Ludaud2-200x118.png 200w, https:\/\/capesterelascape.fr\/wp-content\/uploads\/2025\/08\/VM-Ludaud2-300x177.png 300w, https:\/\/capesterelascape.fr\/wp-content\/uploads\/2025\/08\/VM-Ludaud2-400x236.png 400w, https:\/\/capesterelascape.fr\/wp-content\/uploads\/2025\/08\/VM-Ludaud2-600x354.png 600w, https:\/\/capesterelascape.fr\/wp-content\/uploads\/2025\/08\/VM-Ludaud2-768x453.png 768w, https:\/\/capesterelascape.fr\/wp-content\/uploads\/2025\/08\/VM-Ludaud2-800x472.png 800w, https:\/\/capesterelascape.fr\/wp-content\/uploads\/2025\/08\/VM-Ludaud2-1024x604.png 1024w, https:\/\/capesterelascape.fr\/wp-content\/uploads\/2025\/08\/VM-Ludaud2-1200x707.png 1200w, https:\/\/capesterelascape.fr\/wp-content\/uploads\/2025\/08\/VM-Ludaud2.png 1240w\" data-sizes=\"auto\" data-orig-sizes=\"(max-width: 1024px) 100vw, 1024px\" \/><\/figure>\n\n\n\n<figure class=\"wp-block-image size-large\"><img decoding=\"async\" width=\"1024\" height=\"568\" src=\"https:\/\/capesterelascape.fr\/wp-content\/uploads\/2025\/08\/VM-Lutaud-3-1024x568.png\" data-orig-src=\"https:\/\/capesterelascape.fr\/wp-content\/uploads\/2025\/08\/VM-Lutaud-3-1024x568.png\" alt=\"\" class=\"lazyload wp-image-23162\" srcset=\"data:image\/svg+xml,%3Csvg%20xmlns%3D%27http%3A%2F%2Fwww.w3.org%2F2000%2Fsvg%27%20width%3D%271024%27%20height%3D%27568%27%20viewBox%3D%270%200%201024%20568%27%3E%3Crect%20width%3D%271024%27%20height%3D%27568%27%20fill-opacity%3D%220%22%2F%3E%3C%2Fsvg%3E\" data-srcset=\"https:\/\/capesterelascape.fr\/wp-content\/uploads\/2025\/08\/VM-Lutaud-3-50x28.png 50w, https:\/\/capesterelascape.fr\/wp-content\/uploads\/2025\/08\/VM-Lutaud-3-200x111.png 200w, https:\/\/capesterelascape.fr\/wp-content\/uploads\/2025\/08\/VM-Lutaud-3-300x166.png 300w, https:\/\/capesterelascape.fr\/wp-content\/uploads\/2025\/08\/VM-Lutaud-3-400x222.png 400w, https:\/\/capesterelascape.fr\/wp-content\/uploads\/2025\/08\/VM-Lutaud-3-600x333.png 600w, https:\/\/capesterelascape.fr\/wp-content\/uploads\/2025\/08\/VM-Lutaud-3-768x426.png 768w, https:\/\/capesterelascape.fr\/wp-content\/uploads\/2025\/08\/VM-Lutaud-3-800x444.png 800w, https:\/\/capesterelascape.fr\/wp-content\/uploads\/2025\/08\/VM-Lutaud-3-1024x568.png 1024w, https:\/\/capesterelascape.fr\/wp-content\/uploads\/2025\/08\/VM-Lutaud-3-1200x666.png 1200w, https:\/\/capesterelascape.fr\/wp-content\/uploads\/2025\/08\/VM-Lutaud-3.png 1399w\" data-sizes=\"auto\" data-orig-sizes=\"(max-width: 1024px) 100vw, 1024px\" \/><\/figure>\n<\/div>\n\n\n\n<hr class=\"wp-block-separator has-alpha-channel-opacity is-style-dots\"\/>\n\n\n\n<h2 class=\"wp-block-heading\"><strong>Petite Histoire de l&#8217;Ile d&#8217;OR <\/strong><\/h2>\n\n\n\n<blockquote class=\"wp-block-quote is-layout-flow wp-block-quote-is-layout-flow\">\n<p>\u00ab J\u2019ai d\u00e9couvert l\u2019Ile d\u2019Or en achetant sur plan, un appartement dans notre  village de CAP ESTEREL en 1990.<\/p>\n\n\n\n<p>En m\u2019appuyant principalement sur les recherches r\u00e9alis\u00e9es par J.P Herreyres , Fran\u00e7ois Guimard et Mme Anne Marie Guillot et Nobert Guillot, sur le livre de Mme Bureau-Lagane, et sur mes collections, je vais essayer de vous transmettre ma passion pour ce site unique (class\u00e9 parmi les 60 plus beaux sites de France) \u00e0 travers des documents qui retracent les 3 vies de cette ile et de ces 3 propri\u00e9taires tr\u00e8s atypiques :<\/p>\n\n\n\n<p>&nbsp; &#8211;&nbsp;&nbsp;&nbsp;&nbsp;&nbsp;&nbsp;&nbsp;&nbsp; L\u00e9on Sergent architecte \u2013 joueur de cartes.<\/p>\n\n\n\n<p>&nbsp; &#8211;&nbsp;&nbsp;&nbsp;&nbsp;&nbsp;&nbsp;&nbsp;&nbsp; Auguste Lutaud : m\u00e9decin &#8211;&nbsp; inventeur-constructeur de la Tour , Roi autoproclam\u00e9.<\/p>\n\n\n\n<p>&nbsp; &#8211;&nbsp;&nbsp;&nbsp;&nbsp;&nbsp;&nbsp;&nbsp;&nbsp; Fran\u00e7ois Bureau : commandant de marine \u2013 r\u00e9novateur- conservateur du patrimoine.<\/p>\n\n\n\n<p>Philippe Pons<\/p>\n<\/blockquote>\n\n\n\n<figure class=\"wp-block-image size-large\"><img decoding=\"async\" width=\"686\" height=\"1024\" src=\"https:\/\/capesterelascape.fr\/wp-content\/uploads\/2025\/08\/02-Ile-dOr-\u00a9Philippe-Pons--686x1024.jpg\" data-orig-src=\"https:\/\/capesterelascape.fr\/wp-content\/uploads\/2025\/08\/02-Ile-dOr-\u00a9Philippe-Pons--686x1024.jpg\" alt=\"\" class=\"lazyload wp-image-22729\" srcset=\"data:image\/svg+xml,%3Csvg%20xmlns%3D%27http%3A%2F%2Fwww.w3.org%2F2000%2Fsvg%27%20width%3D%27686%27%20height%3D%271024%27%20viewBox%3D%270%200%20686%201024%27%3E%3Crect%20width%3D%27686%27%20height%3D%271024%27%20fill-opacity%3D%220%22%2F%3E%3C%2Fsvg%3E\" data-srcset=\"https:\/\/capesterelascape.fr\/wp-content\/uploads\/2025\/08\/02-Ile-dOr-\u00a9Philippe-Pons--50x75.jpg 50w, https:\/\/capesterelascape.fr\/wp-content\/uploads\/2025\/08\/02-Ile-dOr-\u00a9Philippe-Pons--200x299.jpg 200w, https:\/\/capesterelascape.fr\/wp-content\/uploads\/2025\/08\/02-Ile-dOr-\u00a9Philippe-Pons--201x300.jpg 201w, https:\/\/capesterelascape.fr\/wp-content\/uploads\/2025\/08\/02-Ile-dOr-\u00a9Philippe-Pons--400x597.jpg 400w, https:\/\/capesterelascape.fr\/wp-content\/uploads\/2025\/08\/02-Ile-dOr-\u00a9Philippe-Pons--600x896.jpg 600w, https:\/\/capesterelascape.fr\/wp-content\/uploads\/2025\/08\/02-Ile-dOr-\u00a9Philippe-Pons--686x1024.jpg 686w, https:\/\/capesterelascape.fr\/wp-content\/uploads\/2025\/08\/02-Ile-dOr-\u00a9Philippe-Pons-.jpg 700w\" data-sizes=\"auto\" data-orig-sizes=\"(max-width: 686px) 100vw, 686px\" \/><\/figure>\n\n\n\n<h2 class=\"wp-block-heading\">&nbsp;<strong>1897 \u2013 l\u2019Ile d\u2019Or qui appartient \u00e0 l\u2019Etat est mise en vente aux ench\u00e8res.<\/strong><\/h2>\n\n\n\n<figure class=\"wp-block-image size-full is-resized\"><img decoding=\"async\" width=\"874\" height=\"429\" src=\"https:\/\/capesterelascape.fr\/wp-content\/uploads\/2025\/08\/01-carte-etat-major-.jpg\" data-orig-src=\"https:\/\/capesterelascape.fr\/wp-content\/uploads\/2025\/08\/01-carte-etat-major-.jpg\" alt=\"\" class=\"lazyload wp-image-22749\" style=\"width:1300px;height:auto\" srcset=\"data:image\/svg+xml,%3Csvg%20xmlns%3D%27http%3A%2F%2Fwww.w3.org%2F2000%2Fsvg%27%20width%3D%27874%27%20height%3D%27429%27%20viewBox%3D%270%200%20874%20429%27%3E%3Crect%20width%3D%27874%27%20height%3D%27429%27%20fill-opacity%3D%220%22%2F%3E%3C%2Fsvg%3E\" data-srcset=\"https:\/\/capesterelascape.fr\/wp-content\/uploads\/2025\/08\/01-carte-etat-major--50x25.jpg 50w, https:\/\/capesterelascape.fr\/wp-content\/uploads\/2025\/08\/01-carte-etat-major--200x98.jpg 200w, https:\/\/capesterelascape.fr\/wp-content\/uploads\/2025\/08\/01-carte-etat-major--300x147.jpg 300w, https:\/\/capesterelascape.fr\/wp-content\/uploads\/2025\/08\/01-carte-etat-major--400x196.jpg 400w, https:\/\/capesterelascape.fr\/wp-content\/uploads\/2025\/08\/01-carte-etat-major--600x295.jpg 600w, https:\/\/capesterelascape.fr\/wp-content\/uploads\/2025\/08\/01-carte-etat-major--768x377.jpg 768w, https:\/\/capesterelascape.fr\/wp-content\/uploads\/2025\/08\/01-carte-etat-major--800x393.jpg 800w, https:\/\/capesterelascape.fr\/wp-content\/uploads\/2025\/08\/01-carte-etat-major-.jpg 874w\" data-sizes=\"auto\" data-orig-sizes=\"(max-width: 874px) 100vw, 874px\" \/><figcaption class=\"wp-element-caption\">Carte d&#8217;\u00e9tat major de 1866<\/figcaption><\/figure>\n\n\n\n<p><strong>L\u00e9on Sergent g\u00e9om\u00e8tre devenu architecte en devient le propri\u00e9taire au prix de 280 F.<\/strong><\/p>\n\n\n\n<p>Il construit notamment le grand h\u00f4tel de Boulouris, et de nombreuses villas \u00e0 St Raphael, dont les Asphod\u00e8les, datant de 1885 r\u00e9alis\u00e9e pour un industriel anglais Sydney Bentall. Cette villa est devenue la mairie d\u2019honneur de St Raphael.<\/p>\n\n\n\n<p>1906 \u2013 L\u2019\u00e9pouse de L\u00e9on Sergent supportant mal le climat de la c\u00f4te d\u2019Azur, il vend une partie de ses biens et part s\u2019installer dans le Jura.<\/p>\n\n\n\n<p>\u200bAuguste Lutaud est le m\u00e9decin de l\u2019importante colonie Anglaise de St Raphael. Il est propri\u00e9taire de la villa les Mimosas \u00e0 Valescure.<\/p>\n\n\n\n<p><strong>Dans une soir\u00e9e de la bonne soci\u00e9t\u00e9 rapha\u00ebloise, au cours d\u2019une partie de whist bien arros\u00e9e , L\u00e9on Sergent perd une forte somme d\u2019argent et propose \u00e0 Auguste Lutaud de le rembourser en lui c\u00e9dant l\u2019Ile d\u2019Or.<\/strong><\/p>\n\n\n\n<figure class=\"wp-block-image aligncenter size-full\"><img decoding=\"async\" width=\"817\" height=\"629\" src=\"https:\/\/capesterelascape.fr\/wp-content\/uploads\/2025\/08\/03-1891-Jackon-James-1.jpg\" data-orig-src=\"https:\/\/capesterelascape.fr\/wp-content\/uploads\/2025\/08\/03-1891-Jackon-James-1.jpg\" alt=\"\" class=\"lazyload wp-image-23002\" srcset=\"data:image\/svg+xml,%3Csvg%20xmlns%3D%27http%3A%2F%2Fwww.w3.org%2F2000%2Fsvg%27%20width%3D%27817%27%20height%3D%27629%27%20viewBox%3D%270%200%20817%20629%27%3E%3Crect%20width%3D%27817%27%20height%3D%27629%27%20fill-opacity%3D%220%22%2F%3E%3C%2Fsvg%3E\" data-srcset=\"https:\/\/capesterelascape.fr\/wp-content\/uploads\/2025\/08\/03-1891-Jackon-James-1-50x38.jpg 50w, https:\/\/capesterelascape.fr\/wp-content\/uploads\/2025\/08\/03-1891-Jackon-James-1-200x154.jpg 200w, https:\/\/capesterelascape.fr\/wp-content\/uploads\/2025\/08\/03-1891-Jackon-James-1-300x231.jpg 300w, https:\/\/capesterelascape.fr\/wp-content\/uploads\/2025\/08\/03-1891-Jackon-James-1-400x308.jpg 400w, https:\/\/capesterelascape.fr\/wp-content\/uploads\/2025\/08\/03-1891-Jackon-James-1-600x462.jpg 600w, https:\/\/capesterelascape.fr\/wp-content\/uploads\/2025\/08\/03-1891-Jackon-James-1-768x591.jpg 768w, https:\/\/capesterelascape.fr\/wp-content\/uploads\/2025\/08\/03-1891-Jackon-James-1-800x616.jpg 800w, https:\/\/capesterelascape.fr\/wp-content\/uploads\/2025\/08\/03-1891-Jackon-James-1.jpg 817w\" data-sizes=\"auto\" data-orig-sizes=\"(max-width: 817px) 100vw, 817px\" \/><figcaption class=\"wp-element-caption\">&nbsp;<br><strong><em>1891 \u2013 photo r\u00e9alis\u00e9e par James Jackson. Document BNF \/ Gallica<\/em><\/strong><\/figcaption><\/figure>\n\n\n\n<figure class=\"wp-block-image aligncenter size-large\"><img decoding=\"async\" width=\"1024\" height=\"644\" src=\"https:\/\/capesterelascape.fr\/wp-content\/uploads\/2025\/08\/04-Ile-dOr-vers-1890-1024x644.jpg\" data-orig-src=\"https:\/\/capesterelascape.fr\/wp-content\/uploads\/2025\/08\/04-Ile-dOr-vers-1890-1024x644.jpg\" alt=\"\" class=\"lazyload wp-image-22741\" srcset=\"data:image\/svg+xml,%3Csvg%20xmlns%3D%27http%3A%2F%2Fwww.w3.org%2F2000%2Fsvg%27%20width%3D%271024%27%20height%3D%27644%27%20viewBox%3D%270%200%201024%20644%27%3E%3Crect%20width%3D%271024%27%20height%3D%27644%27%20fill-opacity%3D%220%22%2F%3E%3C%2Fsvg%3E\" data-srcset=\"https:\/\/capesterelascape.fr\/wp-content\/uploads\/2025\/08\/04-Ile-dOr-vers-1890-50x31.jpg 50w, https:\/\/capesterelascape.fr\/wp-content\/uploads\/2025\/08\/04-Ile-dOr-vers-1890-200x126.jpg 200w, https:\/\/capesterelascape.fr\/wp-content\/uploads\/2025\/08\/04-Ile-dOr-vers-1890-300x189.jpg 300w, https:\/\/capesterelascape.fr\/wp-content\/uploads\/2025\/08\/04-Ile-dOr-vers-1890-320x202.jpg 320w, https:\/\/capesterelascape.fr\/wp-content\/uploads\/2025\/08\/04-Ile-dOr-vers-1890-400x252.jpg 400w, https:\/\/capesterelascape.fr\/wp-content\/uploads\/2025\/08\/04-Ile-dOr-vers-1890-600x378.jpg 600w, https:\/\/capesterelascape.fr\/wp-content\/uploads\/2025\/08\/04-Ile-dOr-vers-1890-700x441.jpg 700w, https:\/\/capesterelascape.fr\/wp-content\/uploads\/2025\/08\/04-Ile-dOr-vers-1890-768x483.jpg 768w, https:\/\/capesterelascape.fr\/wp-content\/uploads\/2025\/08\/04-Ile-dOr-vers-1890-800x503.jpg 800w, https:\/\/capesterelascape.fr\/wp-content\/uploads\/2025\/08\/04-Ile-dOr-vers-1890-1024x644.jpg 1024w, https:\/\/capesterelascape.fr\/wp-content\/uploads\/2025\/08\/04-Ile-dOr-vers-1890-1200x755.jpg 1200w, https:\/\/capesterelascape.fr\/wp-content\/uploads\/2025\/08\/04-Ile-dOr-vers-1890-1536x967.jpg 1536w, https:\/\/capesterelascape.fr\/wp-content\/uploads\/2025\/08\/04-Ile-dOr-vers-1890-1600x1007.jpg 1600w, https:\/\/capesterelascape.fr\/wp-content\/uploads\/2025\/08\/04-Ile-dOr-vers-1890.jpg 1686w\" data-sizes=\"auto\" data-orig-sizes=\"(max-width: 1024px) 100vw, 1024px\" \/><\/figure>\n\n\n\n<figure class=\"wp-block-image aligncenter size-full\"><img decoding=\"async\" width=\"958\" height=\"644\" src=\"https:\/\/capesterelascape.fr\/wp-content\/uploads\/2025\/08\/05-Gallica-Dramont-estacade.jpg\" data-orig-src=\"https:\/\/capesterelascape.fr\/wp-content\/uploads\/2025\/08\/05-Gallica-Dramont-estacade.jpg\" alt=\"\" class=\"lazyload wp-image-22745\" srcset=\"data:image\/svg+xml,%3Csvg%20xmlns%3D%27http%3A%2F%2Fwww.w3.org%2F2000%2Fsvg%27%20width%3D%27958%27%20height%3D%27644%27%20viewBox%3D%270%200%20958%20644%27%3E%3Crect%20width%3D%27958%27%20height%3D%27644%27%20fill-opacity%3D%220%22%2F%3E%3C%2Fsvg%3E\" data-srcset=\"https:\/\/capesterelascape.fr\/wp-content\/uploads\/2025\/08\/05-Gallica-Dramont-estacade-50x34.jpg 50w, https:\/\/capesterelascape.fr\/wp-content\/uploads\/2025\/08\/05-Gallica-Dramont-estacade-200x134.jpg 200w, https:\/\/capesterelascape.fr\/wp-content\/uploads\/2025\/08\/05-Gallica-Dramont-estacade-300x202.jpg 300w, https:\/\/capesterelascape.fr\/wp-content\/uploads\/2025\/08\/05-Gallica-Dramont-estacade-400x269.jpg 400w, https:\/\/capesterelascape.fr\/wp-content\/uploads\/2025\/08\/05-Gallica-Dramont-estacade-600x403.jpg 600w, https:\/\/capesterelascape.fr\/wp-content\/uploads\/2025\/08\/05-Gallica-Dramont-estacade-768x516.jpg 768w, https:\/\/capesterelascape.fr\/wp-content\/uploads\/2025\/08\/05-Gallica-Dramont-estacade-800x538.jpg 800w, https:\/\/capesterelascape.fr\/wp-content\/uploads\/2025\/08\/05-Gallica-Dramont-estacade.jpg 958w\" data-sizes=\"auto\" data-orig-sizes=\"(max-width: 958px) 100vw, 958px\" \/><figcaption class=\"wp-element-caption\"><strong>Vers&nbsp;1905, l\u2019Estacade., situ\u00e9e sur l\u2019actuelle plage du Dramont, lieu de chargement sur des voiliers des pav\u00e9s de porphyre extraits des carri\u00e8res situ\u00e9es sur l\u2019emplacement actuel des Lacs .&nbsp;Document BNF \/ Gallica<\/strong><\/figcaption><\/figure>\n\n\n\n<figure class=\"wp-block-image aligncenter size-full is-resized\"><img decoding=\"async\" width=\"527\" height=\"512\" src=\"https:\/\/capesterelascape.fr\/wp-content\/uploads\/2025\/08\/sap01_tcf08232_p.jpg\" data-orig-src=\"https:\/\/capesterelascape.fr\/wp-content\/uploads\/2025\/08\/sap01_tcf08232_p.jpg\" alt=\"\" class=\"lazyload wp-image-22895\" style=\"width:650px;height:auto\" srcset=\"data:image\/svg+xml,%3Csvg%20xmlns%3D%27http%3A%2F%2Fwww.w3.org%2F2000%2Fsvg%27%20width%3D%27527%27%20height%3D%27512%27%20viewBox%3D%270%200%20527%20512%27%3E%3Crect%20width%3D%27527%27%20height%3D%27512%27%20fill-opacity%3D%220%22%2F%3E%3C%2Fsvg%3E\" data-srcset=\"https:\/\/capesterelascape.fr\/wp-content\/uploads\/2025\/08\/sap01_tcf08232_p-50x49.jpg 50w, https:\/\/capesterelascape.fr\/wp-content\/uploads\/2025\/08\/sap01_tcf08232_p-200x194.jpg 200w, https:\/\/capesterelascape.fr\/wp-content\/uploads\/2025\/08\/sap01_tcf08232_p-300x291.jpg 300w, https:\/\/capesterelascape.fr\/wp-content\/uploads\/2025\/08\/sap01_tcf08232_p-400x389.jpg 400w, https:\/\/capesterelascape.fr\/wp-content\/uploads\/2025\/08\/sap01_tcf08232_p.jpg 527w\" data-sizes=\"auto\" data-orig-sizes=\"(max-width: 527px) 100vw, 527px\" \/><\/figure>\n\n\n\n<p class=\"has-text-align-center\"><strong>Les carri\u00e8res du Dramont en exploitation, on aper\u00e7oit un d\u00e9barcad\u00e8re sur la plage et en arri\u00e8re plan l&#8217;Ile d&#8217;Or<\/strong>, <strong>vers 1905 <\/strong>.<\/p>\n\n\n\n<p><strong>Cette photographie a \u00e9t\u00e9 r\u00e9alis\u00e9e par Louis  Bonnard, photographe du Touring Club de France, j&#8217;ai retrouv\u00e9 cette photo dans les archives de la M\u00e9diath\u00e8que du Patrimoine en effectuant des recherches sur les photographies de E.A. Martel.<\/strong><\/p>\n\n\n\n<hr class=\"wp-block-separator has-alpha-channel-opacity is-style-dots\"\/>\n\n\n\n<div class=\"wp-block-media-text is-stacked-on-mobile\" style=\"grid-template-columns:33% auto\"><figure class=\"wp-block-media-text__media\"><img decoding=\"async\" width=\"373\" height=\"471\" src=\"https:\/\/capesterelascape.fr\/wp-content\/uploads\/2025\/08\/07-Auguste_Lutaud_Collection-BUI-Sante-3.jpg\" data-orig-src=\"https:\/\/capesterelascape.fr\/wp-content\/uploads\/2025\/08\/07-Auguste_Lutaud_Collection-BUI-Sante-3.jpg\" alt=\"\" class=\"lazyload wp-image-22757 size-full\" srcset=\"data:image\/svg+xml,%3Csvg%20xmlns%3D%27http%3A%2F%2Fwww.w3.org%2F2000%2Fsvg%27%20width%3D%27373%27%20height%3D%27471%27%20viewBox%3D%270%200%20373%20471%27%3E%3Crect%20width%3D%27373%27%20height%3D%27471%27%20fill-opacity%3D%220%22%2F%3E%3C%2Fsvg%3E\" data-srcset=\"https:\/\/capesterelascape.fr\/wp-content\/uploads\/2025\/08\/07-Auguste_Lutaud_Collection-BUI-Sante-3-50x63.jpg 50w, https:\/\/capesterelascape.fr\/wp-content\/uploads\/2025\/08\/07-Auguste_Lutaud_Collection-BUI-Sante-3-200x253.jpg 200w, https:\/\/capesterelascape.fr\/wp-content\/uploads\/2025\/08\/07-Auguste_Lutaud_Collection-BUI-Sante-3-238x300.jpg 238w, https:\/\/capesterelascape.fr\/wp-content\/uploads\/2025\/08\/07-Auguste_Lutaud_Collection-BUI-Sante-3.jpg 373w\" data-sizes=\"auto\" data-orig-sizes=\"(max-width: 373px) 100vw, 373px\" \/><\/figure><div class=\"wp-block-media-text__content\">\n<p><\/p>\n\n\n\n<h2 class=\"wp-block-heading\">F\u00e9vrier 1909 \u2013 un acte de vente est sign\u00e9, le Docteur Lutaud acquiert l\u2019ile pour 300 F \/ or.<\/h2>\n<\/div><\/div>\n\n\n\n<div style=\"height:20px\" aria-hidden=\"true\" class=\"wp-block-spacer\"><\/div>\n\n\n\n<div class=\"wp-block-media-text is-stacked-on-mobile\" style=\"grid-template-columns:37% auto\"><figure class=\"wp-block-media-text__media\"><img decoding=\"async\" width=\"736\" height=\"1024\" src=\"https:\/\/capesterelascape.fr\/wp-content\/uploads\/2025\/08\/08-ile-or_doc-JPH-r-736x1024.jpg\" data-orig-src=\"https:\/\/capesterelascape.fr\/wp-content\/uploads\/2025\/08\/08-ile-or_doc-JPH-r-736x1024.jpg\" alt=\"\" class=\"lazyload wp-image-22761 size-full\" srcset=\"data:image\/svg+xml,%3Csvg%20xmlns%3D%27http%3A%2F%2Fwww.w3.org%2F2000%2Fsvg%27%20width%3D%27736%27%20height%3D%271024%27%20viewBox%3D%270%200%20736%201024%27%3E%3Crect%20width%3D%27736%27%20height%3D%271024%27%20fill-opacity%3D%220%22%2F%3E%3C%2Fsvg%3E\" data-srcset=\"https:\/\/capesterelascape.fr\/wp-content\/uploads\/2025\/08\/08-ile-or_doc-JPH-r-50x70.jpg 50w, https:\/\/capesterelascape.fr\/wp-content\/uploads\/2025\/08\/08-ile-or_doc-JPH-r-200x278.jpg 200w, https:\/\/capesterelascape.fr\/wp-content\/uploads\/2025\/08\/08-ile-or_doc-JPH-r-216x300.jpg 216w, https:\/\/capesterelascape.fr\/wp-content\/uploads\/2025\/08\/08-ile-or_doc-JPH-r-400x556.jpg 400w, https:\/\/capesterelascape.fr\/wp-content\/uploads\/2025\/08\/08-ile-or_doc-JPH-r-600x834.jpg 600w, https:\/\/capesterelascape.fr\/wp-content\/uploads\/2025\/08\/08-ile-or_doc-JPH-r-736x1024.jpg 736w, https:\/\/capesterelascape.fr\/wp-content\/uploads\/2025\/08\/08-ile-or_doc-JPH-r-768x1068.jpg 768w, https:\/\/capesterelascape.fr\/wp-content\/uploads\/2025\/08\/08-ile-or_doc-JPH-r-800x1112.jpg 800w, https:\/\/capesterelascape.fr\/wp-content\/uploads\/2025\/08\/08-ile-or_doc-JPH-r-1105x1536.jpg 1105w, https:\/\/capesterelascape.fr\/wp-content\/uploads\/2025\/08\/08-ile-or_doc-JPH-r-1200x1669.jpg 1200w, https:\/\/capesterelascape.fr\/wp-content\/uploads\/2025\/08\/08-ile-or_doc-JPH-r-1473x2048.jpg 1473w, https:\/\/capesterelascape.fr\/wp-content\/uploads\/2025\/08\/08-ile-or_doc-JPH-r-1600x2225.jpg 1600w\" data-sizes=\"auto\" data-orig-sizes=\"(max-width: 736px) 100vw, 736px\" \/><\/figure><div class=\"wp-block-media-text__content\">\n<p><strong>Septembre 1909 &#8211;&nbsp; le docteur Lutaud d\u00e9cide de faire construire une tour sur son ile. Il est \u00e2g\u00e9 de 62 ans.<\/strong><\/p>\n<\/div><\/div>\n\n\n\n<p>En 16 mois , une tour sarrasine \u00e0 base carr\u00e9e surmont\u00e9e d\u2019un chemin de ronde cr\u00e9nel\u00e9 est construite.<\/p>\n\n\n\n<p>La pierre est extraite de l\u2019ile par des carriers du Dramont.<\/p>\n\n\n\n<p>La tour mesure 18 m\u00e8tres de haut, 8 m\u00e8tres de large, les murs ont 1 m\u00e8tre d\u2019\u00e9paisseur \u00e0 la base, 5 \u00e9tages.<\/p>\n\n\n\n<p><strong>1910, le 19 septembre le Dr Lutaud organise une grande f\u00eate pour l\u2019inauguration de la tour.<\/strong><\/p>\n\n\n\n<p><em>&#8221; Sur ce \u00abterritoire ind\u00e9pendant\u00bb et pour parfaire ce moment solennel, une fanfare joue l\u2019hymne national de l\u2019\u00eele d\u2019Or, lors de l\u2019arriv\u00e9e des nombreux invit\u00e9s, dont Angelo Mariani et Xavier Paoli. On note parmi une centaine de personnes, la pr\u00e9sence du pr\u00e9fet du Var, Louis Hudelo, d\u2019Oscar Roty, le c\u00e9l\u00e8bre graveur. Sans oublier Charles Carolus-Duran, artiste peintre. Tout cela sous un drapeau ceint d\u2019une \u00e9toile et d\u2019un croissant de lune. Ces privil\u00e9gi\u00e9s partent ensuite rejoindre la terre ferme du Dramont afin d\u2019aller d\u00e9jeuner avec les convives, dont de nombreux enfants, rest\u00e9s sur le continent.<\/em>&#8221;  copie du Blog Angelo Mariani<\/p>\n\n\n\n<figure class=\"wp-block-image size-large\"><img decoding=\"async\" width=\"1024\" height=\"735\" src=\"https:\/\/capesterelascape.fr\/wp-content\/uploads\/2025\/08\/04-ile-or_doc-JPH-1024x735.jpg\" data-orig-src=\"https:\/\/capesterelascape.fr\/wp-content\/uploads\/2025\/08\/04-ile-or_doc-JPH-1024x735.jpg\" alt=\"\" class=\"lazyload wp-image-22923\" srcset=\"data:image\/svg+xml,%3Csvg%20xmlns%3D%27http%3A%2F%2Fwww.w3.org%2F2000%2Fsvg%27%20width%3D%271024%27%20height%3D%27735%27%20viewBox%3D%270%200%201024%20735%27%3E%3Crect%20width%3D%271024%27%20height%3D%27735%27%20fill-opacity%3D%220%22%2F%3E%3C%2Fsvg%3E\" data-srcset=\"https:\/\/capesterelascape.fr\/wp-content\/uploads\/2025\/08\/04-ile-or_doc-JPH-50x36.jpg 50w, https:\/\/capesterelascape.fr\/wp-content\/uploads\/2025\/08\/04-ile-or_doc-JPH-200x144.jpg 200w, https:\/\/capesterelascape.fr\/wp-content\/uploads\/2025\/08\/04-ile-or_doc-JPH-300x215.jpg 300w, https:\/\/capesterelascape.fr\/wp-content\/uploads\/2025\/08\/04-ile-or_doc-JPH-400x287.jpg 400w, https:\/\/capesterelascape.fr\/wp-content\/uploads\/2025\/08\/04-ile-or_doc-JPH-600x431.jpg 600w, https:\/\/capesterelascape.fr\/wp-content\/uploads\/2025\/08\/04-ile-or_doc-JPH-768x551.jpg 768w, https:\/\/capesterelascape.fr\/wp-content\/uploads\/2025\/08\/04-ile-or_doc-JPH-800x574.jpg 800w, https:\/\/capesterelascape.fr\/wp-content\/uploads\/2025\/08\/04-ile-or_doc-JPH-1024x735.jpg 1024w, https:\/\/capesterelascape.fr\/wp-content\/uploads\/2025\/08\/04-ile-or_doc-JPH-1200x861.jpg 1200w, https:\/\/capesterelascape.fr\/wp-content\/uploads\/2025\/08\/04-ile-or_doc-JPH-1536x1102.jpg 1536w, https:\/\/capesterelascape.fr\/wp-content\/uploads\/2025\/08\/04-ile-or_doc-JPH-1600x1148.jpg 1600w\" data-sizes=\"auto\" data-orig-sizes=\"(max-width: 1024px) 100vw, 1024px\" \/><\/figure>\n\n\n\n<p>1910 \u2013 Banquet d\u2019Inauguration \u2013 document JP Herreyres<\/p>\n\n\n\n<p><strong>Le Dr LUTAUD se proclame \u00ab&nbsp;Roi de l\u2019Ile d\u2019Or&nbsp;\u00bb sous le nom d\u2019Auguste 1<sup>er<\/sup><\/strong>.<\/p>\n\n\n\n<p>Ce lundi 19 septembre 1910, le \u00ab&nbsp;roi&nbsp;\u00bb Lutaud, le jour de son investiture, choisit une petite fille m\u00e9ritante du Dramont. Selon certains, cette jeune enfant n\u2019est autre que la fille d\u2019un contrema\u00eetre italien, tailleur de pierres de la carri\u00e8re du Dramont. Elle se nomme Am\u00e9lie BORGINI. Auguste LUTAUD la d\u00e9signera \u00ab&nbsp;marraine de l\u2019\u00eele d\u2019Or&nbsp;\u00bb. Apr\u00e8s avoir re\u00e7u sa couronne et son sceptre, <em><br><\/em><\/p>\n\n\n\n<figure class=\"wp-block-image size-full is-resized\"><img decoding=\"async\" width=\"557\" height=\"277\" src=\"https:\/\/capesterelascape.fr\/wp-content\/uploads\/2025\/08\/14-Angelo-Mariani-rREC.jpg\" data-orig-src=\"https:\/\/capesterelascape.fr\/wp-content\/uploads\/2025\/08\/14-Angelo-Mariani-rREC.jpg\" alt=\"\" class=\"lazyload wp-image-23006\" style=\"width:1054px;height:auto\" srcset=\"data:image\/svg+xml,%3Csvg%20xmlns%3D%27http%3A%2F%2Fwww.w3.org%2F2000%2Fsvg%27%20width%3D%27557%27%20height%3D%27277%27%20viewBox%3D%270%200%20557%20277%27%3E%3Crect%20width%3D%27557%27%20height%3D%27277%27%20fill-opacity%3D%220%22%2F%3E%3C%2Fsvg%3E\" data-srcset=\"https:\/\/capesterelascape.fr\/wp-content\/uploads\/2025\/08\/14-Angelo-Mariani-rREC-50x25.jpg 50w, https:\/\/capesterelascape.fr\/wp-content\/uploads\/2025\/08\/14-Angelo-Mariani-rREC-200x99.jpg 200w, https:\/\/capesterelascape.fr\/wp-content\/uploads\/2025\/08\/14-Angelo-Mariani-rREC-300x149.jpg 300w, https:\/\/capesterelascape.fr\/wp-content\/uploads\/2025\/08\/14-Angelo-Mariani-rREC-400x199.jpg 400w, https:\/\/capesterelascape.fr\/wp-content\/uploads\/2025\/08\/14-Angelo-Mariani-rREC.jpg 557w\" data-sizes=\"auto\" data-orig-sizes=\"(max-width: 557px) 100vw, 557px\" \/><\/figure>\n\n\n\n<p>Angelo Mariani tout de blanc v\u00eatu \u00e0 genou devant la marraine : Am\u00e9lie BORGINI . Derri\u00e8re elle, le docteur Lutaud . (document site Angelo Mariani )<\/p>\n\n\n\n<h2 class=\"wp-block-heading\"><strong>Analyse de la photo de la c\u00e9r\u00e9monie par Anne Marie Guillot<\/strong><\/h2>\n\n\n\n<p>La photo montre Mariani, la cl\u00e9 de l\u2019Ile \u00e0 la main, qu\u2019il remettra ensuite \u00e0 la petite fille, charg\u00e9e de l\u2019offrir au roi Lutaud. Neptune, Antoine Coysevox 1705<\/p>\n\n\n\n<p>De son c\u00f4t\u00e9 Am\u00e9lie tient dans sa main droite ce qui sert de sceptre. On ne voit que sa partie sup\u00e9rieure termin\u00e9e par une fourche. <\/p>\n\n\n\n<p>On retrouve cette fourche sur les armoiries de la M\u00e9daille qui sera remise aux invit\u00e9es : un caduc\u00e9e y figure termin\u00e9 par une fourche. Le caduc\u00e9e rappelle la profession de Lutaud (m\u00e9decin) et la fourche celle de Neptune, Dieu de la Mer. Ces 2 symboles rappellent les 2 casquettes de Lutaud, m\u00e9decin et roi de l\u2019ile, voire m\u00eame ses 2 personnalit\u00e9s, bon vivant mais aussi m\u00e9decin. Am\u00e9lie conserva la cl\u00e9. Elle permettait aux cousins, rest\u00e9s au Dramont, de prouver leur appartenance \u00e0 la famille d\u2019Am\u00e9lie et de s\u2019approcher de l\u2019ile priv\u00e9e, voire d\u2019y accoster, pour y p\u00eacher.<\/p>\n\n\n\n<p>Au cours de cette c\u00e9r\u00e9monie, l\u2019\u00eele est baptis\u00e9e l\u2019\u00eele Sainte Am\u00e9lie. Mais elle ne conservera pas longtemps ce nom qui est m\u00eame effac\u00e9 des m\u00e9moires. Auguste 1er re\u00e7oit sa couronne et son sceptre et \u00e9coute avec attention les quelques vers r\u00e9cit\u00e9s par la marraine :<\/p>\n\n\n\n<p><em>Sire, acceptez sur ce plateau<br>Cette clef de fleurs entour\u00e9es&nbsp;;<br>Que cet hommage vous agr\u00e9e,<br>O Roi, le premier des Lutaud&nbsp;!<br>Grand souverain de l\u2019\u00eele d\u2019Or.<br>Pour vos sujets, soyez un p\u00e8re.<br>Que votre r\u00e8gne soit prosp\u00e8re<br>Pendant de bien longs jours encore<\/em> &#8211; <em>Vive le roi de l\u2019\u00eele d\u2019Or&nbsp;\u00bb !<\/em><\/p>\n\n\n\n<p><em>Extrait St Raphael Journal &#8211; 1910<\/em><\/p>\n\n\n\n<hr class=\"wp-block-separator has-alpha-channel-opacity is-style-dots\"\/>\n\n\n\n<p><strong>Dans la foul\u00e9e, il frappe monnaie, timbre et papier officiel avec la cr\u00e9ation d\u2019un hymne national.<\/strong><\/p>\n\n\n\n<figure class=\"wp-block-gallery has-nested-images columns-default is-cropped wp-block-gallery-1 is-layout-flex wp-block-gallery-is-layout-flex\">\n<figure class=\"wp-block-image size-large\"><img decoding=\"async\" width=\"712\" height=\"712\" data-id=\"22773\" src=\"https:\/\/capesterelascape.fr\/wp-content\/uploads\/2025\/08\/10-Lutaud-recto_bdef-.jpg\" data-orig-src=\"https:\/\/capesterelascape.fr\/wp-content\/uploads\/2025\/08\/10-Lutaud-recto_bdef-.jpg\" alt=\"\" class=\"lazyload wp-image-22773\" srcset=\"data:image\/svg+xml,%3Csvg%20xmlns%3D%27http%3A%2F%2Fwww.w3.org%2F2000%2Fsvg%27%20width%3D%27712%27%20height%3D%27712%27%20viewBox%3D%270%200%20712%20712%27%3E%3Crect%20width%3D%27712%27%20height%3D%27712%27%20fill-opacity%3D%220%22%2F%3E%3C%2Fsvg%3E\" data-srcset=\"https:\/\/capesterelascape.fr\/wp-content\/uploads\/2025\/08\/10-Lutaud-recto_bdef--50x50.jpg 50w, https:\/\/capesterelascape.fr\/wp-content\/uploads\/2025\/08\/10-Lutaud-recto_bdef--66x66.jpg 66w, https:\/\/capesterelascape.fr\/wp-content\/uploads\/2025\/08\/10-Lutaud-recto_bdef--150x150.jpg 150w, https:\/\/capesterelascape.fr\/wp-content\/uploads\/2025\/08\/10-Lutaud-recto_bdef--200x200.jpg 200w, https:\/\/capesterelascape.fr\/wp-content\/uploads\/2025\/08\/10-Lutaud-recto_bdef--300x300.jpg 300w, https:\/\/capesterelascape.fr\/wp-content\/uploads\/2025\/08\/10-Lutaud-recto_bdef--400x400.jpg 400w, https:\/\/capesterelascape.fr\/wp-content\/uploads\/2025\/08\/10-Lutaud-recto_bdef--600x600.jpg 600w, https:\/\/capesterelascape.fr\/wp-content\/uploads\/2025\/08\/10-Lutaud-recto_bdef-.jpg 712w\" data-sizes=\"auto\" data-orig-sizes=\"(max-width: 712px) 100vw, 712px\" \/><\/figure>\n\n\n\n<figure class=\"wp-block-image size-large\"><img decoding=\"async\" width=\"712\" height=\"712\" data-id=\"22777\" src=\"https:\/\/capesterelascape.fr\/wp-content\/uploads\/2025\/08\/11-Lutaud-verso_bdef.jpg\" data-orig-src=\"https:\/\/capesterelascape.fr\/wp-content\/uploads\/2025\/08\/11-Lutaud-verso_bdef.jpg\" alt=\"\" class=\"lazyload wp-image-22777\" srcset=\"data:image\/svg+xml,%3Csvg%20xmlns%3D%27http%3A%2F%2Fwww.w3.org%2F2000%2Fsvg%27%20width%3D%27712%27%20height%3D%27712%27%20viewBox%3D%270%200%20712%20712%27%3E%3Crect%20width%3D%27712%27%20height%3D%27712%27%20fill-opacity%3D%220%22%2F%3E%3C%2Fsvg%3E\" data-srcset=\"https:\/\/capesterelascape.fr\/wp-content\/uploads\/2025\/08\/11-Lutaud-verso_bdef-50x50.jpg 50w, https:\/\/capesterelascape.fr\/wp-content\/uploads\/2025\/08\/11-Lutaud-verso_bdef-66x66.jpg 66w, https:\/\/capesterelascape.fr\/wp-content\/uploads\/2025\/08\/11-Lutaud-verso_bdef-150x150.jpg 150w, https:\/\/capesterelascape.fr\/wp-content\/uploads\/2025\/08\/11-Lutaud-verso_bdef-200x200.jpg 200w, https:\/\/capesterelascape.fr\/wp-content\/uploads\/2025\/08\/11-Lutaud-verso_bdef-300x300.jpg 300w, https:\/\/capesterelascape.fr\/wp-content\/uploads\/2025\/08\/11-Lutaud-verso_bdef-400x400.jpg 400w, https:\/\/capesterelascape.fr\/wp-content\/uploads\/2025\/08\/11-Lutaud-verso_bdef-600x600.jpg 600w, https:\/\/capesterelascape.fr\/wp-content\/uploads\/2025\/08\/11-Lutaud-verso_bdef.jpg 712w\" data-sizes=\"auto\" data-orig-sizes=\"(max-width: 712px) 100vw, 712px\" \/><\/figure>\n<\/figure>\n\n\n\n<p class=\"has-text-align-center\">&#8211; M\u00e9daille en argent de 35 mm de diam\u00e8tre, poids&nbsp;: 21 G, frapp\u00e9e par L. Patriarchi.- Photos et Collection Philippe PONS <\/p>\n\n\n\n<h2 class=\"wp-block-heading\"><strong>Analyse de la M\u00e9daille comm\u00e9morative par Norbert Guillot<\/strong><\/h2>\n\n\n\n<p> Une M\u00e9daille est \u00e9dit\u00e9e pour l\u2019occasion, offerte aux invit\u00e9s, d\u2019argent ou de bronze sans doute selon le rang de la personne.<\/p>\n\n\n\n<p><strong>I-\/-Le revers<\/strong><\/p>\n\n\n\n<p> La tour sur son rocher \u00e9clair\u00e9e par un croissant de lune et une \u00e9toile. Les rais sur la gauche correspondent \u00e0 une symbolique qui nous \u00e9chappe. Autour de l\u2019ensemble l\u2019inscription \u00ab Augustus Primus Insulae Aure\u00e6 Proprio Motu Rex\u201d\u2014 Auguste Premier de sa propre volont\u00e9 roi de l\u2019\u00eele d&#8217;Or \u2014 En bas \u00e0 droite, une inscription L. Patriarchi, le nom du graveur I<\/p>\n\n\n\n<p><strong>I\/ Le recto :<\/strong> <\/p>\n\n\n\n<p><strong>L\u2019Ecu <\/strong>: les armoiries au centre du recto et leur signification h\u00e9raldique &#8211; Ornements ext\u00e9rieurs de l\u2019\u00e9cu : L\u2019\u00e9cu se pr\u00e9sente avec en chef une couronne royale et en soutien deux salamandres (sous toutes r\u00e9serves). La salamandre est le symbole de la pierre port\u00e9e au rouge, ici elles sont dites rampantes selon le vocabulaire h\u00e9raldique (c.a.d. dress\u00e9es sur une patte) &#8211; Ecu \u00e9cartel\u00e9 dont tous les quartiers pr\u00e9sentent des traits horizontaux symbolisant les ondes c.a.d. la mer<\/p>\n\n\n\n<div class=\"wp-block-media-text is-stacked-on-mobile\" style=\"grid-template-columns:16% auto\"><figure class=\"wp-block-media-text__media\"><img decoding=\"async\" width=\"344\" height=\"371\" src=\"https:\/\/capesterelascape.fr\/wp-content\/uploads\/2025\/08\/medaille-GP.png\" data-orig-src=\"https:\/\/capesterelascape.fr\/wp-content\/uploads\/2025\/08\/medaille-GP.png\" alt=\"\" class=\"lazyload wp-image-22959 size-full\" srcset=\"data:image\/svg+xml,%3Csvg%20xmlns%3D%27http%3A%2F%2Fwww.w3.org%2F2000%2Fsvg%27%20width%3D%27344%27%20height%3D%27371%27%20viewBox%3D%270%200%20344%20371%27%3E%3Crect%20width%3D%27344%27%20height%3D%27371%27%20fill-opacity%3D%220%22%2F%3E%3C%2Fsvg%3E\" data-srcset=\"https:\/\/capesterelascape.fr\/wp-content\/uploads\/2025\/08\/medaille-GP-50x54.png 50w, https:\/\/capesterelascape.fr\/wp-content\/uploads\/2025\/08\/medaille-GP-200x216.png 200w, https:\/\/capesterelascape.fr\/wp-content\/uploads\/2025\/08\/medaille-GP-278x300.png 278w, https:\/\/capesterelascape.fr\/wp-content\/uploads\/2025\/08\/medaille-GP.png 344w\" data-sizes=\"auto\" data-orig-sizes=\"(max-width: 344px) 100vw, 344px\" \/><\/figure><div class=\"wp-block-media-text__content\">\n<p>&#8211; En 1 : une tour pos\u00e9e sur un rocher <\/p>\n\n\n\n<p>&#8211; En 2 :  un croissant tourn\u00e9 en senestre, accompagn\u00e9 en ab\u00eeme (centre) d\u2019une \u00e9toile \u00e0 5 pointes (branches). Senestre en langage h\u00e9raldique c\u2019est la droite et non la gauche car la description se fait depuis le porteur d\u2019arme et non depuis l\u2019observateur. Tourn\u00e9 vers la droite il symbolise la prosp\u00e9rit\u00e9 glorieuse <\/p>\n\n\n\n<p>&#8211; En 3 : un caduc\u00e9e rappelant sa profession, termin\u00e9 par une fourche telle celle de Neptune, Dieu de la Mer. Ces 2 symboles (caduc\u00e9e et fourche) rappellent donc la profession de Lutaud et sa fonction de roi de l\u2019Ile transform\u00e9e en Dieu. <\/p>\n\n\n\n<p>&#8211; En 4 : une langouste, signe d\u2019abondance en langage h\u00e9raldique \u2013<\/p>\n<\/div><\/div>\n\n\n\n<p><strong>La devise : <\/strong>\u00ab Insulae Aure\u00e6 Proprio Motu \u00bb\/ Ile d\u2019or de sa propre initiative. Sans doute s\u2019agissait-il d\u2019avancer que l\u2019\u00eele \u00e9tait reconnaissable entre toutes ce qui justifie d\u2019ailleurs la devise adopt\u00e9e par Lutaud mais qui ne figure pas comme telle sur la m\u00e9daille : \u00ab Ton salut est dans la sinc\u00e9rit\u00e9 \u00bb. Dans cette devise est incluse, au d\u00e9but de la phrase et en Arabe oriental selon le calendrier h\u00e9girien \u0661\u0662\u0662\u0667 (1227) soit 1812 du calendrier gr\u00e9gorien ce qui ne correspond \u00e0 aucun \u00e9v\u00e9nement pour le royaume. On peut supposer qu&#8217;en r\u00e9alit\u00e9 il s\u2019agit de \u0661\u0663\u0662<strong>\u06f7 <\/strong>(1327) soit 1909 date d&#8217;acquisition de l\u2019\u00eele. Le second chiffre \u0663 \u00e9tant, par m\u00e9connaissance de l\u2019Arabe ou par difficult\u00e9 de gravure, devenu \u0662.<\/p>\n\n\n\n<p><strong>&#8211; Le cadre vierge au bas de l\u2019\u00e9cu <\/strong>: Emplacement destin\u00e9 \u00e0 recueillir le nom de la personne \u00e0 laquelle elle sera destin\u00e9e &#8211; La date d\u2019\u00e9mission : Tout en bas MCCCXXVIII (1328) soit 1910 date \u00e0 laquelle est proclam\u00e9 le royaume : 19 septembre 1910 ou 14 Ramadan 1328.<\/p>\n\n\n\n<p>&#8211; <strong>Tout autour de la m\u00e9daille<\/strong> une inscription en caract\u00e8res arabes <strong>\u0627\u0644\u062c\u064e\u0627\u0632\u0650\u064a\u0631 \u0627\u0644\u0635\u0651\u062f\u0642 <\/strong>\u00ab l&#8217;\u00eele cr\u00e9dible \u00bb ou \u00eele (el djezair) sinc\u00e8re authentique, r\u00e9p\u00e9t\u00e9e quatre fois. Cette devise en arabe est sans doute un clin d\u2019\u0153il d&#8217;Auguste Lutaud \u00e0 son fr\u00e8re, gouverneur d\u2019Alg\u00e9rie, invit\u00e9 \u00e0 la c\u00e9r\u00e9monie.<\/p>\n\n\n\n<hr class=\"wp-block-separator has-alpha-channel-opacity is-style-dots\"\/>\n\n\n\n<p>Auguste&nbsp;I<sup>er<\/sup>&nbsp;\u00e9met d\u00e8s 1910<a href=\"https:\/\/fr.wikipedia.org\/wiki\/%C3%8Ele_d%27Or#cite_note-374\"><sup>[<\/sup><\/a> &nbsp;des&nbsp;vignettes&nbsp;bleues et blanches aux formats portait \u2014&nbsp;19&nbsp;\u00d7&nbsp;24&nbsp;mm&nbsp;\u2014 et paysage \u2014&nbsp;40&nbsp;\u00d7&nbsp;23&nbsp;mm&nbsp;\u2014, ayant l&#8217;apparence de&nbsp;timbres postaux, comm\u00e9morant l&#8217;av\u00e8nement de son royaume.<\/p>\n\n\n\n<figure class=\"wp-block-image aligncenter size-full\"><img decoding=\"async\" width=\"800\" height=\"499\" src=\"https:\/\/capesterelascape.fr\/wp-content\/uploads\/2025\/08\/12-fond-Carlini_Timbre.jpg\" data-orig-src=\"https:\/\/capesterelascape.fr\/wp-content\/uploads\/2025\/08\/12-fond-Carlini_Timbre.jpg\" alt=\"\" class=\"lazyload wp-image-22781\" srcset=\"data:image\/svg+xml,%3Csvg%20xmlns%3D%27http%3A%2F%2Fwww.w3.org%2F2000%2Fsvg%27%20width%3D%27800%27%20height%3D%27499%27%20viewBox%3D%270%200%20800%20499%27%3E%3Crect%20width%3D%27800%27%20height%3D%27499%27%20fill-opacity%3D%220%22%2F%3E%3C%2Fsvg%3E\" data-srcset=\"https:\/\/capesterelascape.fr\/wp-content\/uploads\/2025\/08\/12-fond-Carlini_Timbre-50x31.jpg 50w, https:\/\/capesterelascape.fr\/wp-content\/uploads\/2025\/08\/12-fond-Carlini_Timbre-200x125.jpg 200w, https:\/\/capesterelascape.fr\/wp-content\/uploads\/2025\/08\/12-fond-Carlini_Timbre-300x187.jpg 300w, https:\/\/capesterelascape.fr\/wp-content\/uploads\/2025\/08\/12-fond-Carlini_Timbre-400x250.jpg 400w, https:\/\/capesterelascape.fr\/wp-content\/uploads\/2025\/08\/12-fond-Carlini_Timbre-600x374.jpg 600w, https:\/\/capesterelascape.fr\/wp-content\/uploads\/2025\/08\/12-fond-Carlini_Timbre-768x479.jpg 768w, https:\/\/capesterelascape.fr\/wp-content\/uploads\/2025\/08\/12-fond-Carlini_Timbre.jpg 800w\" data-sizes=\"auto\" data-orig-sizes=\"(max-width: 800px) 100vw, 800px\" \/><\/figure>\n\n\n\n<figure class=\"wp-block-image size-large\"><img decoding=\"async\" width=\"1024\" height=\"645\" src=\"https:\/\/capesterelascape.fr\/wp-content\/uploads\/2025\/08\/carte-postale-1910-1-1024x645.jpg\" data-orig-src=\"https:\/\/capesterelascape.fr\/wp-content\/uploads\/2025\/08\/carte-postale-1910-1-1024x645.jpg\" alt=\"\" class=\"lazyload wp-image-23014\" srcset=\"data:image\/svg+xml,%3Csvg%20xmlns%3D%27http%3A%2F%2Fwww.w3.org%2F2000%2Fsvg%27%20width%3D%271024%27%20height%3D%27645%27%20viewBox%3D%270%200%201024%20645%27%3E%3Crect%20width%3D%271024%27%20height%3D%27645%27%20fill-opacity%3D%220%22%2F%3E%3C%2Fsvg%3E\" data-srcset=\"https:\/\/capesterelascape.fr\/wp-content\/uploads\/2025\/08\/carte-postale-1910-1-50x32.jpg 50w, https:\/\/capesterelascape.fr\/wp-content\/uploads\/2025\/08\/carte-postale-1910-1-200x126.jpg 200w, https:\/\/capesterelascape.fr\/wp-content\/uploads\/2025\/08\/carte-postale-1910-1-300x189.jpg 300w, https:\/\/capesterelascape.fr\/wp-content\/uploads\/2025\/08\/carte-postale-1910-1-320x202.jpg 320w, https:\/\/capesterelascape.fr\/wp-content\/uploads\/2025\/08\/carte-postale-1910-1-400x252.jpg 400w, https:\/\/capesterelascape.fr\/wp-content\/uploads\/2025\/08\/carte-postale-1910-1-600x378.jpg 600w, https:\/\/capesterelascape.fr\/wp-content\/uploads\/2025\/08\/carte-postale-1910-1-700x441.jpg 700w, https:\/\/capesterelascape.fr\/wp-content\/uploads\/2025\/08\/carte-postale-1910-1-768x484.jpg 768w, https:\/\/capesterelascape.fr\/wp-content\/uploads\/2025\/08\/carte-postale-1910-1-800x504.jpg 800w, https:\/\/capesterelascape.fr\/wp-content\/uploads\/2025\/08\/carte-postale-1910-1-1024x645.jpg 1024w, https:\/\/capesterelascape.fr\/wp-content\/uploads\/2025\/08\/carte-postale-1910-1.jpg 1176w\" data-sizes=\"auto\" data-orig-sizes=\"(max-width: 1024px) 100vw, 1024px\" \/><\/figure>\n\n\n\n<hr class=\"wp-block-separator has-alpha-channel-opacity is-style-dots\"\/>\n\n\n\n<div class=\"wp-block-group has-border-color has-terracotta-border-color has-global-padding is-layout-constrained wp-block-group-is-layout-constrained\" style=\"border-width:3px;padding-top:var(--wp--preset--spacing--30);padding-bottom:var(--wp--preset--spacing--30)\">\n<p class=\"has-text-align-center\"><strong>1913 : Auguste&nbsp;I<sup>er<\/sup>&nbsp;donne une grande f\u00eate en l&#8217;honneur de la visite officielle de son fr\u00e8re cadet&nbsp;Charles Lutaud (1855-1921) gouverneur g\u00e9n\u00e9ral de l&#8217;Alg\u00e9rie de 1911&nbsp;\u00e0 1918<\/strong>.<\/p>\n\n\n\n<figure class=\"wp-block-image aligncenter size-full\"><img decoding=\"async\" width=\"635\" height=\"427\" src=\"https:\/\/capesterelascape.fr\/wp-content\/uploads\/2025\/08\/1913-invitation.png\" data-orig-src=\"https:\/\/capesterelascape.fr\/wp-content\/uploads\/2025\/08\/1913-invitation.png\" alt=\"\" class=\"lazyload wp-image-23018\" srcset=\"data:image\/svg+xml,%3Csvg%20xmlns%3D%27http%3A%2F%2Fwww.w3.org%2F2000%2Fsvg%27%20width%3D%27635%27%20height%3D%27427%27%20viewBox%3D%270%200%20635%20427%27%3E%3Crect%20width%3D%27635%27%20height%3D%27427%27%20fill-opacity%3D%220%22%2F%3E%3C%2Fsvg%3E\" data-srcset=\"https:\/\/capesterelascape.fr\/wp-content\/uploads\/2025\/08\/1913-invitation-50x34.png 50w, https:\/\/capesterelascape.fr\/wp-content\/uploads\/2025\/08\/1913-invitation-200x134.png 200w, https:\/\/capesterelascape.fr\/wp-content\/uploads\/2025\/08\/1913-invitation-300x202.png 300w, https:\/\/capesterelascape.fr\/wp-content\/uploads\/2025\/08\/1913-invitation-400x269.png 400w, https:\/\/capesterelascape.fr\/wp-content\/uploads\/2025\/08\/1913-invitation-600x403.png 600w, https:\/\/capesterelascape.fr\/wp-content\/uploads\/2025\/08\/1913-invitation.png 635w\" data-sizes=\"auto\" data-orig-sizes=\"(max-width: 635px) 100vw, 635px\" \/><figcaption class=\"wp-element-caption\">une Invitation &#8211; source livre Marcel Carlini &#8211; Le temps retrouv\u00e9<\/figcaption><\/figure>\n\n\n\n<figure class=\"wp-block-image aligncenter size-full\"><img decoding=\"async\" width=\"750\" height=\"431\" src=\"https:\/\/capesterelascape.fr\/wp-content\/uploads\/2025\/08\/13-banquet-ile-or_doc-JPH.jpg\" data-orig-src=\"https:\/\/capesterelascape.fr\/wp-content\/uploads\/2025\/08\/13-banquet-ile-or_doc-JPH.jpg\" alt=\"\" class=\"lazyload wp-image-22765\" srcset=\"data:image\/svg+xml,%3Csvg%20xmlns%3D%27http%3A%2F%2Fwww.w3.org%2F2000%2Fsvg%27%20width%3D%27750%27%20height%3D%27431%27%20viewBox%3D%270%200%20750%20431%27%3E%3Crect%20width%3D%27750%27%20height%3D%27431%27%20fill-opacity%3D%220%22%2F%3E%3C%2Fsvg%3E\" data-srcset=\"https:\/\/capesterelascape.fr\/wp-content\/uploads\/2025\/08\/13-banquet-ile-or_doc-JPH-50x29.jpg 50w, https:\/\/capesterelascape.fr\/wp-content\/uploads\/2025\/08\/13-banquet-ile-or_doc-JPH-200x115.jpg 200w, https:\/\/capesterelascape.fr\/wp-content\/uploads\/2025\/08\/13-banquet-ile-or_doc-JPH-300x172.jpg 300w, https:\/\/capesterelascape.fr\/wp-content\/uploads\/2025\/08\/13-banquet-ile-or_doc-JPH-400x230.jpg 400w, https:\/\/capesterelascape.fr\/wp-content\/uploads\/2025\/08\/13-banquet-ile-or_doc-JPH-600x345.jpg 600w, https:\/\/capesterelascape.fr\/wp-content\/uploads\/2025\/08\/13-banquet-ile-or_doc-JPH.jpg 750w\" data-sizes=\"auto\" data-orig-sizes=\"(max-width: 750px) 100vw, 750px\" \/><\/figure>\n\n\n\n<div class=\"wp-block-group has-global-padding is-layout-constrained wp-block-group-is-layout-constrained\">\n<div class=\"wp-block-columns is-layout-flex wp-container-core-columns-is-layout-28f84493 wp-block-columns-is-layout-flex\">\n<div class=\"wp-block-column is-layout-flow wp-block-column-is-layout-flow\" style=\"flex-basis:33.33%\">\n<figure class=\"wp-block-image size-large is-resized\" style=\"margin-right:var(--wp--preset--spacing--30);margin-left:var(--wp--preset--spacing--30)\"><img decoding=\"async\" width=\"650\" height=\"1024\" src=\"https:\/\/capesterelascape.fr\/wp-content\/uploads\/2025\/08\/16-le-petit-nicois-R-1-650x1024.jpg\" data-orig-src=\"https:\/\/capesterelascape.fr\/wp-content\/uploads\/2025\/08\/16-le-petit-nicois-R-1-650x1024.jpg\" alt=\"\" class=\"lazyload wp-image-23046\" style=\"width:348px;height:auto\" srcset=\"data:image\/svg+xml,%3Csvg%20xmlns%3D%27http%3A%2F%2Fwww.w3.org%2F2000%2Fsvg%27%20width%3D%27650%27%20height%3D%271024%27%20viewBox%3D%270%200%20650%201024%27%3E%3Crect%20width%3D%27650%27%20height%3D%271024%27%20fill-opacity%3D%220%22%2F%3E%3C%2Fsvg%3E\" data-srcset=\"https:\/\/capesterelascape.fr\/wp-content\/uploads\/2025\/08\/16-le-petit-nicois-R-1-50x79.jpg 50w, https:\/\/capesterelascape.fr\/wp-content\/uploads\/2025\/08\/16-le-petit-nicois-R-1-191x300.jpg 191w, https:\/\/capesterelascape.fr\/wp-content\/uploads\/2025\/08\/16-le-petit-nicois-R-1-200x315.jpg 200w, https:\/\/capesterelascape.fr\/wp-content\/uploads\/2025\/08\/16-le-petit-nicois-R-1-400x630.jpg 400w, https:\/\/capesterelascape.fr\/wp-content\/uploads\/2025\/08\/16-le-petit-nicois-R-1-600x945.jpg 600w, https:\/\/capesterelascape.fr\/wp-content\/uploads\/2025\/08\/16-le-petit-nicois-R-1-650x1024.jpg 650w, https:\/\/capesterelascape.fr\/wp-content\/uploads\/2025\/08\/16-le-petit-nicois-R-1-768x1209.jpg 768w, https:\/\/capesterelascape.fr\/wp-content\/uploads\/2025\/08\/16-le-petit-nicois-R-1-800x1259.jpg 800w, https:\/\/capesterelascape.fr\/wp-content\/uploads\/2025\/08\/16-le-petit-nicois-R-1.jpg 930w\" data-sizes=\"auto\" data-orig-sizes=\"(max-width: 650px) 100vw, 650px\" \/><\/figure>\n<\/div>\n\n\n\n<div class=\"wp-block-column is-layout-flow wp-block-column-is-layout-flow\" style=\"flex-basis:66.66%\">\n<figure class=\"wp-block-image size-full\"><img decoding=\"async\" width=\"590\" height=\"541\" src=\"https:\/\/capesterelascape.fr\/wp-content\/uploads\/2025\/08\/17-le-petit-nicois-1913-2-1.jpg\" data-orig-src=\"https:\/\/capesterelascape.fr\/wp-content\/uploads\/2025\/08\/17-le-petit-nicois-1913-2-1.jpg\" alt=\"\" class=\"lazyload wp-image-23050\" srcset=\"data:image\/svg+xml,%3Csvg%20xmlns%3D%27http%3A%2F%2Fwww.w3.org%2F2000%2Fsvg%27%20width%3D%27590%27%20height%3D%27541%27%20viewBox%3D%270%200%20590%20541%27%3E%3Crect%20width%3D%27590%27%20height%3D%27541%27%20fill-opacity%3D%220%22%2F%3E%3C%2Fsvg%3E\" data-srcset=\"https:\/\/capesterelascape.fr\/wp-content\/uploads\/2025\/08\/17-le-petit-nicois-1913-2-1-50x46.jpg 50w, https:\/\/capesterelascape.fr\/wp-content\/uploads\/2025\/08\/17-le-petit-nicois-1913-2-1-200x183.jpg 200w, https:\/\/capesterelascape.fr\/wp-content\/uploads\/2025\/08\/17-le-petit-nicois-1913-2-1-300x275.jpg 300w, https:\/\/capesterelascape.fr\/wp-content\/uploads\/2025\/08\/17-le-petit-nicois-1913-2-1-400x367.jpg 400w, https:\/\/capesterelascape.fr\/wp-content\/uploads\/2025\/08\/17-le-petit-nicois-1913-2-1.jpg 590w\" data-sizes=\"auto\" data-orig-sizes=\"(max-width: 590px) 100vw, 590px\" \/><\/figure>\n<\/div>\n<\/div>\n\n\n\n<p class=\"has-text-align-center\"><strong>Le Petit Ni\u00e7ois -1913<\/strong><\/p>\n<\/div>\n<\/div>\n\n\n\n<hr class=\"wp-block-separator has-alpha-channel-opacity is-style-dots\"\/>\n\n\n\n<h2 class=\"wp-block-heading\"><strong>Les facettes du Docteur LUTAUD ?<\/strong><\/h2>\n\n\n\n<p>Il est d\u00e9cor\u00e9 de la L\u00e9gion d&#8217;honneur en 1883.<\/p>\n\n\n\n<p>1914 &#8211; Avec la Grande Guerre qui commence le Dr Lutaud retourne en Bourgogne et devient m\u00e9decin \u00e0 Macon dans les hopitaux militaires.<\/p>\n\n\n\n<p>Directeur de publication de&nbsp;<em>L&#8217;Argus m\u00e9dical<\/em>&nbsp;(1896-1898), du&nbsp;<em>Journal de m\u00e9decine de Paris<\/em>&nbsp;et de&nbsp;<em>La M\u00e9decine anecdotique, historique, litt\u00e9raire<\/em>&nbsp;(1901-1904), Auguste Lutaud est aussi \u00e0 l&#8217;origine de la publication du&nbsp;<em>Parnasse hippocratique<\/em>, recueil de po\u00e9sies fantaisistes, tir\u00e9es de diff\u00e9rents auteurs plus ou moins dr\u00f4latiques, sous le pseudonyme de Docteur Minime en 1884.<\/p>\n\n\n\n<div class=\"wp-block-media-text is-stacked-on-mobile\" style=\"grid-template-columns:18% auto\"><figure class=\"wp-block-media-text__media\"><img decoding=\"async\" width=\"191\" height=\"300\" src=\"https:\/\/capesterelascape.fr\/wp-content\/uploads\/2025\/08\/pasteur.webp\" data-orig-src=\"https:\/\/capesterelascape.fr\/wp-content\/uploads\/2025\/08\/pasteur.webp\" alt=\"\" class=\"lazyload wp-image-22899 size-full\" srcset=\"data:image\/svg+xml,%3Csvg%20xmlns%3D%27http%3A%2F%2Fwww.w3.org%2F2000%2Fsvg%27%20width%3D%27191%27%20height%3D%27300%27%20viewBox%3D%270%200%20191%20300%27%3E%3Crect%20width%3D%27191%27%20height%3D%27300%27%20fill-opacity%3D%220%22%2F%3E%3C%2Fsvg%3E\" data-srcset=\"https:\/\/capesterelascape.fr\/wp-content\/uploads\/2025\/08\/pasteur-50x79.webp 50w, https:\/\/capesterelascape.fr\/wp-content\/uploads\/2025\/08\/pasteur.webp 191w\" data-sizes=\"auto\" data-orig-sizes=\"(max-width: 191px) 100vw, 191px\" \/><\/figure><div class=\"wp-block-media-text__content\">\n<p class=\"has-vivid-terracotta-color has-text-color has-link-color has-large-font-size wp-elements-6f6c8242b54dedf53127a3852e330143\"><strong>Auguste LUTAUD fut un opposant aux vaccins et \u00e0 PASTEUR<\/strong><\/p>\n\n\n\n<p>\u00ab&nbsp; <strong>M. Pasteur ne gu\u00e9rit pas la rage, il la donne.&nbsp; <\/strong>\u00bb Voici comment le Dr Auguste Lutaud introduit son livre&nbsp;: \u00ab Il y a un an que M.&nbsp; Pasteur communiquait \u00e0 l&#8217;Acad\u00e9mie de m\u00e9decine un proc\u00e9d\u00e9 de traitement infaillible de la rage. Ce traitement, pompeusement et bruyamment annonc\u00e9, s&#8217;appuyait alors sur un seul fait : la gu\u00e9rison (?) du jeune Meister. [&#8230;] N\u00e9gligeant la clinique, foulant aux pieds les donn\u00e9es les plus \u00e9l\u00e9mentaires de la m\u00e9decine traditionnelle, M.&nbsp;Pasteur, nouvel hercule, s&#8217;\u00e9tait content\u00e9 de la simple affirmation. Nouveau proph\u00e8te, il avait pos\u00e9 les fondements d&#8217;une nouvelle \u00e9glise. Tel s&#8217;est pr\u00e9sent\u00e9 le c\u00e9l\u00e8bre chimiste lorsqu&#8217;il a pr\u00e9tendu avoir trouv\u00e9 un traitement infaillible de la rage, avant m\u00eame que le temps n\u00e9cessaire \u00e0 l&#8217;incubation de la maladie ait permis de contr\u00f4ler cette t\u00e9m\u00e9raire affirmation. Non seulement M.&nbsp;Pasteur affirmait sans preuves, mais il employait pour la divulgation de cette pr\u00e9tendue d\u00e9couverte des proc\u00e9d\u00e9s que la science, et particuli\u00e8rement la science m\u00e9dicale, a toujours consid\u00e9r\u00e9s comme indignes d&#8217;elle. [&#8230;] C&#8217;est alors que nous avons entrepris dans le Journal de M\u00e9decine cette lutte qui dura plus d&#8217;une ann\u00e9e. Ceux de nos lecteurs &#8211; et ils sont nombreux &#8211; qui ont appuy\u00e9 nos efforts et nous ont aid\u00e9s de leurs conseils, ont pu seuls comprendre combien il a \u00e9t\u00e9 difficile de recueillir les documents qui ont permis de d\u00e9montrer que non seulement M.&nbsp;Pasteur ne gu\u00e9rissait pas la rage \u2026<\/p>\n<\/div><\/div>\n\n\n\n<div style=\"height:18px\" aria-hidden=\"true\" class=\"wp-block-spacer\"><\/div>\n\n\n\n<div class=\"wp-block-group has-global-padding is-layout-constrained wp-block-group-is-layout-constrained\">\n<figure class=\"wp-block-gallery has-nested-images columns-default is-cropped wp-block-gallery-2 is-layout-flex wp-block-gallery-is-layout-flex\" style=\"border-width:3px\">\n<figure class=\"wp-block-image size-large has-custom-border\" style=\"margin-right:0;margin-left:0\"><img decoding=\"async\" width=\"613\" height=\"1024\" data-id=\"22911\" src=\"https:\/\/capesterelascape.fr\/wp-content\/uploads\/2025\/08\/lutaud-613x1024.jpg\" data-orig-src=\"https:\/\/capesterelascape.fr\/wp-content\/uploads\/2025\/08\/lutaud-613x1024.jpg\" alt=\"\" class=\"lazyload wp-image-22911\" style=\"border-style:none;border-width:0px\" srcset=\"data:image\/svg+xml,%3Csvg%20xmlns%3D%27http%3A%2F%2Fwww.w3.org%2F2000%2Fsvg%27%20width%3D%27613%27%20height%3D%271024%27%20viewBox%3D%270%200%20613%201024%27%3E%3Crect%20width%3D%27613%27%20height%3D%271024%27%20fill-opacity%3D%220%22%2F%3E%3C%2Fsvg%3E\" data-srcset=\"https:\/\/capesterelascape.fr\/wp-content\/uploads\/2025\/08\/lutaud-50x84.jpg 50w, https:\/\/capesterelascape.fr\/wp-content\/uploads\/2025\/08\/lutaud-180x300.jpg 180w, https:\/\/capesterelascape.fr\/wp-content\/uploads\/2025\/08\/lutaud-200x334.jpg 200w, https:\/\/capesterelascape.fr\/wp-content\/uploads\/2025\/08\/lutaud-400x668.jpg 400w, https:\/\/capesterelascape.fr\/wp-content\/uploads\/2025\/08\/lutaud-600x1003.jpg 600w, https:\/\/capesterelascape.fr\/wp-content\/uploads\/2025\/08\/lutaud-613x1024.jpg 613w, https:\/\/capesterelascape.fr\/wp-content\/uploads\/2025\/08\/lutaud-768x1283.jpg 768w, https:\/\/capesterelascape.fr\/wp-content\/uploads\/2025\/08\/lutaud-800x1337.jpg 800w, https:\/\/capesterelascape.fr\/wp-content\/uploads\/2025\/08\/lutaud-919x1536.jpg 919w, https:\/\/capesterelascape.fr\/wp-content\/uploads\/2025\/08\/lutaud-1200x2005.jpg 1200w, https:\/\/capesterelascape.fr\/wp-content\/uploads\/2025\/08\/lutaud-1225x2048.jpg 1225w, https:\/\/capesterelascape.fr\/wp-content\/uploads\/2025\/08\/lutaud.jpg 1402w\" data-sizes=\"auto\" data-orig-sizes=\"(max-width: 613px) 100vw, 613px\" \/><\/figure>\n\n\n\n<figure class=\"wp-block-image size-large\"><img decoding=\"async\" width=\"424\" height=\"525\" data-id=\"22907\" src=\"https:\/\/capesterelascape.fr\/wp-content\/uploads\/2025\/08\/angelo-Mariani.jpg\" data-orig-src=\"https:\/\/capesterelascape.fr\/wp-content\/uploads\/2025\/08\/angelo-Mariani.jpg\" alt=\"\" class=\"lazyload wp-image-22907\" srcset=\"data:image\/svg+xml,%3Csvg%20xmlns%3D%27http%3A%2F%2Fwww.w3.org%2F2000%2Fsvg%27%20width%3D%27424%27%20height%3D%27525%27%20viewBox%3D%270%200%20424%20525%27%3E%3Crect%20width%3D%27424%27%20height%3D%27525%27%20fill-opacity%3D%220%22%2F%3E%3C%2Fsvg%3E\" data-srcset=\"https:\/\/capesterelascape.fr\/wp-content\/uploads\/2025\/08\/angelo-Mariani-50x62.jpg 50w, https:\/\/capesterelascape.fr\/wp-content\/uploads\/2025\/08\/angelo-Mariani-200x248.jpg 200w, https:\/\/capesterelascape.fr\/wp-content\/uploads\/2025\/08\/angelo-Mariani-242x300.jpg 242w, https:\/\/capesterelascape.fr\/wp-content\/uploads\/2025\/08\/angelo-Mariani-400x495.jpg 400w, https:\/\/capesterelascape.fr\/wp-content\/uploads\/2025\/08\/angelo-Mariani.jpg 424w\" data-sizes=\"auto\" data-orig-sizes=\"(max-width: 424px) 100vw, 424px\" \/><\/figure>\n\n\n\n<figure class=\"wp-block-image size-large\"><img decoding=\"async\" width=\"660\" height=\"927\" data-id=\"22903\" src=\"https:\/\/capesterelascape.fr\/wp-content\/uploads\/2025\/08\/affiche-Cheret-1894.jpg\" data-orig-src=\"https:\/\/capesterelascape.fr\/wp-content\/uploads\/2025\/08\/affiche-Cheret-1894.jpg\" alt=\"\" class=\"lazyload wp-image-22903\" srcset=\"data:image\/svg+xml,%3Csvg%20xmlns%3D%27http%3A%2F%2Fwww.w3.org%2F2000%2Fsvg%27%20width%3D%27660%27%20height%3D%27927%27%20viewBox%3D%270%200%20660%20927%27%3E%3Crect%20width%3D%27660%27%20height%3D%27927%27%20fill-opacity%3D%220%22%2F%3E%3C%2Fsvg%3E\" data-srcset=\"https:\/\/capesterelascape.fr\/wp-content\/uploads\/2025\/08\/affiche-Cheret-1894-50x70.jpg 50w, https:\/\/capesterelascape.fr\/wp-content\/uploads\/2025\/08\/affiche-Cheret-1894-200x281.jpg 200w, https:\/\/capesterelascape.fr\/wp-content\/uploads\/2025\/08\/affiche-Cheret-1894-214x300.jpg 214w, https:\/\/capesterelascape.fr\/wp-content\/uploads\/2025\/08\/affiche-Cheret-1894-400x562.jpg 400w, https:\/\/capesterelascape.fr\/wp-content\/uploads\/2025\/08\/affiche-Cheret-1894-600x843.jpg 600w, https:\/\/capesterelascape.fr\/wp-content\/uploads\/2025\/08\/affiche-Cheret-1894.jpg 660w\" data-sizes=\"auto\" data-orig-sizes=\"(max-width: 660px) 100vw, 660px\" \/><\/figure>\n<\/figure>\n\n\n\n<p class=\"has-large-font-size\">Message \u00e0 son ami Angelo MARIANI , inventeur en 1863 d&#8217;une boisson \u00e0 base de feuilles de coca mac\u00e9r\u00e9es dans du vin.<\/p>\n\n\n\n<hr class=\"wp-block-separator has-alpha-channel-opacity is-style-dots\"\/>\n\n\n\n<figure class=\"wp-block-image size-full\"><img decoding=\"async\" width=\"1013\" height=\"812\" src=\"https:\/\/capesterelascape.fr\/wp-content\/uploads\/2025\/08\/BNF-ouevres-LUTAUD-1-1.png\" data-orig-src=\"https:\/\/capesterelascape.fr\/wp-content\/uploads\/2025\/08\/BNF-ouevres-LUTAUD-1-1.png\" alt=\"\" class=\"lazyload wp-image-23022\" srcset=\"data:image\/svg+xml,%3Csvg%20xmlns%3D%27http%3A%2F%2Fwww.w3.org%2F2000%2Fsvg%27%20width%3D%271013%27%20height%3D%27812%27%20viewBox%3D%270%200%201013%20812%27%3E%3Crect%20width%3D%271013%27%20height%3D%27812%27%20fill-opacity%3D%220%22%2F%3E%3C%2Fsvg%3E\" data-srcset=\"https:\/\/capesterelascape.fr\/wp-content\/uploads\/2025\/08\/BNF-ouevres-LUTAUD-1-1-50x40.png 50w, https:\/\/capesterelascape.fr\/wp-content\/uploads\/2025\/08\/BNF-ouevres-LUTAUD-1-1-200x160.png 200w, https:\/\/capesterelascape.fr\/wp-content\/uploads\/2025\/08\/BNF-ouevres-LUTAUD-1-1-300x240.png 300w, https:\/\/capesterelascape.fr\/wp-content\/uploads\/2025\/08\/BNF-ouevres-LUTAUD-1-1-400x321.png 400w, https:\/\/capesterelascape.fr\/wp-content\/uploads\/2025\/08\/BNF-ouevres-LUTAUD-1-1-600x481.png 600w, https:\/\/capesterelascape.fr\/wp-content\/uploads\/2025\/08\/BNF-ouevres-LUTAUD-1-1-768x616.png 768w, https:\/\/capesterelascape.fr\/wp-content\/uploads\/2025\/08\/BNF-ouevres-LUTAUD-1-1-800x641.png 800w, https:\/\/capesterelascape.fr\/wp-content\/uploads\/2025\/08\/BNF-ouevres-LUTAUD-1-1.png 1013w\" data-sizes=\"auto\" data-orig-sizes=\"(max-width: 1013px) 100vw, 1013px\" \/><\/figure>\n<\/div>\n\n\n\n<p>La BNF conserve 52 livres r\u00e9dig\u00e9s par Auguste Lutaud, dont de tr\u00e8s nombreux sur la gyn\u00e9cologie.<\/p>\n\n\n\n<p>Quand il revient au Dramont, il recevait en consultation les ouvriers de la carri\u00e8re.<\/p>\n\n\n\n<figure class=\"wp-block-gallery has-nested-images columns-default is-cropped wp-block-gallery-3 is-layout-flex wp-block-gallery-is-layout-flex\">\n<figure class=\"wp-block-image size-large\"><img decoding=\"async\" width=\"542\" height=\"394\" data-id=\"23058\" src=\"https:\/\/capesterelascape.fr\/wp-content\/uploads\/2025\/08\/25-Pat-Colombet-1-1.jpg\" data-orig-src=\"https:\/\/capesterelascape.fr\/wp-content\/uploads\/2025\/08\/25-Pat-Colombet-1-1.jpg\" alt=\"\" class=\"lazyload wp-image-23058\" srcset=\"data:image\/svg+xml,%3Csvg%20xmlns%3D%27http%3A%2F%2Fwww.w3.org%2F2000%2Fsvg%27%20width%3D%27542%27%20height%3D%27394%27%20viewBox%3D%270%200%20542%20394%27%3E%3Crect%20width%3D%27542%27%20height%3D%27394%27%20fill-opacity%3D%220%22%2F%3E%3C%2Fsvg%3E\" data-srcset=\"https:\/\/capesterelascape.fr\/wp-content\/uploads\/2025\/08\/25-Pat-Colombet-1-1-50x36.jpg 50w, https:\/\/capesterelascape.fr\/wp-content\/uploads\/2025\/08\/25-Pat-Colombet-1-1-200x145.jpg 200w, https:\/\/capesterelascape.fr\/wp-content\/uploads\/2025\/08\/25-Pat-Colombet-1-1-300x218.jpg 300w, https:\/\/capesterelascape.fr\/wp-content\/uploads\/2025\/08\/25-Pat-Colombet-1-1-400x291.jpg 400w, https:\/\/capesterelascape.fr\/wp-content\/uploads\/2025\/08\/25-Pat-Colombet-1-1.jpg 542w\" data-sizes=\"auto\" data-orig-sizes=\"(max-width: 542px) 100vw, 542px\" \/><\/figure>\n\n\n\n<figure class=\"wp-block-image size-large\"><img decoding=\"async\" width=\"800\" height=\"450\" data-id=\"23062\" src=\"https:\/\/capesterelascape.fr\/wp-content\/uploads\/2025\/08\/29-\u00a9-Patrick-Colombet.jpg\" data-orig-src=\"https:\/\/capesterelascape.fr\/wp-content\/uploads\/2025\/08\/29-\u00a9-Patrick-Colombet.jpg\" alt=\"\" class=\"lazyload wp-image-23062\" srcset=\"data:image\/svg+xml,%3Csvg%20xmlns%3D%27http%3A%2F%2Fwww.w3.org%2F2000%2Fsvg%27%20width%3D%27800%27%20height%3D%27450%27%20viewBox%3D%270%200%20800%20450%27%3E%3Crect%20width%3D%27800%27%20height%3D%27450%27%20fill-opacity%3D%220%22%2F%3E%3C%2Fsvg%3E\" data-srcset=\"https:\/\/capesterelascape.fr\/wp-content\/uploads\/2025\/08\/29-\u00a9-Patrick-Colombet-50x28.jpg 50w, https:\/\/capesterelascape.fr\/wp-content\/uploads\/2025\/08\/29-\u00a9-Patrick-Colombet-200x113.jpg 200w, https:\/\/capesterelascape.fr\/wp-content\/uploads\/2025\/08\/29-\u00a9-Patrick-Colombet-300x169.jpg 300w, https:\/\/capesterelascape.fr\/wp-content\/uploads\/2025\/08\/29-\u00a9-Patrick-Colombet-400x225.jpg 400w, https:\/\/capesterelascape.fr\/wp-content\/uploads\/2025\/08\/29-\u00a9-Patrick-Colombet-600x338.jpg 600w, https:\/\/capesterelascape.fr\/wp-content\/uploads\/2025\/08\/29-\u00a9-Patrick-Colombet-768x432.jpg 768w, https:\/\/capesterelascape.fr\/wp-content\/uploads\/2025\/08\/29-\u00a9-Patrick-Colombet.jpg 800w\" data-sizes=\"auto\" data-orig-sizes=\"(max-width: 800px) 100vw, 800px\" \/><\/figure>\n<\/figure>\n\n\n\n<p><strong>Il meurt en 1925, sans avoir abdiqu\u00e9. Une urne contenant ses cendres repose dans un rocher au pied de la Tour.<\/strong><\/p>\n\n\n\n<p>Le docteur a eu deux fils : Paul et L\u00e9on. <\/p>\n\n\n\n<p>\u200b<\/p>\n\n\n\n<hr class=\"wp-block-separator has-alpha-channel-opacity is-style-dots\"\/>\n\n\n\n<h2 class=\"wp-block-heading\"><strong>Suite de l&#8217;Histoire de l&#8217;ile d&#8217;OR<\/strong><\/h2>\n\n\n\n<figure class=\"wp-block-image size-full\"><img decoding=\"async\" width=\"858\" height=\"451\" src=\"https:\/\/capesterelascape.fr\/wp-content\/uploads\/2025\/08\/22-ile-or-debarquement-2.jpg\" data-orig-src=\"https:\/\/capesterelascape.fr\/wp-content\/uploads\/2025\/08\/22-ile-or-debarquement-2.jpg\" alt=\"\" class=\"lazyload wp-image-22927\" srcset=\"data:image\/svg+xml,%3Csvg%20xmlns%3D%27http%3A%2F%2Fwww.w3.org%2F2000%2Fsvg%27%20width%3D%27858%27%20height%3D%27451%27%20viewBox%3D%270%200%20858%20451%27%3E%3Crect%20width%3D%27858%27%20height%3D%27451%27%20fill-opacity%3D%220%22%2F%3E%3C%2Fsvg%3E\" data-srcset=\"https:\/\/capesterelascape.fr\/wp-content\/uploads\/2025\/08\/22-ile-or-debarquement-2-50x26.jpg 50w, https:\/\/capesterelascape.fr\/wp-content\/uploads\/2025\/08\/22-ile-or-debarquement-2-200x105.jpg 200w, https:\/\/capesterelascape.fr\/wp-content\/uploads\/2025\/08\/22-ile-or-debarquement-2-300x158.jpg 300w, https:\/\/capesterelascape.fr\/wp-content\/uploads\/2025\/08\/22-ile-or-debarquement-2-400x210.jpg 400w, https:\/\/capesterelascape.fr\/wp-content\/uploads\/2025\/08\/22-ile-or-debarquement-2-600x315.jpg 600w, https:\/\/capesterelascape.fr\/wp-content\/uploads\/2025\/08\/22-ile-or-debarquement-2-768x404.jpg 768w, https:\/\/capesterelascape.fr\/wp-content\/uploads\/2025\/08\/22-ile-or-debarquement-2-800x421.jpg 800w, https:\/\/capesterelascape.fr\/wp-content\/uploads\/2025\/08\/22-ile-or-debarquement-2.jpg 858w\" data-sizes=\"auto\" data-orig-sizes=\"(max-width: 858px) 100vw, 858px\" \/><\/figure>\n\n\n\n<p>1944 &#8211; 14 Aout, d\u00e9barquement alli\u00e9 en Provence, la plage de galet du Dramont est un des sites choisis par les Alli\u00e9s.<\/p>\n\n\n\n<p>C\u2019est la 36eme division du Texas en compagnie de la 1ere division blind\u00e9e Fran\u00e7aise qui d\u00e9barque.<\/p>\n\n\n\n<p>La Tour subit des d\u00e9g\u00e2ts lors des bombardements du 15 Aout 1944, et tout l\u2019int\u00e9rieur de la Tour est d\u00e9truit par un incendie en 1945, lors du feux d&#8217;artifice du 15 ao\u00fbt.<\/p>\n\n\n\n<figure class=\"wp-block-image size-full\"><img decoding=\"async\" width=\"1009\" height=\"600\" src=\"https:\/\/capesterelascape.fr\/wp-content\/uploads\/2025\/08\/24-ile-or-collect-JPH-vers-1950.jpg\" data-orig-src=\"https:\/\/capesterelascape.fr\/wp-content\/uploads\/2025\/08\/24-ile-or-collect-JPH-vers-1950.jpg\" alt=\"\" class=\"lazyload wp-image-22931\" srcset=\"data:image\/svg+xml,%3Csvg%20xmlns%3D%27http%3A%2F%2Fwww.w3.org%2F2000%2Fsvg%27%20width%3D%271009%27%20height%3D%27600%27%20viewBox%3D%270%200%201009%20600%27%3E%3Crect%20width%3D%271009%27%20height%3D%27600%27%20fill-opacity%3D%220%22%2F%3E%3C%2Fsvg%3E\" data-srcset=\"https:\/\/capesterelascape.fr\/wp-content\/uploads\/2025\/08\/24-ile-or-collect-JPH-vers-1950-50x30.jpg 50w, https:\/\/capesterelascape.fr\/wp-content\/uploads\/2025\/08\/24-ile-or-collect-JPH-vers-1950-200x119.jpg 200w, https:\/\/capesterelascape.fr\/wp-content\/uploads\/2025\/08\/24-ile-or-collect-JPH-vers-1950-300x178.jpg 300w, https:\/\/capesterelascape.fr\/wp-content\/uploads\/2025\/08\/24-ile-or-collect-JPH-vers-1950-400x238.jpg 400w, https:\/\/capesterelascape.fr\/wp-content\/uploads\/2025\/08\/24-ile-or-collect-JPH-vers-1950-600x357.jpg 600w, https:\/\/capesterelascape.fr\/wp-content\/uploads\/2025\/08\/24-ile-or-collect-JPH-vers-1950-768x457.jpg 768w, https:\/\/capesterelascape.fr\/wp-content\/uploads\/2025\/08\/24-ile-or-collect-JPH-vers-1950-800x476.jpg 800w, https:\/\/capesterelascape.fr\/wp-content\/uploads\/2025\/08\/24-ile-or-collect-JPH-vers-1950.jpg 1009w\" data-sizes=\"auto\" data-orig-sizes=\"(max-width: 1009px) 100vw, 1009px\" \/><\/figure>\n\n\n\n<p>1950 &#8211; Sur cette photo a\u00e9rienne datant des ann\u00e9es 50, on aper\u00e7oit en arri\u00e8re-plan, les carri\u00e8res du Dramont encore en exploitation, et les maisons des mineurs avec l\u2019\u00e9cole. L\u2019exploitation de la carri\u00e8re prendra fin en 1959. Collection JP Herreyres<\/p>\n\n\n\n<figure class=\"wp-block-image size-large\"><img decoding=\"async\" width=\"1024\" height=\"577\" src=\"https:\/\/capesterelascape.fr\/wp-content\/uploads\/2025\/08\/25-Ile-or-et-camping-ed-MAR--1024x577.jpg\" data-orig-src=\"https:\/\/capesterelascape.fr\/wp-content\/uploads\/2025\/08\/25-Ile-or-et-camping-ed-MAR--1024x577.jpg\" alt=\"\" class=\"lazyload wp-image-22935\" srcset=\"data:image\/svg+xml,%3Csvg%20xmlns%3D%27http%3A%2F%2Fwww.w3.org%2F2000%2Fsvg%27%20width%3D%271024%27%20height%3D%27577%27%20viewBox%3D%270%200%201024%20577%27%3E%3Crect%20width%3D%271024%27%20height%3D%27577%27%20fill-opacity%3D%220%22%2F%3E%3C%2Fsvg%3E\" data-srcset=\"https:\/\/capesterelascape.fr\/wp-content\/uploads\/2025\/08\/25-Ile-or-et-camping-ed-MAR--50x28.jpg 50w, https:\/\/capesterelascape.fr\/wp-content\/uploads\/2025\/08\/25-Ile-or-et-camping-ed-MAR--200x113.jpg 200w, https:\/\/capesterelascape.fr\/wp-content\/uploads\/2025\/08\/25-Ile-or-et-camping-ed-MAR--300x169.jpg 300w, https:\/\/capesterelascape.fr\/wp-content\/uploads\/2025\/08\/25-Ile-or-et-camping-ed-MAR--400x225.jpg 400w, https:\/\/capesterelascape.fr\/wp-content\/uploads\/2025\/08\/25-Ile-or-et-camping-ed-MAR--600x338.jpg 600w, https:\/\/capesterelascape.fr\/wp-content\/uploads\/2025\/08\/25-Ile-or-et-camping-ed-MAR--768x433.jpg 768w, https:\/\/capesterelascape.fr\/wp-content\/uploads\/2025\/08\/25-Ile-or-et-camping-ed-MAR--800x451.jpg 800w, https:\/\/capesterelascape.fr\/wp-content\/uploads\/2025\/08\/25-Ile-or-et-camping-ed-MAR--1024x577.jpg 1024w, https:\/\/capesterelascape.fr\/wp-content\/uploads\/2025\/08\/25-Ile-or-et-camping-ed-MAR--1200x676.jpg 1200w, https:\/\/capesterelascape.fr\/wp-content\/uploads\/2025\/08\/25-Ile-or-et-camping-ed-MAR--1536x865.jpg 1536w, https:\/\/capesterelascape.fr\/wp-content\/uploads\/2025\/08\/25-Ile-or-et-camping-ed-MAR--1600x901.jpg 1600w, https:\/\/capesterelascape.fr\/wp-content\/uploads\/2025\/08\/25-Ile-or-et-camping-ed-MAR-.jpg 1749w\" data-sizes=\"auto\" data-orig-sizes=\"(max-width: 1024px) 100vw, 1024px\" \/><\/figure>\n\n\n\n<p>Et dans les ann\u00e9es 60, avec les campeurs commencent \u00e0 profiter de la vue sur l\u2019Ile d\u2019Or. Edition MAR &#8211; collection Ph Pons<\/p>\n\n\n\n<figure class=\"wp-block-image size-large is-resized\"><img decoding=\"async\" width=\"1024\" height=\"779\" src=\"https:\/\/capesterelascape.fr\/wp-content\/uploads\/2025\/08\/sncf--1024x779.png\" data-orig-src=\"https:\/\/capesterelascape.fr\/wp-content\/uploads\/2025\/08\/sncf--1024x779.png\" alt=\"\" class=\"lazyload wp-image-23166\" style=\"width:1300px;height:auto\" srcset=\"data:image\/svg+xml,%3Csvg%20xmlns%3D%27http%3A%2F%2Fwww.w3.org%2F2000%2Fsvg%27%20width%3D%271024%27%20height%3D%27779%27%20viewBox%3D%270%200%201024%20779%27%3E%3Crect%20width%3D%271024%27%20height%3D%27779%27%20fill-opacity%3D%220%22%2F%3E%3C%2Fsvg%3E\" data-srcset=\"https:\/\/capesterelascape.fr\/wp-content\/uploads\/2025\/08\/sncf--50x38.png 50w, https:\/\/capesterelascape.fr\/wp-content\/uploads\/2025\/08\/sncf--200x152.png 200w, https:\/\/capesterelascape.fr\/wp-content\/uploads\/2025\/08\/sncf--300x228.png 300w, https:\/\/capesterelascape.fr\/wp-content\/uploads\/2025\/08\/sncf--400x304.png 400w, https:\/\/capesterelascape.fr\/wp-content\/uploads\/2025\/08\/sncf--600x457.png 600w, https:\/\/capesterelascape.fr\/wp-content\/uploads\/2025\/08\/sncf--768x585.png 768w, https:\/\/capesterelascape.fr\/wp-content\/uploads\/2025\/08\/sncf--800x609.png 800w, https:\/\/capesterelascape.fr\/wp-content\/uploads\/2025\/08\/sncf--1024x779.png 1024w, https:\/\/capesterelascape.fr\/wp-content\/uploads\/2025\/08\/sncf-.png 1101w\" data-sizes=\"auto\" data-orig-sizes=\"(max-width: 1024px) 100vw, 1024px\" \/><\/figure>\n\n\n\n<p>Sur la ligne du PLM (Paris-Lyon-Marseille) les compartiments \u00e9taient d\u00e9cor\u00e9s avec des photos N\/B encadr\u00e9es dans de l&#8217;aluminium. L&#8217;Ile d&#8217;Or faisait partie des illustrations.<\/p>\n\n\n\n<p>Grand merci au service archives de la SNCF qui m&#8217;ont transmis ce document , mais la l\u00e9gende inscrite sur la photo : l&#8217;Ile Rousse- Corse&nbsp; est erron\u00e9e, et le nom du photographe n&#8217;est pas identifi\u00e9.<\/p>\n\n\n\n<hr class=\"wp-block-separator has-alpha-channel-opacity is-style-dots\"\/>\n\n\n\n<div class=\"wp-block-media-text is-stacked-on-mobile has-border-color\" style=\"border-color:#c55632;border-width:3px;border-top-right-radius:90px;grid-template-columns:23% auto\"><figure class=\"wp-block-media-text__media\"><img decoding=\"async\" width=\"662\" height=\"1024\" src=\"https:\/\/capesterelascape.fr\/wp-content\/uploads\/2025\/08\/Francois_Bureau-662x1024.jpg\" data-orig-src=\"https:\/\/capesterelascape.fr\/wp-content\/uploads\/2025\/08\/Francois_Bureau-662x1024.jpg\" alt=\"\" class=\"lazyload wp-image-22915 size-full\" srcset=\"data:image\/svg+xml,%3Csvg%20xmlns%3D%27http%3A%2F%2Fwww.w3.org%2F2000%2Fsvg%27%20width%3D%27662%27%20height%3D%271024%27%20viewBox%3D%270%200%20662%201024%27%3E%3Crect%20width%3D%27662%27%20height%3D%271024%27%20fill-opacity%3D%220%22%2F%3E%3C%2Fsvg%3E\" data-srcset=\"https:\/\/capesterelascape.fr\/wp-content\/uploads\/2025\/08\/Francois_Bureau-50x77.jpg 50w, https:\/\/capesterelascape.fr\/wp-content\/uploads\/2025\/08\/Francois_Bureau-194x300.jpg 194w, https:\/\/capesterelascape.fr\/wp-content\/uploads\/2025\/08\/Francois_Bureau-200x309.jpg 200w, https:\/\/capesterelascape.fr\/wp-content\/uploads\/2025\/08\/Francois_Bureau-400x619.jpg 400w, https:\/\/capesterelascape.fr\/wp-content\/uploads\/2025\/08\/Francois_Bureau-600x928.jpg 600w, https:\/\/capesterelascape.fr\/wp-content\/uploads\/2025\/08\/Francois_Bureau-662x1024.jpg 662w, https:\/\/capesterelascape.fr\/wp-content\/uploads\/2025\/08\/Francois_Bureau-768x1188.jpg 768w, https:\/\/capesterelascape.fr\/wp-content\/uploads\/2025\/08\/Francois_Bureau-800x1238.jpg 800w, https:\/\/capesterelascape.fr\/wp-content\/uploads\/2025\/08\/Francois_Bureau-993x1536.jpg 993w, https:\/\/capesterelascape.fr\/wp-content\/uploads\/2025\/08\/Francois_Bureau-1200x1856.jpg 1200w, https:\/\/capesterelascape.fr\/wp-content\/uploads\/2025\/08\/Francois_Bureau-1324x2048.jpg 1324w, https:\/\/capesterelascape.fr\/wp-content\/uploads\/2025\/08\/Francois_Bureau-1600x2475.jpg 1600w\" data-sizes=\"auto\" data-orig-sizes=\"(max-width: 662px) 100vw, 662px\" \/><\/figure><div class=\"wp-block-media-text__content\">\n<p>En 1962&nbsp; l\u2019ile d\u2019Or est vendue par L\u00e9on Lutaud, fils d\u2019Auguste au commandant Fran\u00e7ois Bureau.<\/p>\n\n\n\n<p>Fran\u00e7ois Bureau officier&nbsp; de Marine&nbsp; entreprend la remise en \u00e9tat de la Tour, il refait les \u00e9tages, installe des citernes, un groupe \u00e9lectrog\u00e8ne et fait livrer des tonnes de terre pour cr\u00e9er un jardin m\u00e9diterran\u00e9en.<\/p>\n\n\n\n<p>Il passe tous les \u00e9t\u00e9s en famille sur son ile. Fran\u00e7ois Bureau se noie en 1994, en faisant le tour de son Ile.<\/p>\n<\/div><\/div>\n\n\n\n<div style=\"height:29px\" aria-hidden=\"true\" class=\"wp-block-spacer\"><\/div>\n\n\n\n<figure class=\"wp-block-image size-full\"><img decoding=\"async\" width=\"694\" height=\"378\" src=\"https:\/\/capesterelascape.fr\/wp-content\/uploads\/2025\/08\/1995-restauration-.png\" data-orig-src=\"https:\/\/capesterelascape.fr\/wp-content\/uploads\/2025\/08\/1995-restauration-.png\" alt=\"\" class=\"lazyload wp-image-23026\" srcset=\"data:image\/svg+xml,%3Csvg%20xmlns%3D%27http%3A%2F%2Fwww.w3.org%2F2000%2Fsvg%27%20width%3D%27694%27%20height%3D%27378%27%20viewBox%3D%270%200%20694%20378%27%3E%3Crect%20width%3D%27694%27%20height%3D%27378%27%20fill-opacity%3D%220%22%2F%3E%3C%2Fsvg%3E\" data-srcset=\"https:\/\/capesterelascape.fr\/wp-content\/uploads\/2025\/08\/1995-restauration--50x27.png 50w, https:\/\/capesterelascape.fr\/wp-content\/uploads\/2025\/08\/1995-restauration--200x109.png 200w, https:\/\/capesterelascape.fr\/wp-content\/uploads\/2025\/08\/1995-restauration--300x163.png 300w, https:\/\/capesterelascape.fr\/wp-content\/uploads\/2025\/08\/1995-restauration--400x218.png 400w, https:\/\/capesterelascape.fr\/wp-content\/uploads\/2025\/08\/1995-restauration--600x327.png 600w, https:\/\/capesterelascape.fr\/wp-content\/uploads\/2025\/08\/1995-restauration-.png 694w\" data-sizes=\"auto\" data-orig-sizes=\"(max-width: 694px) 100vw, 694px\" \/><\/figure>\n\n\n\n<p>Travaux de restauration de la tour. photo Philippe Pons vers 1995.<\/p>\n\n\n\n<figure class=\"wp-block-image size-full\"><img decoding=\"async\" width=\"564\" height=\"558\" src=\"https:\/\/capesterelascape.fr\/wp-content\/uploads\/2025\/08\/33-ile-dOr-Bureau.jpg\" data-orig-src=\"https:\/\/capesterelascape.fr\/wp-content\/uploads\/2025\/08\/33-ile-dOr-Bureau.jpg\" alt=\"\" class=\"lazyload wp-image-22919\" srcset=\"data:image\/svg+xml,%3Csvg%20xmlns%3D%27http%3A%2F%2Fwww.w3.org%2F2000%2Fsvg%27%20width%3D%27564%27%20height%3D%27558%27%20viewBox%3D%270%200%20564%20558%27%3E%3Crect%20width%3D%27564%27%20height%3D%27558%27%20fill-opacity%3D%220%22%2F%3E%3C%2Fsvg%3E\" data-srcset=\"https:\/\/capesterelascape.fr\/wp-content\/uploads\/2025\/08\/33-ile-dOr-Bureau-50x49.jpg 50w, https:\/\/capesterelascape.fr\/wp-content\/uploads\/2025\/08\/33-ile-dOr-Bureau-66x66.jpg 66w, https:\/\/capesterelascape.fr\/wp-content\/uploads\/2025\/08\/33-ile-dOr-Bureau-200x198.jpg 200w, https:\/\/capesterelascape.fr\/wp-content\/uploads\/2025\/08\/33-ile-dOr-Bureau-300x297.jpg 300w, https:\/\/capesterelascape.fr\/wp-content\/uploads\/2025\/08\/33-ile-dOr-Bureau-400x396.jpg 400w, https:\/\/capesterelascape.fr\/wp-content\/uploads\/2025\/08\/33-ile-dOr-Bureau.jpg 564w\" data-sizes=\"auto\" data-orig-sizes=\"(max-width: 564px) 100vw, 564px\" \/><\/figure>\n\n\n\n<p>Le livre de r\u00e9f\u00e9rence sur l&#8217;ile d&#8217;OR , de Mme Laurence Bureau-Lagagne<\/p>\n\n\n\n<hr class=\"wp-block-separator has-alpha-channel-opacity is-style-dots\"\/>\n\n\n\n<figure class=\"wp-block-image size-large\"><img decoding=\"async\" width=\"1024\" height=\"430\" src=\"https:\/\/capesterelascape.fr\/wp-content\/uploads\/2025\/08\/26-2013-timbres-1024x430.jpg\" data-orig-src=\"https:\/\/capesterelascape.fr\/wp-content\/uploads\/2025\/08\/26-2013-timbres-1024x430.jpg\" alt=\"\" class=\"lazyload wp-image-22943\" srcset=\"data:image\/svg+xml,%3Csvg%20xmlns%3D%27http%3A%2F%2Fwww.w3.org%2F2000%2Fsvg%27%20width%3D%271024%27%20height%3D%27430%27%20viewBox%3D%270%200%201024%20430%27%3E%3Crect%20width%3D%271024%27%20height%3D%27430%27%20fill-opacity%3D%220%22%2F%3E%3C%2Fsvg%3E\" data-srcset=\"https:\/\/capesterelascape.fr\/wp-content\/uploads\/2025\/08\/26-2013-timbres-50x21.jpg 50w, https:\/\/capesterelascape.fr\/wp-content\/uploads\/2025\/08\/26-2013-timbres-200x84.jpg 200w, https:\/\/capesterelascape.fr\/wp-content\/uploads\/2025\/08\/26-2013-timbres-300x126.jpg 300w, https:\/\/capesterelascape.fr\/wp-content\/uploads\/2025\/08\/26-2013-timbres-400x168.jpg 400w, https:\/\/capesterelascape.fr\/wp-content\/uploads\/2025\/08\/26-2013-timbres-600x252.jpg 600w, https:\/\/capesterelascape.fr\/wp-content\/uploads\/2025\/08\/26-2013-timbres-768x323.jpg 768w, https:\/\/capesterelascape.fr\/wp-content\/uploads\/2025\/08\/26-2013-timbres-800x336.jpg 800w, https:\/\/capesterelascape.fr\/wp-content\/uploads\/2025\/08\/26-2013-timbres-1024x430.jpg 1024w, https:\/\/capesterelascape.fr\/wp-content\/uploads\/2025\/08\/26-2013-timbres.jpg 1102w\" data-sizes=\"auto\" data-orig-sizes=\"(max-width: 1024px) 100vw, 1024px\" \/><\/figure>\n\n\n\n<figure class=\"wp-block-image size-full is-resized\"><img decoding=\"async\" width=\"741\" height=\"342\" src=\"https:\/\/capesterelascape.fr\/wp-content\/uploads\/2025\/08\/la-planche-du-centenaire.png\" data-orig-src=\"https:\/\/capesterelascape.fr\/wp-content\/uploads\/2025\/08\/la-planche-du-centenaire.png\" alt=\"\" class=\"lazyload wp-image-23010\" style=\"width:1300px;height:auto\" srcset=\"data:image\/svg+xml,%3Csvg%20xmlns%3D%27http%3A%2F%2Fwww.w3.org%2F2000%2Fsvg%27%20width%3D%27741%27%20height%3D%27342%27%20viewBox%3D%270%200%20741%20342%27%3E%3Crect%20width%3D%27741%27%20height%3D%27342%27%20fill-opacity%3D%220%22%2F%3E%3C%2Fsvg%3E\" data-srcset=\"https:\/\/capesterelascape.fr\/wp-content\/uploads\/2025\/08\/la-planche-du-centenaire-50x23.png 50w, https:\/\/capesterelascape.fr\/wp-content\/uploads\/2025\/08\/la-planche-du-centenaire-200x92.png 200w, https:\/\/capesterelascape.fr\/wp-content\/uploads\/2025\/08\/la-planche-du-centenaire-300x138.png 300w, https:\/\/capesterelascape.fr\/wp-content\/uploads\/2025\/08\/la-planche-du-centenaire-400x185.png 400w, https:\/\/capesterelascape.fr\/wp-content\/uploads\/2025\/08\/la-planche-du-centenaire-600x277.png 600w, https:\/\/capesterelascape.fr\/wp-content\/uploads\/2025\/08\/la-planche-du-centenaire.png 741w\" data-sizes=\"auto\" data-orig-sizes=\"(max-width: 741px) 100vw, 741px\" \/><\/figure>\n\n\n\n<p>2013- La planche de timbres du centenaire de l&#8217;Ile d&#8217;OR , avec le cachet du premier jour. &#8211; Collection Fran\u00e7ois Guimard.<\/p>\n\n\n\n<hr class=\"wp-block-separator has-alpha-channel-opacity is-style-dots\"\/>\n\n\n\n<div class=\"wp-block-group has-border-color has-terracotta-border-color has-global-padding is-layout-constrained wp-block-group-is-layout-constrained\" style=\"border-width:3px;padding-top:var(--wp--preset--spacing--30);padding-bottom:var(--wp--preset--spacing--30)\">\n<figure class=\"wp-block-image aligncenter size-large\" style=\"margin-top:var(--wp--preset--spacing--30);margin-right:var(--wp--preset--spacing--30);margin-bottom:var(--wp--preset--spacing--30);margin-left:var(--wp--preset--spacing--30)\"><img decoding=\"async\" width=\"1024\" height=\"554\" src=\"https:\/\/capesterelascape.fr\/wp-content\/uploads\/2025\/08\/03-Christian-LUTAUD_\u00a9Philippe-Pons2020-1024x554.jpg\" data-orig-src=\"https:\/\/capesterelascape.fr\/wp-content\/uploads\/2025\/08\/03-Christian-LUTAUD_\u00a9Philippe-Pons2020-1024x554.jpg\" alt=\"\" class=\"lazyload wp-image-23030\" srcset=\"data:image\/svg+xml,%3Csvg%20xmlns%3D%27http%3A%2F%2Fwww.w3.org%2F2000%2Fsvg%27%20width%3D%271024%27%20height%3D%27554%27%20viewBox%3D%270%200%201024%20554%27%3E%3Crect%20width%3D%271024%27%20height%3D%27554%27%20fill-opacity%3D%220%22%2F%3E%3C%2Fsvg%3E\" data-srcset=\"https:\/\/capesterelascape.fr\/wp-content\/uploads\/2025\/08\/03-Christian-LUTAUD_\u00a9Philippe-Pons2020-50x27.jpg 50w, https:\/\/capesterelascape.fr\/wp-content\/uploads\/2025\/08\/03-Christian-LUTAUD_\u00a9Philippe-Pons2020-200x108.jpg 200w, https:\/\/capesterelascape.fr\/wp-content\/uploads\/2025\/08\/03-Christian-LUTAUD_\u00a9Philippe-Pons2020-300x162.jpg 300w, https:\/\/capesterelascape.fr\/wp-content\/uploads\/2025\/08\/03-Christian-LUTAUD_\u00a9Philippe-Pons2020-400x216.jpg 400w, https:\/\/capesterelascape.fr\/wp-content\/uploads\/2025\/08\/03-Christian-LUTAUD_\u00a9Philippe-Pons2020-600x325.jpg 600w, https:\/\/capesterelascape.fr\/wp-content\/uploads\/2025\/08\/03-Christian-LUTAUD_\u00a9Philippe-Pons2020-768x416.jpg 768w, https:\/\/capesterelascape.fr\/wp-content\/uploads\/2025\/08\/03-Christian-LUTAUD_\u00a9Philippe-Pons2020-800x433.jpg 800w, https:\/\/capesterelascape.fr\/wp-content\/uploads\/2025\/08\/03-Christian-LUTAUD_\u00a9Philippe-Pons2020-1024x554.jpg 1024w, https:\/\/capesterelascape.fr\/wp-content\/uploads\/2025\/08\/03-Christian-LUTAUD_\u00a9Philippe-Pons2020-1200x649.jpg 1200w, https:\/\/capesterelascape.fr\/wp-content\/uploads\/2025\/08\/03-Christian-LUTAUD_\u00a9Philippe-Pons2020-1536x831.jpg 1536w, https:\/\/capesterelascape.fr\/wp-content\/uploads\/2025\/08\/03-Christian-LUTAUD_\u00a9Philippe-Pons2020-1600x866.jpg 1600w\" data-sizes=\"auto\" data-orig-sizes=\"(max-width: 1024px) 100vw, 1024px\" \/><\/figure>\n\n\n\n<p class=\"has-text-align-center\">2020- Deux portraits de mon ami christian Lutaud, propri\u00e9taire \u00e0 CAP ESTEREL, et arri\u00e8re petit fils du docteur Lutaud. Photos Philippe Pons.<\/p>\n\n\n\n<figure class=\"wp-block-image aligncenter size-large is-resized\"><img decoding=\"async\" width=\"1024\" height=\"800\" src=\"https:\/\/capesterelascape.fr\/wp-content\/uploads\/2025\/08\/10-Christian-LUTAUD_\u00a9Philippe-Pons2020-1024x800.jpg\" data-orig-src=\"https:\/\/capesterelascape.fr\/wp-content\/uploads\/2025\/08\/10-Christian-LUTAUD_\u00a9Philippe-Pons2020-1024x800.jpg\" alt=\"\" class=\"lazyload wp-image-23034\" style=\"width:1050px\" srcset=\"data:image\/svg+xml,%3Csvg%20xmlns%3D%27http%3A%2F%2Fwww.w3.org%2F2000%2Fsvg%27%20width%3D%271024%27%20height%3D%27800%27%20viewBox%3D%270%200%201024%20800%27%3E%3Crect%20width%3D%271024%27%20height%3D%27800%27%20fill-opacity%3D%220%22%2F%3E%3C%2Fsvg%3E\" data-srcset=\"https:\/\/capesterelascape.fr\/wp-content\/uploads\/2025\/08\/10-Christian-LUTAUD_\u00a9Philippe-Pons2020-50x39.jpg 50w, https:\/\/capesterelascape.fr\/wp-content\/uploads\/2025\/08\/10-Christian-LUTAUD_\u00a9Philippe-Pons2020-200x156.jpg 200w, https:\/\/capesterelascape.fr\/wp-content\/uploads\/2025\/08\/10-Christian-LUTAUD_\u00a9Philippe-Pons2020-300x234.jpg 300w, https:\/\/capesterelascape.fr\/wp-content\/uploads\/2025\/08\/10-Christian-LUTAUD_\u00a9Philippe-Pons2020-400x313.jpg 400w, https:\/\/capesterelascape.fr\/wp-content\/uploads\/2025\/08\/10-Christian-LUTAUD_\u00a9Philippe-Pons2020-600x469.jpg 600w, https:\/\/capesterelascape.fr\/wp-content\/uploads\/2025\/08\/10-Christian-LUTAUD_\u00a9Philippe-Pons2020-768x600.jpg 768w, https:\/\/capesterelascape.fr\/wp-content\/uploads\/2025\/08\/10-Christian-LUTAUD_\u00a9Philippe-Pons2020-800x625.jpg 800w, https:\/\/capesterelascape.fr\/wp-content\/uploads\/2025\/08\/10-Christian-LUTAUD_\u00a9Philippe-Pons2020-1024x800.jpg 1024w, https:\/\/capesterelascape.fr\/wp-content\/uploads\/2025\/08\/10-Christian-LUTAUD_\u00a9Philippe-Pons2020-1200x938.jpg 1200w, https:\/\/capesterelascape.fr\/wp-content\/uploads\/2025\/08\/10-Christian-LUTAUD_\u00a9Philippe-Pons2020-1536x1200.jpg 1536w, https:\/\/capesterelascape.fr\/wp-content\/uploads\/2025\/08\/10-Christian-LUTAUD_\u00a9Philippe-Pons2020-1600x1250.jpg 1600w\" data-sizes=\"auto\" data-orig-sizes=\"(max-width: 1024px) 100vw, 1024px\" \/><\/figure>\n<\/div>\n\n\n\n<hr class=\"wp-block-separator has-alpha-channel-opacity is-style-dots\"\/>\n\n\n\n<h2 class=\"wp-block-heading\"><strong>Pour tout connaitre sur l&#8217;Ile d&#8217;OR<\/strong> &#8230;<\/h2>\n\n\n\n<figure class=\"wp-block-image size-large\"><img decoding=\"async\" width=\"1024\" height=\"726\" src=\"https:\/\/capesterelascape.fr\/wp-content\/uploads\/2025\/08\/ile-or-WIKI-1024x726.png\" data-orig-src=\"https:\/\/capesterelascape.fr\/wp-content\/uploads\/2025\/08\/ile-or-WIKI-1024x726.png\" alt=\"\" class=\"lazyload wp-image-22986\" srcset=\"data:image\/svg+xml,%3Csvg%20xmlns%3D%27http%3A%2F%2Fwww.w3.org%2F2000%2Fsvg%27%20width%3D%271024%27%20height%3D%27726%27%20viewBox%3D%270%200%201024%20726%27%3E%3Crect%20width%3D%271024%27%20height%3D%27726%27%20fill-opacity%3D%220%22%2F%3E%3C%2Fsvg%3E\" data-srcset=\"https:\/\/capesterelascape.fr\/wp-content\/uploads\/2025\/08\/ile-or-WIKI-50x35.png 50w, https:\/\/capesterelascape.fr\/wp-content\/uploads\/2025\/08\/ile-or-WIKI-200x142.png 200w, https:\/\/capesterelascape.fr\/wp-content\/uploads\/2025\/08\/ile-or-WIKI-300x213.png 300w, https:\/\/capesterelascape.fr\/wp-content\/uploads\/2025\/08\/ile-or-WIKI-400x284.png 400w, https:\/\/capesterelascape.fr\/wp-content\/uploads\/2025\/08\/ile-or-WIKI-600x426.png 600w, https:\/\/capesterelascape.fr\/wp-content\/uploads\/2025\/08\/ile-or-WIKI-768x545.png 768w, https:\/\/capesterelascape.fr\/wp-content\/uploads\/2025\/08\/ile-or-WIKI-800x567.png 800w, https:\/\/capesterelascape.fr\/wp-content\/uploads\/2025\/08\/ile-or-WIKI-1024x726.png 1024w, https:\/\/capesterelascape.fr\/wp-content\/uploads\/2025\/08\/ile-or-WIKI.png 1070w\" data-sizes=\"auto\" data-orig-sizes=\"(max-width: 1024px) 100vw, 1024px\" \/><\/figure>\n\n\n\n<p class=\"has-large-font-size\"><strong>Cet article de <a href=\"https:\/\/fr.wikipedia.org\/wiki\/%C3%8Ele_d%27Or\">WIKIPEDIA<\/a> a \u00e9t\u00e9 labelis\u00e9 en 2020, en article de QUALITE.<\/strong><\/p>\n\n\n\n<p><strong>Il a \u00e9t\u00e9 r\u00e9dig\u00e9 par un ancien propri\u00e9taire de CAP ESTEREL avec lequel j&#8217;ai beaucoup \u00e9chang\u00e9 lors de la r\u00e9daction de mon premier article sir l&#8217;Ile d&#8217;OR en 2020.<\/strong><\/p>\n\n\n\n<figure class=\"wp-block-image size-full is-resized\"><img decoding=\"async\" width=\"514\" height=\"751\" src=\"https:\/\/capesterelascape.fr\/wp-content\/uploads\/2025\/08\/32-le-dramont-cite-ouvriere-JP-Herreyres.jpg\" data-orig-src=\"https:\/\/capesterelascape.fr\/wp-content\/uploads\/2025\/08\/32-le-dramont-cite-ouvriere-JP-Herreyres.jpg\" alt=\"\" class=\"lazyload wp-image-23054\" style=\"width:400px\" srcset=\"data:image\/svg+xml,%3Csvg%20xmlns%3D%27http%3A%2F%2Fwww.w3.org%2F2000%2Fsvg%27%20width%3D%27514%27%20height%3D%27751%27%20viewBox%3D%270%200%20514%20751%27%3E%3Crect%20width%3D%27514%27%20height%3D%27751%27%20fill-opacity%3D%220%22%2F%3E%3C%2Fsvg%3E\" data-srcset=\"https:\/\/capesterelascape.fr\/wp-content\/uploads\/2025\/08\/32-le-dramont-cite-ouvriere-JP-Herreyres-50x73.jpg 50w, https:\/\/capesterelascape.fr\/wp-content\/uploads\/2025\/08\/32-le-dramont-cite-ouvriere-JP-Herreyres-200x292.jpg 200w, https:\/\/capesterelascape.fr\/wp-content\/uploads\/2025\/08\/32-le-dramont-cite-ouvriere-JP-Herreyres-205x300.jpg 205w, https:\/\/capesterelascape.fr\/wp-content\/uploads\/2025\/08\/32-le-dramont-cite-ouvriere-JP-Herreyres-400x584.jpg 400w, https:\/\/capesterelascape.fr\/wp-content\/uploads\/2025\/08\/32-le-dramont-cite-ouvriere-JP-Herreyres.jpg 514w\" data-sizes=\"auto\" data-orig-sizes=\"(max-width: 514px) 100vw, 514px\" \/><\/figure>\n\n\n\n<p class=\"has-large-font-size\"><strong>Et le livre hors s\u00e9rie de JP Herreyres, l&#8217;historien du Dramont, qui est \u00e0 nouveau disponible \u00e0 la<a href=\"https:\/\/cths.fr\/an\/societe.php?id=4107\"> SHFR \/ Soci\u00e9t\u00e9 d&#8217;Histoire de Fr\u00e9jus<\/a><\/strong><\/p>\n\n\n\n<hr class=\"wp-block-separator has-alpha-channel-opacity is-style-dots\"\/>\n","protected":false},"featured_media":23066,"comment_status":"closed","ping_status":"closed","template":"","touring_information_type":[35],"class_list":["post-22728","touring_information","type-touring_information","status-publish","has-post-thumbnail","hentry","touring_information_type-cap-esterel-et-ses-alentours"],"acf":[],"yoast_head":"<!-- This site is optimized with the Yoast SEO plugin v27.2 - https:\/\/yoast.com\/product\/yoast-seo-wordpress\/ -->\n<title>Auguste LUTAUD, (1847-1925) - Premier Roi de l&#039;ILE d&#039;OR - CAP ESTEREL ASCAPE<\/title>\n<meta name=\"robots\" content=\"index, follow, max-snippet:-1, max-image-preview:large, max-video-preview:-1\" \/>\n<link rel=\"canonical\" href=\"https:\/\/capesterelascape.fr\/en\/culture-et-loisirs\/auguste-lutaud-1847-1925-premier-roi-de-lile-dor\/\" \/>\n<meta property=\"og:locale\" content=\"en_US\" \/>\n<meta property=\"og:type\" content=\"article\" \/>\n<meta property=\"og:title\" content=\"Auguste LUTAUD, (1847-1925) - Premier Roi de l&#039;ILE d&#039;OR - CAP ESTEREL ASCAPE\" \/>\n<meta property=\"og:description\" content=\"Le 25 ao\u00fbt 2025 \u00e0 11h30, un hommage \u00e0 Auguste [...]\" \/>\n<meta property=\"og:url\" content=\"https:\/\/capesterelascape.fr\/en\/culture-et-loisirs\/auguste-lutaud-1847-1925-premier-roi-de-lile-dor\/\" \/>\n<meta property=\"og:site_name\" content=\"CAP ESTEREL ASCAPE\" \/>\n<meta property=\"article:publisher\" content=\"https:\/\/www.facebook.com\/capesterel.ascape.7\" \/>\n<meta property=\"article:modified_time\" content=\"2025-08-21T12:37:26+00:00\" \/>\n<meta property=\"og:image\" content=\"https:\/\/capesterelascape.fr\/wp-content\/uploads\/2025\/08\/ile-or-09-2023_cv-550.jpg\" \/>\n\t<meta property=\"og:image:width\" content=\"550\" \/>\n\t<meta property=\"og:image:height\" content=\"330\" \/>\n\t<meta property=\"og:image:type\" content=\"image\/jpeg\" \/>\n<meta name=\"twitter:card\" content=\"summary_large_image\" \/>\n<meta name=\"twitter:label1\" content=\"Est. reading time\" \/>\n\t<meta name=\"twitter:data1\" content=\"22 minutes\" \/>\n<script type=\"application\/ld+json\" class=\"yoast-schema-graph\">{\"@context\":\"https:\/\/schema.org\",\"@graph\":[{\"@type\":\"WebPage\",\"@id\":\"https:\/\/capesterelascape.fr\/en\/culture-et-loisirs\/auguste-lutaud-1847-1925-premier-roi-de-lile-dor\/\",\"url\":\"https:\/\/capesterelascape.fr\/en\/culture-et-loisirs\/auguste-lutaud-1847-1925-premier-roi-de-lile-dor\/\",\"name\":\"Auguste LUTAUD, (1847-1925) - Premier Roi de l'ILE d'OR - CAP ESTEREL ASCAPE\",\"isPartOf\":{\"@id\":\"https:\/\/capesterelascape.fr\/en\/#website\"},\"primaryImageOfPage\":{\"@id\":\"https:\/\/capesterelascape.fr\/en\/culture-et-loisirs\/auguste-lutaud-1847-1925-premier-roi-de-lile-dor\/#primaryimage\"},\"image\":{\"@id\":\"https:\/\/capesterelascape.fr\/en\/culture-et-loisirs\/auguste-lutaud-1847-1925-premier-roi-de-lile-dor\/#primaryimage\"},\"thumbnailUrl\":\"https:\/\/capesterelascape.fr\/wp-content\/uploads\/2025\/08\/ile-or-09-2023_cv-550.jpg\",\"datePublished\":\"2025-08-21T12:37:22+00:00\",\"dateModified\":\"2025-08-21T12:37:26+00:00\",\"breadcrumb\":{\"@id\":\"https:\/\/capesterelascape.fr\/en\/culture-et-loisirs\/auguste-lutaud-1847-1925-premier-roi-de-lile-dor\/#breadcrumb\"},\"inLanguage\":\"en-US\",\"potentialAction\":[{\"@type\":\"ReadAction\",\"target\":[\"https:\/\/capesterelascape.fr\/en\/culture-et-loisirs\/auguste-lutaud-1847-1925-premier-roi-de-lile-dor\/\"]}]},{\"@type\":\"ImageObject\",\"inLanguage\":\"en-US\",\"@id\":\"https:\/\/capesterelascape.fr\/en\/culture-et-loisirs\/auguste-lutaud-1847-1925-premier-roi-de-lile-dor\/#primaryimage\",\"url\":\"https:\/\/capesterelascape.fr\/wp-content\/uploads\/2025\/08\/ile-or-09-2023_cv-550.jpg\",\"contentUrl\":\"https:\/\/capesterelascape.fr\/wp-content\/uploads\/2025\/08\/ile-or-09-2023_cv-550.jpg\",\"width\":550,\"height\":330},{\"@type\":\"BreadcrumbList\",\"@id\":\"https:\/\/capesterelascape.fr\/en\/culture-et-loisirs\/auguste-lutaud-1847-1925-premier-roi-de-lile-dor\/#breadcrumb\",\"itemListElement\":[{\"@type\":\"ListItem\",\"position\":1,\"name\":\"Accueil\",\"item\":\"https:\/\/capesterelascape.fr\/en\/\"},{\"@type\":\"ListItem\",\"position\":2,\"name\":\"Culture & Leisure\",\"item\":\"https:\/\/capesterelascape.fr\/en\/culture-et-loisirs\/\"},{\"@type\":\"ListItem\",\"position\":3,\"name\":\"Auguste LUTAUD, (1847-1925) &#8211; Premier Roi de l&rsquo;ILE d&rsquo;OR\"}]},{\"@type\":\"WebSite\",\"@id\":\"https:\/\/capesterelascape.fr\/en\/#website\",\"url\":\"https:\/\/capesterelascape.fr\/en\/\",\"name\":\"CAP ESTEREL ASCAPE\",\"description\":\"\",\"potentialAction\":[{\"@type\":\"SearchAction\",\"target\":{\"@type\":\"EntryPoint\",\"urlTemplate\":\"https:\/\/capesterelascape.fr\/en\/?s={search_term_string}\"},\"query-input\":{\"@type\":\"PropertyValueSpecification\",\"valueRequired\":true,\"valueName\":\"search_term_string\"}}],\"inLanguage\":\"en-US\"}]}<\/script>\n<!-- \/ Yoast SEO plugin. -->","yoast_head_json":{"title":"Auguste LUTAUD, (1847-1925) - Premier Roi de l'ILE d'OR - CAP ESTEREL ASCAPE","robots":{"index":"index","follow":"follow","max-snippet":"max-snippet:-1","max-image-preview":"max-image-preview:large","max-video-preview":"max-video-preview:-1"},"canonical":"https:\/\/capesterelascape.fr\/en\/culture-et-loisirs\/auguste-lutaud-1847-1925-premier-roi-de-lile-dor\/","og_locale":"en_US","og_type":"article","og_title":"Auguste LUTAUD, (1847-1925) - Premier Roi de l'ILE d'OR - CAP ESTEREL ASCAPE","og_description":"Le 25 ao\u00fbt 2025 \u00e0 11h30, un hommage \u00e0 Auguste [...]","og_url":"https:\/\/capesterelascape.fr\/en\/culture-et-loisirs\/auguste-lutaud-1847-1925-premier-roi-de-lile-dor\/","og_site_name":"CAP ESTEREL ASCAPE","article_publisher":"https:\/\/www.facebook.com\/capesterel.ascape.7","article_modified_time":"2025-08-21T12:37:26+00:00","og_image":[{"width":550,"height":330,"url":"https:\/\/capesterelascape.fr\/wp-content\/uploads\/2025\/08\/ile-or-09-2023_cv-550.jpg","type":"image\/jpeg"}],"twitter_card":"summary_large_image","twitter_misc":{"Est. reading time":"22 minutes"},"schema":{"@context":"https:\/\/schema.org","@graph":[{"@type":"WebPage","@id":"https:\/\/capesterelascape.fr\/en\/culture-et-loisirs\/auguste-lutaud-1847-1925-premier-roi-de-lile-dor\/","url":"https:\/\/capesterelascape.fr\/en\/culture-et-loisirs\/auguste-lutaud-1847-1925-premier-roi-de-lile-dor\/","name":"Auguste LUTAUD, (1847-1925) - Premier Roi de l'ILE d'OR - CAP ESTEREL ASCAPE","isPartOf":{"@id":"https:\/\/capesterelascape.fr\/en\/#website"},"primaryImageOfPage":{"@id":"https:\/\/capesterelascape.fr\/en\/culture-et-loisirs\/auguste-lutaud-1847-1925-premier-roi-de-lile-dor\/#primaryimage"},"image":{"@id":"https:\/\/capesterelascape.fr\/en\/culture-et-loisirs\/auguste-lutaud-1847-1925-premier-roi-de-lile-dor\/#primaryimage"},"thumbnailUrl":"https:\/\/capesterelascape.fr\/wp-content\/uploads\/2025\/08\/ile-or-09-2023_cv-550.jpg","datePublished":"2025-08-21T12:37:22+00:00","dateModified":"2025-08-21T12:37:26+00:00","breadcrumb":{"@id":"https:\/\/capesterelascape.fr\/en\/culture-et-loisirs\/auguste-lutaud-1847-1925-premier-roi-de-lile-dor\/#breadcrumb"},"inLanguage":"en-US","potentialAction":[{"@type":"ReadAction","target":["https:\/\/capesterelascape.fr\/en\/culture-et-loisirs\/auguste-lutaud-1847-1925-premier-roi-de-lile-dor\/"]}]},{"@type":"ImageObject","inLanguage":"en-US","@id":"https:\/\/capesterelascape.fr\/en\/culture-et-loisirs\/auguste-lutaud-1847-1925-premier-roi-de-lile-dor\/#primaryimage","url":"https:\/\/capesterelascape.fr\/wp-content\/uploads\/2025\/08\/ile-or-09-2023_cv-550.jpg","contentUrl":"https:\/\/capesterelascape.fr\/wp-content\/uploads\/2025\/08\/ile-or-09-2023_cv-550.jpg","width":550,"height":330},{"@type":"BreadcrumbList","@id":"https:\/\/capesterelascape.fr\/en\/culture-et-loisirs\/auguste-lutaud-1847-1925-premier-roi-de-lile-dor\/#breadcrumb","itemListElement":[{"@type":"ListItem","position":1,"name":"Accueil","item":"https:\/\/capesterelascape.fr\/en\/"},{"@type":"ListItem","position":2,"name":"Culture & Leisure","item":"https:\/\/capesterelascape.fr\/en\/culture-et-loisirs\/"},{"@type":"ListItem","position":3,"name":"Auguste LUTAUD, (1847-1925) &#8211; Premier Roi de l&rsquo;ILE d&rsquo;OR"}]},{"@type":"WebSite","@id":"https:\/\/capesterelascape.fr\/en\/#website","url":"https:\/\/capesterelascape.fr\/en\/","name":"CAP ESTEREL ASCAPE","description":"","potentialAction":[{"@type":"SearchAction","target":{"@type":"EntryPoint","urlTemplate":"https:\/\/capesterelascape.fr\/en\/?s={search_term_string}"},"query-input":{"@type":"PropertyValueSpecification","valueRequired":true,"valueName":"search_term_string"}}],"inLanguage":"en-US"}]}},"_links":{"self":[{"href":"https:\/\/capesterelascape.fr\/en\/wp-json\/wp\/v2\/touring_information\/22728","targetHints":{"allow":["GET"]}}],"collection":[{"href":"https:\/\/capesterelascape.fr\/en\/wp-json\/wp\/v2\/touring_information"}],"about":[{"href":"https:\/\/capesterelascape.fr\/en\/wp-json\/wp\/v2\/types\/touring_information"}],"replies":[{"embeddable":true,"href":"https:\/\/capesterelascape.fr\/en\/wp-json\/wp\/v2\/comments?post=22728"}],"wp:featuredmedia":[{"embeddable":true,"href":"https:\/\/capesterelascape.fr\/en\/wp-json\/wp\/v2\/media\/23066"}],"wp:attachment":[{"href":"https:\/\/capesterelascape.fr\/en\/wp-json\/wp\/v2\/media?parent=22728"}],"wp:term":[{"taxonomy":"touring_information_type","embeddable":true,"href":"https:\/\/capesterelascape.fr\/en\/wp-json\/wp\/v2\/touring_information_type?post=22728"}],"curies":[{"name":"wp","href":"https:\/\/api.w.org\/{rel}","templated":true}]}}