{"id":24982,"date":"2026-01-11T16:33:18","date_gmt":"2026-01-11T15:33:18","guid":{"rendered":"https:\/\/capesterelascape.fr\/?post_type=touring_information&#038;p=24982"},"modified":"2026-01-11T16:33:19","modified_gmt":"2026-01-11T15:33:19","slug":"25-janvier-2026-tanneron-fete-du-mimosa","status":"publish","type":"touring_information","link":"https:\/\/capesterelascape.fr\/en\/culture-et-loisirs\/25-janvier-2026-tanneron-fete-du-mimosa\/","title":{"rendered":"25 janvier 2026 : TANNERON \/ F\u00eate du Mimosa"},"content":{"rendered":"\n<figure class=\"wp-block-image size-full\"><img decoding=\"async\" width=\"800\" height=\"1000\" src=\"https:\/\/capesterelascape.fr\/wp-content\/uploads\/2026\/01\/fete-du-mimosa-tanneron-guillaume-roumestan-26-web-vertical.jpg\" data-orig-src=\"https:\/\/capesterelascape.fr\/wp-content\/uploads\/2026\/01\/fete-du-mimosa-tanneron-guillaume-roumestan-26-web-vertical.jpg\" alt=\"\" class=\"lazyload wp-image-24983\" srcset=\"data:image\/svg+xml,%3Csvg%20xmlns%3D%27http%3A%2F%2Fwww.w3.org%2F2000%2Fsvg%27%20width%3D%27800%27%20height%3D%271000%27%20viewBox%3D%270%200%20800%201000%27%3E%3Crect%20width%3D%27800%27%20height%3D%271000%27%20fill-opacity%3D%220%22%2F%3E%3C%2Fsvg%3E\" data-srcset=\"https:\/\/capesterelascape.fr\/wp-content\/uploads\/2026\/01\/fete-du-mimosa-tanneron-guillaume-roumestan-26-web-vertical-50x63.jpg 50w, https:\/\/capesterelascape.fr\/wp-content\/uploads\/2026\/01\/fete-du-mimosa-tanneron-guillaume-roumestan-26-web-vertical-200x250.jpg 200w, https:\/\/capesterelascape.fr\/wp-content\/uploads\/2026\/01\/fete-du-mimosa-tanneron-guillaume-roumestan-26-web-vertical-240x300.jpg 240w, https:\/\/capesterelascape.fr\/wp-content\/uploads\/2026\/01\/fete-du-mimosa-tanneron-guillaume-roumestan-26-web-vertical-400x500.jpg 400w, https:\/\/capesterelascape.fr\/wp-content\/uploads\/2026\/01\/fete-du-mimosa-tanneron-guillaume-roumestan-26-web-vertical-600x750.jpg 600w, https:\/\/capesterelascape.fr\/wp-content\/uploads\/2026\/01\/fete-du-mimosa-tanneron-guillaume-roumestan-26-web-vertical-768x960.jpg 768w, https:\/\/capesterelascape.fr\/wp-content\/uploads\/2026\/01\/fete-du-mimosa-tanneron-guillaume-roumestan-26-web-vertical.jpg 800w\" data-sizes=\"auto\" data-orig-sizes=\"(max-width: 800px) 100vw, 800px\" \/><figcaption class=\"wp-element-caption\">photo Guillaume ROUMESTAN<\/figcaption><\/figure>\n\n\n\n<p class=\"has-black-color has-text-color has-link-color wp-elements-dd965e8f9b21512be1205c23716a2a36\" style=\"font-size:20px\">AU PROGRAMME\u00a0:<br>9 h 00-10 h 00 : messe \u00e0 l&#8217;\u00e9glise Notre Dame de Peygros<br>9 h 00 : march\u00e9<br>10h00 : Lanceurs de drapeaux italiens, en procession de l&#8217;\u00e9glise jusqu\u2019\u00e0 la place.<br><br>1er Concours d\u2019excellence des producteurs de mimosa<br><br>11 h 30 : Ap\u00e9ritif mimosa offert par la municipalit\u00e9<br><br>14 h 00 \/ 16 h 00 : Corso fleuri, animations diverses et vari\u00e9es. D\u00e9part sur la place de la mairie.<br>17 h 00 : Fin des festivit\u00e9s.<br><br>Vue panoramique sur village, Lac St Cassien et Alpes-Maritimes<br>Tables de pique-nique\u00a0: village, City-stade, Peygros (\u00e9cole et cimeti\u00e8re)<br><br>Restauration sur place<br>2 retsaurants<br>Petite restauration rapide au sein du march\u00e9<br>Pas de guichet de retrait automatique<br>Stationnement possible sur le stade municipal avec navette et au parking des randonneurs jusqu\u2019\u00e0 \u00e9puisement.<br>Travers\u00e9e de la place interdite de 10h \u00e0 17h.<br><br>F\u00eate organis\u00e9e par la Mairie de Tanneron et Tanneron en f\u00eate.<br>Plus d\u2019informations au 04 93 60 68 13 \/06 12 85 52 08<br><br>Les Acc\u00e8s<br>Parkings pour la f\u00eate du mimosa :<br>Si vous venez des Alpes Maritimes \u2013 quartier Valcros (2,5km avant le village de Tanneron), direction La Verrerie, vous pouvez vous stationner le long de la route.<br>Un conseil : garez-vous dans le sens du d\u00e9part.<br>Prendre la navette ou monter \u00e0 pied au village par la route (qui sera ferm\u00e9e le temps des festivit\u00e9s (horaires \u00e0 confirmer)<br>Si vous venez du Pays de Fayence par la RD94 ou par le lac de Saint-Cassien (RD38), filtrage au croisement entre les routes RD38 et RD94 puis stationnement possible au quartier P\u00e9ras et ensuite, rejoindre le village \u00e0 pied par un sentier en direction du village<br>Stationnement vers le stade municipal \u2013 Quartier les Carreiros, village de Tanneron ,la sortie est interdite \u00e0 tous v\u00e9hicules de 13 h 30 \u00e0 16 h 00.<br>Parking longue dur\u00e9e du village (les randonneurs) \u2014 sortie interdite de 13 h 30 \u00e0 16 h 00.<br><br>\u2192 La travers\u00e9e du village sera interdite de 10h \u00e0 17h.<br><br>C\u00f4t\u00e9 Pays de Fayence : filtrage \u00e0 \u201cla bosse\u201d : croisement entre les routes RD38 et RD94.<br>Stationnement \u00c9glise\/ \u00e9cole et chemin du P\u00e9ras-uniquement.<br><\/p>\n\n\n\n<figure class=\"wp-block-image size-large is-resized\"><img decoding=\"async\" width=\"746\" height=\"1024\" src=\"https:\/\/capesterelascape.fr\/wp-content\/uploads\/2026\/01\/TANNEON-746x1024.jpg\" data-orig-src=\"https:\/\/capesterelascape.fr\/wp-content\/uploads\/2026\/01\/TANNEON-746x1024.jpg\" alt=\"\" class=\"lazyload wp-image-24987\" style=\"width:500px\" srcset=\"data:image\/svg+xml,%3Csvg%20xmlns%3D%27http%3A%2F%2Fwww.w3.org%2F2000%2Fsvg%27%20width%3D%27746%27%20height%3D%271024%27%20viewBox%3D%270%200%20746%201024%27%3E%3Crect%20width%3D%27746%27%20height%3D%271024%27%20fill-opacity%3D%220%22%2F%3E%3C%2Fsvg%3E\" data-srcset=\"https:\/\/capesterelascape.fr\/wp-content\/uploads\/2026\/01\/TANNEON-50x69.jpg 50w, https:\/\/capesterelascape.fr\/wp-content\/uploads\/2026\/01\/TANNEON-200x275.jpg 200w, https:\/\/capesterelascape.fr\/wp-content\/uploads\/2026\/01\/TANNEON-219x300.jpg 219w, https:\/\/capesterelascape.fr\/wp-content\/uploads\/2026\/01\/TANNEON-400x549.jpg 400w, https:\/\/capesterelascape.fr\/wp-content\/uploads\/2026\/01\/TANNEON-600x824.jpg 600w, https:\/\/capesterelascape.fr\/wp-content\/uploads\/2026\/01\/TANNEON-746x1024.jpg 746w, https:\/\/capesterelascape.fr\/wp-content\/uploads\/2026\/01\/TANNEON-768x1054.jpg 768w, https:\/\/capesterelascape.fr\/wp-content\/uploads\/2026\/01\/TANNEON-800x1098.jpg 800w, https:\/\/capesterelascape.fr\/wp-content\/uploads\/2026\/01\/TANNEON.jpg 907w\" data-sizes=\"auto\" data-orig-sizes=\"(max-width: 746px) 100vw, 746px\" \/><\/figure>\n\n\n\n<figure class=\"wp-block-image size-large\"><img decoding=\"async\" width=\"1024\" height=\"770\" src=\"https:\/\/capesterelascape.fr\/wp-content\/uploads\/2026\/01\/PAT-mimosa-1024x770.jpg\" data-orig-src=\"https:\/\/capesterelascape.fr\/wp-content\/uploads\/2026\/01\/PAT-mimosa-1024x770.jpg\" alt=\"\" class=\"lazyload wp-image-24991\" srcset=\"data:image\/svg+xml,%3Csvg%20xmlns%3D%27http%3A%2F%2Fwww.w3.org%2F2000%2Fsvg%27%20width%3D%271024%27%20height%3D%27770%27%20viewBox%3D%270%200%201024%20770%27%3E%3Crect%20width%3D%271024%27%20height%3D%27770%27%20fill-opacity%3D%220%22%2F%3E%3C%2Fsvg%3E\" data-srcset=\"https:\/\/capesterelascape.fr\/wp-content\/uploads\/2026\/01\/PAT-mimosa-50x38.jpg 50w, https:\/\/capesterelascape.fr\/wp-content\/uploads\/2026\/01\/PAT-mimosa-200x150.jpg 200w, https:\/\/capesterelascape.fr\/wp-content\/uploads\/2026\/01\/PAT-mimosa-300x226.jpg 300w, https:\/\/capesterelascape.fr\/wp-content\/uploads\/2026\/01\/PAT-mimosa-400x301.jpg 400w, https:\/\/capesterelascape.fr\/wp-content\/uploads\/2026\/01\/PAT-mimosa-600x451.jpg 600w, https:\/\/capesterelascape.fr\/wp-content\/uploads\/2026\/01\/PAT-mimosa-768x577.jpg 768w, https:\/\/capesterelascape.fr\/wp-content\/uploads\/2026\/01\/PAT-mimosa-800x602.jpg 800w, https:\/\/capesterelascape.fr\/wp-content\/uploads\/2026\/01\/PAT-mimosa-1024x770.jpg 1024w, https:\/\/capesterelascape.fr\/wp-content\/uploads\/2026\/01\/PAT-mimosa-1200x902.jpg 1200w, https:\/\/capesterelascape.fr\/wp-content\/uploads\/2026\/01\/PAT-mimosa-1536x1155.jpg 1536w, https:\/\/capesterelascape.fr\/wp-content\/uploads\/2026\/01\/PAT-mimosa.jpg 1600w\" data-sizes=\"auto\" data-orig-sizes=\"(max-width: 1024px) 100vw, 1024px\" \/><figcaption class=\"wp-element-caption\">Photo Patrick COLOMBET 12\/2025<\/figcaption><\/figure>\n","protected":false},"featured_media":24995,"comment_status":"closed","ping_status":"closed","template":"","touring_information_type":[35],"class_list":["post-24982","touring_information","type-touring_information","status-publish","has-post-thumbnail","hentry","touring_information_type-cap-esterel-et-ses-alentours"],"acf":[],"yoast_head":"<!-- This site is optimized with the Yoast SEO plugin v27.2 - https:\/\/yoast.com\/product\/yoast-seo-wordpress\/ -->\n<title>25 janvier 2026 : TANNERON \/ F\u00eate du Mimosa - CAP ESTEREL ASCAPE<\/title>\n<meta name=\"robots\" content=\"index, follow, max-snippet:-1, max-image-preview:large, max-video-preview:-1\" \/>\n<link rel=\"canonical\" href=\"https:\/\/capesterelascape.fr\/en\/culture-et-loisirs\/25-janvier-2026-tanneron-fete-du-mimosa\/\" \/>\n<meta property=\"og:locale\" content=\"en_US\" \/>\n<meta property=\"og:type\" content=\"article\" \/>\n<meta property=\"og:title\" content=\"25 janvier 2026 : TANNERON \/ F\u00eate du Mimosa - CAP ESTEREL ASCAPE\" \/>\n<meta property=\"og:description\" content=\"AU PROGRAMME\u00a0:9 h 00-10 h 00 : messe \u00e0 l&#8217;\u00e9glise [...]\" \/>\n<meta property=\"og:url\" content=\"https:\/\/capesterelascape.fr\/en\/culture-et-loisirs\/25-janvier-2026-tanneron-fete-du-mimosa\/\" \/>\n<meta property=\"og:site_name\" content=\"CAP ESTEREL ASCAPE\" \/>\n<meta property=\"article:publisher\" content=\"https:\/\/www.facebook.com\/capesterel.ascape.7\" \/>\n<meta property=\"article:modified_time\" content=\"2026-01-11T15:33:19+00:00\" \/>\n<meta property=\"og:image\" content=\"https:\/\/capesterelascape.fr\/wp-content\/uploads\/2026\/01\/Cv-TANNERON.jpg\" \/>\n\t<meta property=\"og:image:width\" content=\"550\" \/>\n\t<meta property=\"og:image:height\" content=\"330\" \/>\n\t<meta property=\"og:image:type\" content=\"image\/jpeg\" \/>\n<meta name=\"twitter:card\" content=\"summary_large_image\" \/>\n<meta name=\"twitter:label1\" content=\"Est. reading time\" \/>\n\t<meta name=\"twitter:data1\" content=\"3 minutes\" \/>\n<script type=\"application\/ld+json\" class=\"yoast-schema-graph\">{\"@context\":\"https:\/\/schema.org\",\"@graph\":[{\"@type\":\"WebPage\",\"@id\":\"https:\/\/capesterelascape.fr\/en\/culture-et-loisirs\/25-janvier-2026-tanneron-fete-du-mimosa\/\",\"url\":\"https:\/\/capesterelascape.fr\/en\/culture-et-loisirs\/25-janvier-2026-tanneron-fete-du-mimosa\/\",\"name\":\"25 janvier 2026 : TANNERON \/ F\u00eate du Mimosa - CAP ESTEREL ASCAPE\",\"isPartOf\":{\"@id\":\"https:\/\/capesterelascape.fr\/en\/#website\"},\"primaryImageOfPage\":{\"@id\":\"https:\/\/capesterelascape.fr\/en\/culture-et-loisirs\/25-janvier-2026-tanneron-fete-du-mimosa\/#primaryimage\"},\"image\":{\"@id\":\"https:\/\/capesterelascape.fr\/en\/culture-et-loisirs\/25-janvier-2026-tanneron-fete-du-mimosa\/#primaryimage\"},\"thumbnailUrl\":\"https:\/\/capesterelascape.fr\/wp-content\/uploads\/2026\/01\/Cv-TANNERON.jpg\",\"datePublished\":\"2026-01-11T15:33:18+00:00\",\"dateModified\":\"2026-01-11T15:33:19+00:00\",\"breadcrumb\":{\"@id\":\"https:\/\/capesterelascape.fr\/en\/culture-et-loisirs\/25-janvier-2026-tanneron-fete-du-mimosa\/#breadcrumb\"},\"inLanguage\":\"en-US\",\"potentialAction\":[{\"@type\":\"ReadAction\",\"target\":[\"https:\/\/capesterelascape.fr\/en\/culture-et-loisirs\/25-janvier-2026-tanneron-fete-du-mimosa\/\"]}]},{\"@type\":\"ImageObject\",\"inLanguage\":\"en-US\",\"@id\":\"https:\/\/capesterelascape.fr\/en\/culture-et-loisirs\/25-janvier-2026-tanneron-fete-du-mimosa\/#primaryimage\",\"url\":\"https:\/\/capesterelascape.fr\/wp-content\/uploads\/2026\/01\/Cv-TANNERON.jpg\",\"contentUrl\":\"https:\/\/capesterelascape.fr\/wp-content\/uploads\/2026\/01\/Cv-TANNERON.jpg\",\"width\":550,\"height\":330},{\"@type\":\"BreadcrumbList\",\"@id\":\"https:\/\/capesterelascape.fr\/en\/culture-et-loisirs\/25-janvier-2026-tanneron-fete-du-mimosa\/#breadcrumb\",\"itemListElement\":[{\"@type\":\"ListItem\",\"position\":1,\"name\":\"Accueil\",\"item\":\"https:\/\/capesterelascape.fr\/en\/\"},{\"@type\":\"ListItem\",\"position\":2,\"name\":\"Culture & Leisure\",\"item\":\"https:\/\/capesterelascape.fr\/en\/culture-et-loisirs\/\"},{\"@type\":\"ListItem\",\"position\":3,\"name\":\"25 janvier 2026 : TANNERON \/ F\u00eate du Mimosa\"}]},{\"@type\":\"WebSite\",\"@id\":\"https:\/\/capesterelascape.fr\/en\/#website\",\"url\":\"https:\/\/capesterelascape.fr\/en\/\",\"name\":\"CAP ESTEREL ASCAPE\",\"description\":\"\",\"potentialAction\":[{\"@type\":\"SearchAction\",\"target\":{\"@type\":\"EntryPoint\",\"urlTemplate\":\"https:\/\/capesterelascape.fr\/en\/?s={search_term_string}\"},\"query-input\":{\"@type\":\"PropertyValueSpecification\",\"valueRequired\":true,\"valueName\":\"search_term_string\"}}],\"inLanguage\":\"en-US\"}]}<\/script>\n<!-- \/ Yoast SEO plugin. -->","yoast_head_json":{"title":"25 janvier 2026 : TANNERON \/ F\u00eate du Mimosa - CAP ESTEREL ASCAPE","robots":{"index":"index","follow":"follow","max-snippet":"max-snippet:-1","max-image-preview":"max-image-preview:large","max-video-preview":"max-video-preview:-1"},"canonical":"https:\/\/capesterelascape.fr\/en\/culture-et-loisirs\/25-janvier-2026-tanneron-fete-du-mimosa\/","og_locale":"en_US","og_type":"article","og_title":"25 janvier 2026 : TANNERON \/ F\u00eate du Mimosa - CAP ESTEREL ASCAPE","og_description":"AU PROGRAMME\u00a0:9 h 00-10 h 00 : messe \u00e0 l&#8217;\u00e9glise [...]","og_url":"https:\/\/capesterelascape.fr\/en\/culture-et-loisirs\/25-janvier-2026-tanneron-fete-du-mimosa\/","og_site_name":"CAP ESTEREL ASCAPE","article_publisher":"https:\/\/www.facebook.com\/capesterel.ascape.7","article_modified_time":"2026-01-11T15:33:19+00:00","og_image":[{"width":550,"height":330,"url":"https:\/\/capesterelascape.fr\/wp-content\/uploads\/2026\/01\/Cv-TANNERON.jpg","type":"image\/jpeg"}],"twitter_card":"summary_large_image","twitter_misc":{"Est. reading time":"3 minutes"},"schema":{"@context":"https:\/\/schema.org","@graph":[{"@type":"WebPage","@id":"https:\/\/capesterelascape.fr\/en\/culture-et-loisirs\/25-janvier-2026-tanneron-fete-du-mimosa\/","url":"https:\/\/capesterelascape.fr\/en\/culture-et-loisirs\/25-janvier-2026-tanneron-fete-du-mimosa\/","name":"25 janvier 2026 : TANNERON \/ F\u00eate du Mimosa - CAP ESTEREL ASCAPE","isPartOf":{"@id":"https:\/\/capesterelascape.fr\/en\/#website"},"primaryImageOfPage":{"@id":"https:\/\/capesterelascape.fr\/en\/culture-et-loisirs\/25-janvier-2026-tanneron-fete-du-mimosa\/#primaryimage"},"image":{"@id":"https:\/\/capesterelascape.fr\/en\/culture-et-loisirs\/25-janvier-2026-tanneron-fete-du-mimosa\/#primaryimage"},"thumbnailUrl":"https:\/\/capesterelascape.fr\/wp-content\/uploads\/2026\/01\/Cv-TANNERON.jpg","datePublished":"2026-01-11T15:33:18+00:00","dateModified":"2026-01-11T15:33:19+00:00","breadcrumb":{"@id":"https:\/\/capesterelascape.fr\/en\/culture-et-loisirs\/25-janvier-2026-tanneron-fete-du-mimosa\/#breadcrumb"},"inLanguage":"en-US","potentialAction":[{"@type":"ReadAction","target":["https:\/\/capesterelascape.fr\/en\/culture-et-loisirs\/25-janvier-2026-tanneron-fete-du-mimosa\/"]}]},{"@type":"ImageObject","inLanguage":"en-US","@id":"https:\/\/capesterelascape.fr\/en\/culture-et-loisirs\/25-janvier-2026-tanneron-fete-du-mimosa\/#primaryimage","url":"https:\/\/capesterelascape.fr\/wp-content\/uploads\/2026\/01\/Cv-TANNERON.jpg","contentUrl":"https:\/\/capesterelascape.fr\/wp-content\/uploads\/2026\/01\/Cv-TANNERON.jpg","width":550,"height":330},{"@type":"BreadcrumbList","@id":"https:\/\/capesterelascape.fr\/en\/culture-et-loisirs\/25-janvier-2026-tanneron-fete-du-mimosa\/#breadcrumb","itemListElement":[{"@type":"ListItem","position":1,"name":"Accueil","item":"https:\/\/capesterelascape.fr\/en\/"},{"@type":"ListItem","position":2,"name":"Culture & Leisure","item":"https:\/\/capesterelascape.fr\/en\/culture-et-loisirs\/"},{"@type":"ListItem","position":3,"name":"25 janvier 2026 : TANNERON \/ F\u00eate du Mimosa"}]},{"@type":"WebSite","@id":"https:\/\/capesterelascape.fr\/en\/#website","url":"https:\/\/capesterelascape.fr\/en\/","name":"CAP ESTEREL ASCAPE","description":"","potentialAction":[{"@type":"SearchAction","target":{"@type":"EntryPoint","urlTemplate":"https:\/\/capesterelascape.fr\/en\/?s={search_term_string}"},"query-input":{"@type":"PropertyValueSpecification","valueRequired":true,"valueName":"search_term_string"}}],"inLanguage":"en-US"}]}},"_links":{"self":[{"href":"https:\/\/capesterelascape.fr\/en\/wp-json\/wp\/v2\/touring_information\/24982","targetHints":{"allow":["GET"]}}],"collection":[{"href":"https:\/\/capesterelascape.fr\/en\/wp-json\/wp\/v2\/touring_information"}],"about":[{"href":"https:\/\/capesterelascape.fr\/en\/wp-json\/wp\/v2\/types\/touring_information"}],"replies":[{"embeddable":true,"href":"https:\/\/capesterelascape.fr\/en\/wp-json\/wp\/v2\/comments?post=24982"}],"wp:featuredmedia":[{"embeddable":true,"href":"https:\/\/capesterelascape.fr\/en\/wp-json\/wp\/v2\/media\/24995"}],"wp:attachment":[{"href":"https:\/\/capesterelascape.fr\/en\/wp-json\/wp\/v2\/media?parent=24982"}],"wp:term":[{"taxonomy":"touring_information_type","embeddable":true,"href":"https:\/\/capesterelascape.fr\/en\/wp-json\/wp\/v2\/touring_information_type?post=24982"}],"curies":[{"name":"wp","href":"https:\/\/api.w.org\/{rel}","templated":true}]}}